{"id":966,"date":"2024-07-03T15:35:09","date_gmt":"2024-07-03T20:35:09","guid":{"rendered":"https:\/\/fundacioncaballitodemar.org.co\/?page_id=966"},"modified":"2025-03-18T16:20:22","modified_gmt":"2025-03-18T21:20:22","slug":"termales-nuqui","status":"publish","type":"page","link":"https:\/\/fundacioncaballitodemar.org.co\/?page_id=966","title":{"rendered":"Termales-Nuqu\u00ed, Choc\u00f3."},"content":{"rendered":"\n<h2 class=\"wp-block-heading\">Resumen Diagn\u00f3stico Termales-Nuqu\u00ed, Choc\u00f3, Colombia<\/h2>\n\n\n\n<figure class=\"wp-block-embed is-type-video is-provider-youtube wp-block-embed-youtube wp-embed-aspect-16-9 wp-has-aspect-ratio\"><div class=\"wp-block-embed__wrapper\">\n<iframe loading=\"lazy\" title=\"DOCUMENTAL FINAL REF  NUQUI\u0301 14 al 17 MARZO DE 2024\" width=\"640\" height=\"360\" src=\"https:\/\/www.youtube.com\/embed\/CjGkh_eoK5k?feature=oembed\" frameborder=\"0\" allow=\"accelerometer; autoplay; clipboard-write; encrypted-media; gyroscope; picture-in-picture; web-share\" referrerpolicy=\"strict-origin-when-cross-origin\" allowfullscreen><\/iframe>\n<\/div><\/figure>\n\n\n\n<hr class=\"wp-block-separator has-alpha-channel-opacity\"\/>\n\n\n\n<div style=\"height:30px\" aria-hidden=\"true\" class=\"wp-block-spacer\"><\/div>\n\n\n\n<h2 class=\"wp-block-heading has-text-align-center\">Brigadas Realizadas en Termales-Nuqu\u00ed por la Fundaci\u00f3n Caballito de Mar<\/h2>\n\n\n\n<p><\/p>\n\n\n\n<h3 class=\"wp-block-heading has-text-align-center has-black-color has-text-color has-link-color wp-elements-f7ea028df44316b4a0b96444bb93c404\">Informe Brigada Termales-Nuqu\u00ed-Choc\u00f3 Noviembre 6 al 10 de 2024<\/h3>\n\n\n\n<p><strong>Corregimientos de Termales, Job\u00ed, Arus\u00ed, Coqu\u00ed y Partad\u00f3<br>Noviembre 6 al 10, 2024<\/strong><\/p>\n\n\n\n<p><strong>Introducci\u00f3n<\/strong><\/p>\n\n\n\n<p>En respuesta a una solicitud de las organizaciones comunitarias del municipio de <strong>Nuqu\u00ed, Choc\u00f3, la Fundaci\u00f3n Caballito de Mar <\/strong>particip\u00f3 en una <strong>jornada de salud integral<\/strong> dirigida a mejorar el acceso a servicios m\u00e9dicos en los corregimientos de <strong>Termales, Job\u00ed, Arus\u00ed, Coqu\u00ed y Partad\u00f3.<\/strong> Esta intervenci\u00f3n, realizada del <strong>6 al 10 de noviembre de 2024<\/strong>, tuvo como objetivo identificar las condiciones de salud de la poblaci\u00f3n y brindar atenci\u00f3n m\u00e9dica primaria.<\/p>\n\n\n\n<p>El evento cont\u00f3 con la participaci\u00f3n de un equipo multidisciplinario en <strong>medicina general, psicolog\u00eda, fisioterapia, odontolog\u00eda, ginecolog\u00eda, pediatr\u00eda, medicina interna y dermatolog\u00eda<\/strong>, con el apoyo log\u00edstico de <strong>14 lideresas comunitarias<\/strong> del sector. Gracias a esta labor, se logr\u00f3 atender a <strong>407 personas<\/strong>, acumulando un total de <strong>696 atenciones m\u00e9dicas<\/strong>.<\/p>\n\n\n\n<p>\u2e3b<\/p>\n\n\n\n<p><strong>Resultados Principales<\/strong><\/p>\n\n\n\n<ol class=\"wp-block-list\">\n<li><strong>Caracter\u00edsticas Sociodemogr\u00e1ficas<\/strong><br><strong>\u2022 Poblaci\u00f3n atendida<\/strong>: 407 personas.<br><strong>\u2022 G\u00e9nero<\/strong>: 62.9% femenino.<br><strong>\u2022 Grupo \u00e9tnico<\/strong>: 90% afrocolombianos.<br><strong>\u2022 Edad promedio<\/strong>: 40.6 a\u00f1os.<br><strong>\u2022 Nivel educativo predominante<\/strong>: Primaria (40%).<br><strong>\u2022 Ocupaci\u00f3n<\/strong>: Estudiantes (40%), amas de casa (28%) y oficios varios (11.5%).<\/li>\n\n\n\n<li><strong>Principales Diagn\u00f3sticos y Problem\u00e1ticas de Salud<\/strong><br><strong>\u2022 Solo el 3.3%<\/strong> de los atendidos no presentaba alteraciones de salud.<br><strong>\u2022 Problemas odontol\u00f3gicos<\/strong>: Alta prevalencia de caries, restos radiculares y necesidad de exodoncias, debido a la falta de acceso a servicios de odontolog\u00eda preventiva.<br><strong>\u2022 Salud sexual y reproductiva<\/strong>: Numerosas consultas para retiro de anticoncepci\u00f3n subd\u00e9rmica vencida y realizaci\u00f3n de citolog\u00edas cervicovaginales.<br><strong>\u2022 Malnutrici\u00f3n<\/strong>: 56% de los atendidos presentaban alteraciones del peso corporal (24% bajo peso y 32% sobrepeso u obesidad). Se detectaron 7 casos de desnutrici\u00f3n, principalmente en ni\u00f1os ind\u00edgenas.<br><strong>\u2022 Condiciones dermatol\u00f3gicas y oftalmol\u00f3gicas<\/strong>: Relacionadas con las altas temperaturas y la humedad del entorno.<br><strong>\u2022 Hipertensi\u00f3n arterial:<\/strong> Menor prevalencia en comparaci\u00f3n con el promedio departamental, probablemente por la baja proporci\u00f3n de pacientes mayores de 40 a\u00f1os.<\/li>\n<\/ol>\n\n\n\n<p>\u2e3b<\/p>\n\n\n\n<p><strong>Conclusiones y Recomendaciones<\/strong><br><strong>1. Acceso a la salud<\/strong>:<br>\u2022 A pesar de que m\u00e1s del 90% de la poblaci\u00f3n est\u00e1 afiliada a Comfachoc\u00f3, <strong>no existen puestos de salud en los corregimientos<\/strong>, obligando a los habitantes a trasladarse por v\u00eda mar\u00edtima hasta Nuqu\u00ed para recibir atenci\u00f3n b\u00e1sica.<br>2. <strong>Atenci\u00f3n prioritaria a enfermedades prevalentes<\/strong>:<br>\u2022 Se requiere fortalecer los servicios de <strong>odontolog\u00eda preventiva<\/strong>, acceso a m\u00e9todos anticonceptivos y atenci\u00f3n especializada en nutrici\u00f3n.<br>\u2022 Es necesario hacer <strong>seguimiento al riesgo cardiovascular<\/strong>, dado que las enfermedades circulatorias son la principal causa de mortalidad en la regi\u00f3n.<br>3. <strong>Reforzar la atenci\u00f3n en salud visual y mental<\/strong>:<br>\u2022 Se recomienda incluir <strong>optometr\u00eda, oftalmolog\u00eda, psicolog\u00eda y psiquiatr\u00eda <\/strong>en futuras jornadas, ya que muchas consultas en estas \u00e1reas no pudieron resolverse.<br>4. <strong>Capacitaci\u00f3n de agentes comunitarios de salud:<\/strong><br>\u2022 Se propone desarrollar un<strong> diplomado para formar lideresas comunitarias<\/strong> como <strong>Agentes Comunitarias en Salud<\/strong>, permiti\u00e9ndoles realizar acciones de promoci\u00f3n y prevenci\u00f3n de enfermedades.<br>5. <strong>Diagn\u00f3stico y planificaci\u00f3n territorial<\/strong>:<br>\u2022 Es clave realizar un <strong>diagn\u00f3stico participativo<\/strong> que permita dise\u00f1ar estrategias adaptadas a las necesidades espec\u00edficas de cada corregimiento.<br>6. <strong>Mejorar la log\u00edstica para mayor cobertura:<\/strong><br>\u2022 Factores clim\u00e1ticos y geogr\u00e1ficos limitaron la asistencia de habitantes de otros corregimientos. Es fundamental planificar soluciones que permitan un <strong>mayor alcance en futuras brigadas.<\/strong><\/p>\n\n\n\n<p>\u2e3b<\/p>\n\n\n\n<h5 class=\"wp-block-heading has-text-align-center\">Tabla No. 1. Diagn\u00f3sticos por persona atendida, jornada de salud.<\/h5>\n\n\n\n<div id=\"section-g-00uk7z0\" class=\"wp-block-gutentor-e6 section-g-00uk7z0 gutentor-element gutentor-element-image text-align-center-desktop\"><div class=\"gutentor-element-image-box\"><div class=\"gutentor-image-thumb\"><img decoding=\"async\" class=\"normal-image\" src=\"https:\/\/fundacioncaballitodemar.org.co\/wp-content\/uploads\/2025\/03\/Imagen-2-1.png\" \/><\/div><\/div><\/div>\n\n\n\n<hr class=\"wp-block-separator has-alpha-channel-opacity\"\/>\n\n\n\n<p><strong>Conclusi\u00f3n Final<\/strong><\/p>\n\n\n\n<p>La jornada de salud en Nuqu\u00ed represent\u00f3 un <strong>gran avance<\/strong> en la identificaci\u00f3n de problem\u00e1ticas de salud y en la prestaci\u00f3n de atenci\u00f3n m\u00e9dica a comunidades con acceso limitado a estos servicios. Sin embargo, se evidencian <strong>importantes brechas en la infraestructura y en la disponibilidad de atenci\u00f3n continua. La Fundaci\u00f3n Caballito de Mar<\/strong> reafirma su compromiso con el bienestar de estas comunidades y seguir\u00e1 trabajando en estrategias para mejorar el acceso a la salud en la regi\u00f3n.<\/p>\n\n\n\n<div class=\"wp-block-columns is-layout-flex wp-container-core-columns-is-layout-1 wp-block-columns-is-layout-flex\">\n<div class=\"wp-block-column is-layout-flow wp-block-column-is-layout-flow\" style=\"flex-basis:50%\">\n<div id=\"section-g-kl2u1yl\" class=\"wp-block-gutentor-e6 section-g-kl2u1yl gutentor-element gutentor-element-image\"><div class=\"gutentor-element-image-box\"><div class=\"gutentor-image-thumb\"><img decoding=\"async\" class=\"normal-image\" src=\"https:\/\/fundacioncaballitodemar.org.co\/wp-content\/uploads\/2025\/03\/Imagen-1-1.png\" \/><\/div><\/div><\/div>\n<\/div>\n\n\n\n<div class=\"wp-block-column is-layout-flow wp-block-column-is-layout-flow\" style=\"flex-basis:50%\">\n<div id=\"section-g-lmugejg\" class=\"wp-block-gutentor-e6 section-g-lmugejg gutentor-element gutentor-element-image\"><div class=\"gutentor-element-image-box\"><div class=\"gutentor-image-thumb\"><img decoding=\"async\" class=\"normal-image\" src=\"https:\/\/fundacioncaballitodemar.org.co\/wp-content\/uploads\/2025\/03\/Imagen-3-1.png\" \/><\/div><\/div><\/div>\n<\/div>\n<\/div>\n\n\n\n<div class=\"wp-block-columns is-layout-flex wp-container-core-columns-is-layout-2 wp-block-columns-is-layout-flex\">\n<div class=\"wp-block-column is-layout-flow wp-block-column-is-layout-flow\" style=\"flex-basis:50%\">\n<div id=\"section-g-4668j74\" class=\"wp-block-gutentor-e6 section-g-4668j74 gutentor-element gutentor-element-image\"><div class=\"gutentor-element-image-box\"><div class=\"gutentor-image-thumb\"><img decoding=\"async\" class=\"normal-image\" src=\"https:\/\/fundacioncaballitodemar.org.co\/wp-content\/uploads\/2025\/03\/Imagen-4-1.png\" \/><\/div><\/div><\/div>\n<\/div>\n\n\n\n<div class=\"wp-block-column is-layout-flow wp-block-column-is-layout-flow\" style=\"flex-basis:50%\">\n<div id=\"section-g-4cdicfc\" class=\"wp-block-gutentor-e6 section-g-4cdicfc gutentor-element gutentor-element-image\"><div class=\"gutentor-element-image-box\"><div class=\"gutentor-image-thumb\"><img decoding=\"async\" class=\"normal-image\" src=\"https:\/\/fundacioncaballitodemar.org.co\/wp-content\/uploads\/2025\/03\/Imagen-5-1.png\" \/><\/div><\/div><\/div>\n<\/div>\n<\/div>\n\n\n\n<p><strong>Para acceder al tablero de indicadores detallado, puede ingresar en el siguiente enlace<\/strong>:<br><a href=\"https:\/\/app.powerbi.com\/view?r=eyJrIjoiNWFmZTQzZmItZDY3YS00ZmY0LThmZTgtNGMyZWM3MmMwZGE0 IiwidCI6ImVhMGQzZWM3LWNmOWYtNDU1NS05M2ZkLTM3ZjI3NTdjOGYxYSIsImMiOjR9\">\ud83d\udd17 Ver informe interactivo<\/a><\/p>\n\n\n\n<hr class=\"wp-block-separator has-alpha-channel-opacity is-style-wide\"\/>\n\n\n\n<div style=\"height:24px\" aria-hidden=\"true\" class=\"wp-block-spacer\"><\/div>\n\n\n\n<h3 class=\"wp-block-heading has-text-align-center\">Informe Brigada Termales-Nuqu\u00ed-Choc\u00f3 Marzo 14 al 17 de 2024<\/h3>\n\n\n\n<div id=\"section-g-oi31c1q\" class=\"wp-block-gutentor-e1 section-g-oi31c1q gutentor-element gutentor-element-advanced-text\"><div class=\"gutentor-text-wrap\"><p class=\"gutentor-text\"><strong>NOMBRE DE LA ACTIVIDAD PROYECCI\u00d3N SOCIAL: <\/strong> JORNADA DE SALUD MUNICIPIO DE NUQU\u00cd \u2013 CORREGIMIENTO DE TERMALES<br><strong>FECHA:<\/strong> 14 AL 17 MARZO DE 2024<br><br><strong>Nombre de la Misi\u00f3n:<\/strong> Brigada de salud. Nuqu\u00ed \u2013 Corregimiento de Termales<br><strong>Aliados:<\/strong><br>Universidad CES<br>Fundaci\u00f3n Procaps<br>Laboratorios ECAR<br>Searca<br>Env\u00eda Mensajer\u00eda Transportadora<br>El Colombiano<br>Julius Connected 2 Grow<br>Operadores Tur\u00edsticos Nativos de Termales Nuqu\u00ed<br>Fondos propios del Corregimiento de Termales y poblaci\u00f3n (hospedaje y alimentaci\u00f3n)<br>Fundaci\u00f3n Caballito de Mar Recursos propios<br><strong>Objetivo:<\/strong><br>Brindar atenci\u00f3n m\u00e9dica desde diferentes especialidades a la comunidad de Termales y corregimientos cercanos<br>Poder dar conceptos desde medicina especializada para guiar el manejo de enfermedades m\u00e1s complejas<br>Educar a la comunidad sobre las patolog\u00edas m\u00e1s prevalentes y promover estilos de vida saludables y pautas b\u00e1sicas sobre el autocuidado en salud<br>Llevar atenci\u00f3n m\u00e9dica a zonas de dif\u00edcil acceso donde no se cuenta ni siquiera con puestos de salud o profesionales de la salud<br>Abarcar la atenci\u00f3n desde diferentes especialidades articulando un cuidado integral del paciente<br>Poder entregar medicamentos b\u00e1sicos y necesarios seg\u00fan las necesidades de los pacientes y que se obtuvieron de donaciones de fundaciones y personas particulares<br><strong>Tipo de intervenci\u00f3n:<\/strong> Brigada de salud, medicina especializada, educaci\u00f3n, promoci\u00f3n y prevenci\u00f3n, y detecci\u00f3n de patolog\u00edas, diagn\u00f3stico y manejo<br><strong>Lugar de la intervenci\u00f3n: <\/strong> Corregimiento de Termales, Nuqu\u00ed, Choc\u00f3<br><strong>Poblaci\u00f3n beneficiada con el proyecto: <\/strong> Poblaci\u00f3n corregimiento de Termales, as\u00ed como corregimientos aleda\u00f1os como Jovi, Partad\u00f3, Arus\u00ed, Coqu\u00ed<br><strong>N\u00famero de personas beneficiadas: <\/strong>Aproximadamente 800 personas<br><strong>Duraci\u00f3n de la brigada: <\/strong>4 d\u00edas<br><br><br><br><strong>FUNDACI\u00d3N CABALLITO DE MAR CUENTA DE AHORRO<\/strong><br><strong>BANCOLOMBIA No 005-793889-60<\/strong><br><strong>O DALE CLICK AL BOT\u00d3N PARA DONACIONES EN COLOMBIA<\/strong><\/p><\/div><\/div>\n\n\n\n<div id=\"section-g-1emffq9\" class=\"wp-block-gutentor-e2 section-g-1emffq9 gutentor-element gutentor-element-button\"><span class=\"gutentor-button-wrap\"><a class=\"gutentor-button gutentor-block-button gutentor-icon-hide\" href=\"La Fundaci\u00f3n Caballito de Mar est\u00e1 haciendo pruebas de link de Wompi! Queremos saber cu\u00e1nto es lo m\u00ednimo a transferir?\" target=\"_blank\" rel=\" noopener noreferrer\"><i class=\"gutentor-button-icon fas fa-book\"><\/i><span><strong>DONACION<\/strong><\/span><\/a><\/span><\/div>\n\n\n\n<figure class=\"wp-block-image alignleft is-resized\"><img loading=\"lazy\" decoding=\"async\" width=\"263\" height=\"268\" src=\"https:\/\/fundacioncaballitodemar.org.co\/wp-content\/uploads\/2019\/12\/WOMPY-CAMPANA-DONACIONES-Captura-de-pantalla-2024-05-11-a-las-8.49.29-a.-m.png\" alt=\"\" class=\"wp-image-1174\" style=\"width:157px;height:auto\"\/><figcaption class=\"wp-element-caption\"><strong>Escanea Nuestro QR<\/strong><\/figcaption><\/figure>\n\n\n\n<p><\/p>\n\n\n\n<p><\/p>\n\n\n\n<p><\/p>\n\n\n\n<p><\/p>\n\n\n\n<p>Tambi\u00e9n aceptamos PayPal y tarjetas de cr\u00e9dito\/d\u00e9bito.<\/p>\n\n\n\n<div id=\"section-gce25b6\" class=\"wp-block-gutentor-e6 section-gce25b6 gutentor-element gutentor-element-image gutentor-enabled-width\"><div class=\"gutentor-element-image-box\"><a class=\"gutentor-element-image-link\" href=\"https:\/\/fundacioncaballitodemar.org.co\/?give_forms=donation-form\" target=\"_blank\" rel=\" noopener noreferrer\"><div class=\"gutentor-image-thumb\"><img decoding=\"async\" class=\"normal-image\" src=\"https:\/\/fundacioncaballitodemar.org.co\/wp-content\/uploads\/2019\/12\/credit-card-icons-new.png\" \/><\/div><\/a><\/div><\/div>\n\n\n\n<div class=\"wp-block-group alignfull has-global-padding is-layout-constrained wp-block-group-is-layout-constrained\"><\/div>\n","protected":false},"excerpt":{"rendered":"<p>NOMBRE DE LA ACTIVIDAD DE PROYECCI\u00d3N SOCIAL: JORNADA DE SALUD MUNICIPIO DE NUQUI<br \/>\n\u2013 CORREGIMIENTO DE TERMALES<br \/>\nNombre de la Misi\u00f3n:<br \/>\nBrigada de salud. Nuqu\u00ed \u2013 Corregimiento de Termales<br \/>\nPatrocinio:<br \/>\nFundaci\u00f3n Caballito de Mar<br \/>\nSearca<br \/>\nEnv\u00eda transportadora<br \/>\nFundaci\u00f3n Procaps<br \/>\nFondos municipales municipio de Nuqu\u00ed Choc\u00f3<br \/>\nFondos propios del Corregimiento de Termales y su poblaci\u00f3n (hospedaje)<br \/>\nRecursos propios<br \/>\nObjetivo:<br \/>\nBrindar atenci\u00f3n m\u00e9dica desde diferentes especialidades a la comunidad de Termales y<br \/>\ncorregimientos cercanos<br \/>\nPoder dar conceptos desde medicina especializada para guiar el manejo de enfermedades<br \/>\nm\u00e1s complejas<\/p>\n","protected":false},"author":1,"featured_media":0,"parent":0,"menu_order":0,"comment_status":"closed","ping_status":"closed","template":"","meta":{"give_campaign_id":0,"footnotes":""},"class_list":["post-966","page","type-page","status-publish","hentry"],"yoast_head":"<!-- This site is optimized with the Yoast SEO plugin v26.4 - https:\/\/yoast.com\/wordpress\/plugins\/seo\/ -->\n<title>Termales-Nuqu\u00ed, Choc\u00f3. - Fundacion Caballito de Mar<\/title>\n<meta name=\"robots\" content=\"index, follow, max-snippet:-1, max-image-preview:large, max-video-preview:-1\" \/>\n<link rel=\"canonical\" href=\"https:\/\/fundacioncaballitodemar.org.co\/?page_id=966\" \/>\n<meta property=\"og:locale\" content=\"es_ES\" \/>\n<meta property=\"og:type\" content=\"article\" \/>\n<meta property=\"og:title\" content=\"Termales-Nuqu\u00ed, Choc\u00f3. - Fundacion Caballito de Mar\" \/>\n<meta property=\"og:description\" content=\"NOMBRE DE LA ACTIVIDAD DE PROYECCI\u00d3N SOCIAL: JORNADA DE SALUD MUNICIPIO DE NUQUI \u2013 CORREGIMIENTO DE TERMALES Nombre de la Misi\u00f3n: Brigada de salud. Nuqu\u00ed \u2013 Corregimiento de Termales Patrocinio: Fundaci\u00f3n Caballito de Mar Searca Env\u00eda transportadora Fundaci\u00f3n Procaps Fondos municipales municipio de Nuqu\u00ed Choc\u00f3 Fondos propios del Corregimiento de Termales y su poblaci\u00f3n (hospedaje) Recursos propios Objetivo: Brindar atenci\u00f3n m\u00e9dica desde diferentes especialidades a la comunidad de Termales y corregimientos cercanos Poder dar conceptos desde medicina especializada para guiar el manejo de enfermedades m\u00e1s complejas\" \/>\n<meta property=\"og:url\" content=\"https:\/\/fundacioncaballitodemar.org.co\/?page_id=966\" \/>\n<meta property=\"og:site_name\" content=\"Fundacion Caballito de Mar\" \/>\n<meta property=\"article:publisher\" content=\"https:\/\/www.facebook.com\/FundacionCaballitodeMar\" \/>\n<meta property=\"article:modified_time\" content=\"2025-03-18T21:20:22+00:00\" \/>\n<meta property=\"og:image\" content=\"https:\/\/fundacioncaballitodemar.org.co\/wp-content\/uploads\/2025\/03\/Imagen-2-1.png\" \/>\n<meta name=\"twitter:card\" content=\"summary_large_image\" \/>\n<meta name=\"twitter:label1\" content=\"Tiempo de lectura\" \/>\n\t<meta name=\"twitter:data1\" content=\"6 minutos\" \/>\n<script type=\"application\/ld+json\" class=\"yoast-schema-graph\">{\"@context\":\"https:\/\/schema.org\",\"@graph\":[{\"@type\":\"WebPage\",\"@id\":\"https:\/\/fundacioncaballitodemar.org.co\/?page_id=966\",\"url\":\"https:\/\/fundacioncaballitodemar.org.co\/?page_id=966\",\"name\":\"Termales-Nuqu\u00ed, Choc\u00f3. - Fundacion Caballito de Mar\",\"isPartOf\":{\"@id\":\"https:\/\/fundacioncaballitodemar.org.co\/#website\"},\"primaryImageOfPage\":{\"@id\":\"https:\/\/fundacioncaballitodemar.org.co\/?page_id=966#primaryimage\"},\"image\":{\"@id\":\"https:\/\/fundacioncaballitodemar.org.co\/?page_id=966#primaryimage\"},\"thumbnailUrl\":\"https:\/\/fundacioncaballitodemar.org.co\/wp-content\/uploads\/2025\/03\/Imagen-2-1.png\",\"datePublished\":\"2024-07-03T20:35:09+00:00\",\"dateModified\":\"2025-03-18T21:20:22+00:00\",\"breadcrumb\":{\"@id\":\"https:\/\/fundacioncaballitodemar.org.co\/?page_id=966#breadcrumb\"},\"inLanguage\":\"es\",\"potentialAction\":[{\"@type\":\"ReadAction\",\"target\":[\"https:\/\/fundacioncaballitodemar.org.co\/?page_id=966\"]}]},{\"@type\":\"ImageObject\",\"inLanguage\":\"es\",\"@id\":\"https:\/\/fundacioncaballitodemar.org.co\/?page_id=966#primaryimage\",\"url\":\"https:\/\/fundacioncaballitodemar.org.co\/wp-content\/uploads\/2025\/03\/Imagen-2-1.png\",\"contentUrl\":\"https:\/\/fundacioncaballitodemar.org.co\/wp-content\/uploads\/2025\/03\/Imagen-2-1.png\",\"width\":645,\"height\":352},{\"@type\":\"BreadcrumbList\",\"@id\":\"https:\/\/fundacioncaballitodemar.org.co\/?page_id=966#breadcrumb\",\"itemListElement\":[{\"@type\":\"ListItem\",\"position\":1,\"name\":\"Portada\",\"item\":\"https:\/\/fundacioncaballitodemar.org.co\/\"},{\"@type\":\"ListItem\",\"position\":2,\"name\":\"Termales-Nuqu\u00ed, Choc\u00f3.\"}]},{\"@type\":\"WebSite\",\"@id\":\"https:\/\/fundacioncaballitodemar.org.co\/#website\",\"url\":\"https:\/\/fundacioncaballitodemar.org.co\/\",\"name\":\"Fundacion Caballito de Mar\",\"description\":\"Fundacion Sin Animo de Lucro\",\"publisher\":{\"@id\":\"https:\/\/fundacioncaballitodemar.org.co\/#organization\"},\"potentialAction\":[{\"@type\":\"SearchAction\",\"target\":{\"@type\":\"EntryPoint\",\"urlTemplate\":\"https:\/\/fundacioncaballitodemar.org.co\/?s={search_term_string}\"},\"query-input\":{\"@type\":\"PropertyValueSpecification\",\"valueRequired\":true,\"valueName\":\"search_term_string\"}}],\"inLanguage\":\"es\"},{\"@type\":\"Organization\",\"@id\":\"https:\/\/fundacioncaballitodemar.org.co\/#organization\",\"name\":\"Fundacion Caballito de Mar\",\"url\":\"https:\/\/fundacioncaballitodemar.org.co\/\",\"logo\":{\"@type\":\"ImageObject\",\"inLanguage\":\"es\",\"@id\":\"https:\/\/fundacioncaballitodemar.org.co\/#\/schema\/logo\/image\/\",\"url\":\"https:\/\/fundacioncaballitodemar.org.co\/wp-content\/uploads\/2024\/04\/cropped-logo-caballito-sin-fondo-1.png\",\"contentUrl\":\"https:\/\/fundacioncaballitodemar.org.co\/wp-content\/uploads\/2024\/04\/cropped-logo-caballito-sin-fondo-1.png\",\"width\":301,\"height\":462,\"caption\":\"Fundacion Caballito de Mar\"},\"image\":{\"@id\":\"https:\/\/fundacioncaballitodemar.org.co\/#\/schema\/logo\/image\/\"},\"sameAs\":[\"https:\/\/www.facebook.com\/FundacionCaballitodeMar\",\"https:\/\/www.youtube.com\/@fundacioncaballitodemar1051\",\"https:\/\/www.instagram.com\/fundacioncaballitodemar\/\"]}]}<\/script>\n<!-- \/ Yoast SEO plugin. -->","yoast_head_json":{"title":"Termales-Nuqu\u00ed, Choc\u00f3. - Fundacion Caballito de Mar","robots":{"index":"index","follow":"follow","max-snippet":"max-snippet:-1","max-image-preview":"max-image-preview:large","max-video-preview":"max-video-preview:-1"},"canonical":"https:\/\/fundacioncaballitodemar.org.co\/?page_id=966","og_locale":"es_ES","og_type":"article","og_title":"Termales-Nuqu\u00ed, Choc\u00f3. - Fundacion Caballito de Mar","og_description":"NOMBRE DE LA ACTIVIDAD DE PROYECCI\u00d3N SOCIAL: JORNADA DE SALUD MUNICIPIO DE NUQUI \u2013 CORREGIMIENTO DE TERMALES Nombre de la Misi\u00f3n: Brigada de salud. Nuqu\u00ed \u2013 Corregimiento de Termales Patrocinio: Fundaci\u00f3n Caballito de Mar Searca Env\u00eda transportadora Fundaci\u00f3n Procaps Fondos municipales municipio de Nuqu\u00ed Choc\u00f3 Fondos propios del Corregimiento de Termales y su poblaci\u00f3n (hospedaje) Recursos propios Objetivo: Brindar atenci\u00f3n m\u00e9dica desde diferentes especialidades a la comunidad de Termales y corregimientos cercanos Poder dar conceptos desde medicina especializada para guiar el manejo de enfermedades m\u00e1s complejas","og_url":"https:\/\/fundacioncaballitodemar.org.co\/?page_id=966","og_site_name":"Fundacion Caballito de Mar","article_publisher":"https:\/\/www.facebook.com\/FundacionCaballitodeMar","article_modified_time":"2025-03-18T21:20:22+00:00","og_image":[{"url":"https:\/\/fundacioncaballitodemar.org.co\/wp-content\/uploads\/2025\/03\/Imagen-2-1.png","type":"","width":"","height":""}],"twitter_card":"summary_large_image","twitter_misc":{"Tiempo de lectura":"6 minutos"},"schema":{"@context":"https:\/\/schema.org","@graph":[{"@type":"WebPage","@id":"https:\/\/fundacioncaballitodemar.org.co\/?page_id=966","url":"https:\/\/fundacioncaballitodemar.org.co\/?page_id=966","name":"Termales-Nuqu\u00ed, Choc\u00f3. - Fundacion Caballito de Mar","isPartOf":{"@id":"https:\/\/fundacioncaballitodemar.org.co\/#website"},"primaryImageOfPage":{"@id":"https:\/\/fundacioncaballitodemar.org.co\/?page_id=966#primaryimage"},"image":{"@id":"https:\/\/fundacioncaballitodemar.org.co\/?page_id=966#primaryimage"},"thumbnailUrl":"https:\/\/fundacioncaballitodemar.org.co\/wp-content\/uploads\/2025\/03\/Imagen-2-1.png","datePublished":"2024-07-03T20:35:09+00:00","dateModified":"2025-03-18T21:20:22+00:00","breadcrumb":{"@id":"https:\/\/fundacioncaballitodemar.org.co\/?page_id=966#breadcrumb"},"inLanguage":"es","potentialAction":[{"@type":"ReadAction","target":["https:\/\/fundacioncaballitodemar.org.co\/?page_id=966"]}]},{"@type":"ImageObject","inLanguage":"es","@id":"https:\/\/fundacioncaballitodemar.org.co\/?page_id=966#primaryimage","url":"https:\/\/fundacioncaballitodemar.org.co\/wp-content\/uploads\/2025\/03\/Imagen-2-1.png","contentUrl":"https:\/\/fundacioncaballitodemar.org.co\/wp-content\/uploads\/2025\/03\/Imagen-2-1.png","width":645,"height":352},{"@type":"BreadcrumbList","@id":"https:\/\/fundacioncaballitodemar.org.co\/?page_id=966#breadcrumb","itemListElement":[{"@type":"ListItem","position":1,"name":"Portada","item":"https:\/\/fundacioncaballitodemar.org.co\/"},{"@type":"ListItem","position":2,"name":"Termales-Nuqu\u00ed, Choc\u00f3."}]},{"@type":"WebSite","@id":"https:\/\/fundacioncaballitodemar.org.co\/#website","url":"https:\/\/fundacioncaballitodemar.org.co\/","name":"Fundacion Caballito de Mar","description":"Fundacion Sin Animo de Lucro","publisher":{"@id":"https:\/\/fundacioncaballitodemar.org.co\/#organization"},"potentialAction":[{"@type":"SearchAction","target":{"@type":"EntryPoint","urlTemplate":"https:\/\/fundacioncaballitodemar.org.co\/?s={search_term_string}"},"query-input":{"@type":"PropertyValueSpecification","valueRequired":true,"valueName":"search_term_string"}}],"inLanguage":"es"},{"@type":"Organization","@id":"https:\/\/fundacioncaballitodemar.org.co\/#organization","name":"Fundacion Caballito de Mar","url":"https:\/\/fundacioncaballitodemar.org.co\/","logo":{"@type":"ImageObject","inLanguage":"es","@id":"https:\/\/fundacioncaballitodemar.org.co\/#\/schema\/logo\/image\/","url":"https:\/\/fundacioncaballitodemar.org.co\/wp-content\/uploads\/2024\/04\/cropped-logo-caballito-sin-fondo-1.png","contentUrl":"https:\/\/fundacioncaballitodemar.org.co\/wp-content\/uploads\/2024\/04\/cropped-logo-caballito-sin-fondo-1.png","width":301,"height":462,"caption":"Fundacion Caballito de Mar"},"image":{"@id":"https:\/\/fundacioncaballitodemar.org.co\/#\/schema\/logo\/image\/"},"sameAs":["https:\/\/www.facebook.com\/FundacionCaballitodeMar","https:\/\/www.youtube.com\/@fundacioncaballitodemar1051","https:\/\/www.instagram.com\/fundacioncaballitodemar\/"]}]}},"campaignId":"","_links":{"self":[{"href":"https:\/\/fundacioncaballitodemar.org.co\/index.php?rest_route=\/wp\/v2\/pages\/966","targetHints":{"allow":["GET"]}}],"collection":[{"href":"https:\/\/fundacioncaballitodemar.org.co\/index.php?rest_route=\/wp\/v2\/pages"}],"about":[{"href":"https:\/\/fundacioncaballitodemar.org.co\/index.php?rest_route=\/wp\/v2\/types\/page"}],"author":[{"embeddable":true,"href":"https:\/\/fundacioncaballitodemar.org.co\/index.php?rest_route=\/wp\/v2\/users\/1"}],"replies":[{"embeddable":true,"href":"https:\/\/fundacioncaballitodemar.org.co\/index.php?rest_route=%2Fwp%2Fv2%2Fcomments&post=966"}],"version-history":[{"count":17,"href":"https:\/\/fundacioncaballitodemar.org.co\/index.php?rest_route=\/wp\/v2\/pages\/966\/revisions"}],"predecessor-version":[{"id":4300,"href":"https:\/\/fundacioncaballitodemar.org.co\/index.php?rest_route=\/wp\/v2\/pages\/966\/revisions\/4300"}],"wp:attachment":[{"href":"https:\/\/fundacioncaballitodemar.org.co\/index.php?rest_route=%2Fwp%2Fv2%2Fmedia&parent=966"}],"curies":[{"name":"wp","href":"https:\/\/api.w.org\/{rel}","templated":true}]}}