{"id":960,"date":"2024-07-03T15:31:03","date_gmt":"2024-07-03T20:31:03","guid":{"rendered":"https:\/\/fundacioncaballitodemar.org.co\/?page_id=960"},"modified":"2024-10-03T12:52:03","modified_gmt":"2024-10-03T17:52:03","slug":"brigadas-de-salud","status":"publish","type":"page","link":"https:\/\/fundacioncaballitodemar.org.co\/?page_id=960","title":{"rendered":"Brigadas de Salud"},"content":{"rendered":"\n<h2 class=\"wp-block-heading has-text-align-left has-pale-cyan-blue-background-color has-text-color has-background has-link-color wp-elements-d48a570c07156553b377ead4d69e400b\" style=\"color:#364f75\">Nuestro Plan de Atenci\u00f3n<\/h2>\n\n\n\n<p><strong>Introducci\u00f3n a Nuestras Brigadas de Salud<\/strong><br>La Fundaci\u00f3n Caballito de Mar lidera brigadas de salud integrales para atender a las comunidades  m\u00e1s vulnerables y en total abandono por el estado, en zonas remotas de Colombia. Estas brigadas brindan atenci\u00f3n m\u00e9dica muy necesaria en \u00e1reas donde el acceso a la salud es limitado. Nos enfocamos en regiones como el Archipi\u00e9lago de San Bernardo (Cartagena, Bol\u00edvar), Nuqu\u00ed Termales (Departamento de Choc\u00f3) y Rinc\u00f3n del Mar (Departamento de Sucre), Barrio Esfuerzos de Paz #1 (Caicedo-Villatina-Medell\u00edn, Colombia). En colaboraci\u00f3n con  centros de salud y universidades para formar equipos de m\u00e9dicos especializados para cada misi\u00f3n. <\/p>\n\n\n\n<p><strong>\u00bfEn Qu\u00e9 Consisten Las Brigadas de Salud?<\/strong><\/p>\n\n\n\n<p>Cada brigada de salud es una misi\u00f3n de varios d\u00edas que re\u00fane a m\u00e9dicos especialistas voluntarios, enfermeras y profesionales de la salud que ofrecen atenci\u00f3n en diversas especialidades, como:<\/p>\n\n\n\n<pre class=\"wp-block-code\"><code>\u2022   Ginecolog\u00eda\n\u2022   Psicolog\u00eda\n\u2022   Dermatolog\u00eda\n\u2022   Optometr\u00eda\n\u2022   Pediatr\u00eda\n\u2022   Otorrino\n\u2022   Odontolog\u00eda\n\u2022   Fisioterapia\n\u2022   Salud Mental\n\u2022   Medicina Interna\n\u2022   Medicina General,\n    entre otras<\/code><\/pre>\n\n\n\n<p>Estas brigadas proporcionan servicios cr\u00edticos, como consultas, atenci\u00f3n preventiva, cirug\u00edas ambulatorias y educaci\u00f3n en salud para los residentes locales.<\/p>\n\n\n\n<p><strong>\u00bfC\u00f3mo Hacemos Que Estas Brigadas Sucedan?<\/strong><\/p>\n\n\n\n<p>Llevar atenci\u00f3n m\u00e9dica a estas zonas remotas requiere una planificaci\u00f3n y coordinaci\u00f3n log\u00edstica significativas, incluyendo:<\/p>\n\n\n\n<pre class=\"wp-block-code has-pale-cyan-blue-background-color has-background\"><code><strong>\u2022 Transporte y Log\u00edstica:<\/strong><\/code><\/pre>\n\n\n\n<p>La Fundaci\u00f3n Caballito de Mar se encarga de coordinar, organizar, administrar y llevar a cabo, con seis meses de anticipaci\u00f3n, todos los aspectos log\u00edsticos necesarios para garantizar un viaje seguro y puntual. Esto incluye el transporte a\u00e9reo, mar\u00edtimo y terrestre, as\u00ed como la gesti\u00f3n de hospedaje, alimentaci\u00f3n, refrigerios y medicamentos, tanto para el equipo de m\u00e9dicos especialistas como para los voluntarios, todo desde la ciudad de Medell\u00edn hacia las regiones m\u00e1s apartadas y aisladas de Colombia.<br><strong>\u2022 Log\u00edstica del Equipo M\u00e9dico:<\/strong><br>Trabajamos con nuestros aliados principales de universidades, empresas, centros de salud y las comunidades para vincular profesionales de las diferentes disciplinas como:  M\u00e9dicos especialistas, cient\u00edficos, soci\u00f3logos, historiadores, investigadores, camar\u00f3grafos, productores, m\u00fasicos, ingenieros, arquitectos y l\u00edderes comunitarios  entre otros,  dispuestos a ofrecer su tiempo como voluntarios. Cada brigada se adapta a las necesidades de la comunidad, garantizando que se aborden todas las preocupaciones m\u00e9dicas, sociol\u00f3gicas y de infraestructuras principales.<br><strong>\u2022 Equipos y Suministros M\u00e9dicos:<\/strong><br>Asegurarse de que cada brigada este completamente equipada con las herramientas y suministros m\u00e9dicos necesarios es crucial. Trabajamos en alianza con: Fundaci\u00f3n Procaps, Fundaci\u00f3n Banco de Medicamentos, Laboratorios ECAR y patrocinadores m\u00e9dicos para asegurar donaciones de equipos, medicamentos y materiales para estas misiones.<br><strong>\u2022 Coordinaci\u00f3n Comunitaria:<\/strong><br>Antes de cada brigada, nos comunicamos con los l\u00edderes locales para coordinar la instalaci\u00f3n de puestos de salud, consultorios temporales y los esfuerzos de divulgaci\u00f3n. Esto garantiza que el mayor n\u00famero de personas necesitadas est\u00e9 informada y pueda acceder a los servicios gratuitos brindados.<\/p>\n\n\n\n<p><strong>Nuestros Aliados y Patrocinadores<\/strong>:<\/p>\n\n\n\n<section id=\"section-g-3s7oasl\" class=\"wp-block-gutentor-image-box gutentor-section gutentor-image-wrapper imagebox-template1\"><div class=\"grid-container\"><div class=\"gutentor-block-header\"><div class=\"gutentor-section-title text-center\"><h2 class=\"gutentor-title\">Nuestros Aliados <br>Que Hacen <br>Posible Nuestra Misi\u00f3n<br><br><\/h2><\/div><\/div><div class=\"grid-row gutentor-grid-item-wrap\"><div class=\"gutentor-grid-column grid-lg-3 grid-md-4 grid-12\"><div class=\"gutentor-single-item gutentor-image gutentor-single-item-0\"><div class=\"gutentor-single-item-wrap\"><div class=\"gutentor-single-item-image-box\"><div class=\"gutentor-image-thumb\"><img loading=\"lazy\" decoding=\"async\" class=\"normal-image\" src=\"https:\/\/fundacioncaballitodemar.org.co\/wp-content\/uploads\/2024\/08\/Captura-de-pantalla-2024-08-07-a-las-6.22.18-p.-m.png\" alt=\"\" height=\"232\" width=\"371\" \/><\/div><\/div><div class=\"gutentor-single-item-content\"><\/div><\/div><\/div><\/div><div class=\"gutentor-grid-column grid-lg-3 grid-md-4 grid-12\"><div class=\"gutentor-single-item gutentor-image gutentor-single-item-1\"><div class=\"gutentor-single-item-wrap\"><div class=\"gutentor-single-item-image-box\"><div class=\"gutentor-image-thumb\"><img loading=\"lazy\" decoding=\"async\" class=\"normal-image\" src=\"https:\/\/fundacioncaballitodemar.org.co\/wp-content\/uploads\/2024\/08\/logo-ecar.png\" alt=\"\" height=\"1500\" width=\"1500\" \/><\/div><\/div><div class=\"gutentor-single-item-content\"><\/div><\/div><\/div><\/div><div class=\"gutentor-grid-column grid-lg-3 grid-md-4 grid-12\"><div class=\"gutentor-single-item gutentor-image gutentor-single-item-2\"><div class=\"gutentor-single-item-wrap\"><div class=\"gutentor-single-item-image-box\"><div class=\"gutentor-image-thumb\"><img loading=\"lazy\" decoding=\"async\" class=\"normal-image\" src=\"https:\/\/fundacioncaballitodemar.org.co\/wp-content\/uploads\/2024\/08\/BDM-ORIGINAL-1.png\" alt=\"\" height=\"2955\" width=\"6750\" \/><\/div><\/div><div class=\"gutentor-single-item-content\"><\/div><\/div><\/div><\/div><div class=\"gutentor-grid-column grid-lg-3 grid-md-4 grid-12\"><div class=\"gutentor-single-item gutentor-image gutentor-single-item-3\"><div class=\"gutentor-single-item-wrap\"><div class=\"gutentor-single-item-image-box\"><div class=\"gutentor-image-thumb\"><img loading=\"lazy\" decoding=\"async\" class=\"normal-image\" src=\"https:\/\/fundacioncaballitodemar.org.co\/wp-content\/uploads\/2024\/08\/Outlook-egkefjgo.png\" alt=\"\" height=\"144\" width=\"273\" \/><\/div><\/div><div class=\"gutentor-single-item-content\"><\/div><\/div><\/div><\/div><div class=\"gutentor-grid-column grid-lg-3 grid-md-4 grid-12\"><div class=\"gutentor-single-item gutentor-image gutentor-single-item-4\"><div class=\"gutentor-single-item-wrap\"><div class=\"gutentor-single-item-image-box\"><div class=\"gutentor-image-thumb\"><img loading=\"lazy\" decoding=\"async\" class=\"normal-image\" src=\"https:\/\/fundacioncaballitodemar.org.co\/wp-content\/uploads\/2024\/08\/images.png\" alt=\"\" height=\"225\" width=\"225\" \/><\/div><\/div><div class=\"gutentor-single-item-content\"><\/div><\/div><\/div><\/div><div class=\"gutentor-grid-column grid-lg-3 grid-md-4 grid-12\"><div class=\"gutentor-single-item gutentor-image gutentor-single-item-5\"><div class=\"gutentor-single-item-wrap\"><div class=\"gutentor-single-item-image-box\"><div class=\"gutentor-image-thumb\"><img loading=\"lazy\" decoding=\"async\" class=\"normal-image\" src=\"https:\/\/fundacioncaballitodemar.org.co\/wp-content\/uploads\/2024\/08\/Logo-Horiz.@4x.png\" alt=\"\" height=\"501\" width=\"833\" \/><\/div><\/div><div class=\"gutentor-single-item-content\"><\/div><\/div><\/div><\/div><div class=\"gutentor-grid-column grid-lg-3 grid-md-4 grid-12\"><div class=\"gutentor-single-item gutentor-image gutentor-single-item-6\"><div class=\"gutentor-single-item-wrap\"><div class=\"gutentor-single-item-image-box\"><div class=\"gutentor-image-thumb\"><img loading=\"lazy\" decoding=\"async\" class=\"normal-image\" src=\"https:\/\/fundacioncaballitodemar.org.co\/wp-content\/uploads\/2024\/08\/channels4_profile.jpg\" alt=\"\" height=\"900\" width=\"900\" \/><\/div><\/div><div class=\"gutentor-single-item-content\"><\/div><\/div><\/div><\/div><div class=\"gutentor-grid-column grid-lg-3 grid-md-4 grid-12\"><div class=\"gutentor-single-item gutentor-image gutentor-single-item-7\"><div class=\"gutentor-single-item-wrap\"><div class=\"gutentor-single-item-image-box\"><div class=\"gutentor-image-thumb\"><img loading=\"lazy\" decoding=\"async\" class=\"normal-image\" src=\"https:\/\/fundacioncaballitodemar.org.co\/wp-content\/uploads\/2024\/08\/logo-azul-Searca.png\" alt=\"\" height=\"98\" width=\"274\" \/><\/div><\/div><div class=\"gutentor-single-item-content\"><\/div><\/div><\/div><\/div><div class=\"gutentor-grid-column grid-lg-3 grid-md-4 grid-12\"><div class=\"gutentor-single-item gutentor-image gutentor-single-item-8\"><div class=\"gutentor-single-item-wrap\"><div class=\"gutentor-single-item-image-box\"><div class=\"gutentor-image-thumb\"><img loading=\"lazy\" decoding=\"async\" class=\"normal-image\" src=\"https:\/\/fundacioncaballitodemar.org.co\/wp-content\/uploads\/2024\/08\/WhatsApp-Image-2023-04-21-at-10.48.59-AM.jpeg\" alt=\"\" height=\"791\" width=\"1024\" \/><\/div><\/div><div class=\"gutentor-single-item-content\"><\/div><\/div><\/div><\/div><div class=\"gutentor-grid-column grid-lg-3 grid-md-4 grid-12\"><div class=\"gutentor-single-item gutentor-image gutentor-single-item-9\"><div class=\"gutentor-single-item-wrap\"><div class=\"gutentor-single-item-image-box\"><div class=\"gutentor-image-thumb\"><img loading=\"lazy\" decoding=\"async\" class=\"normal-image\" src=\"https:\/\/fundacioncaballitodemar.org.co\/wp-content\/uploads\/2024\/08\/Logo_UNIR.png\" alt=\"\" height=\"571\" width=\"948\" \/><\/div><\/div><div class=\"gutentor-single-item-content\"><\/div><\/div><\/div><\/div><div class=\"gutentor-grid-column grid-lg-3 grid-md-4 grid-12\"><div class=\"gutentor-single-item gutentor-image gutentor-single-item-10\"><div class=\"gutentor-single-item-wrap\"><div class=\"gutentor-single-item-image-box\"><div class=\"gutentor-image-thumb\"><img loading=\"lazy\" decoding=\"async\" class=\"normal-image\" src=\"https:\/\/fundacioncaballitodemar.org.co\/wp-content\/uploads\/2024\/08\/5b6fs.webp\" alt=\"\" height=\"410\" width=\"500\" \/><\/div><\/div><div class=\"gutentor-single-item-content\"><\/div><\/div><\/div><\/div><div class=\"gutentor-grid-column grid-lg-3 grid-md-4 grid-12\"><div class=\"gutentor-single-item gutentor-image gutentor-single-item-11\"><div class=\"gutentor-single-item-wrap\"><div class=\"gutentor-single-item-image-box\"><div class=\"gutentor-image-thumb\"><img loading=\"lazy\" decoding=\"async\" class=\"normal-image\" src=\"https:\/\/fundacioncaballitodemar.org.co\/wp-content\/uploads\/2024\/08\/images-copia.png\" alt=\"\" height=\"225\" width=\"225\" \/><\/div><\/div><div class=\"gutentor-single-item-content\"><\/div><\/div><\/div><\/div><div class=\"gutentor-grid-column grid-lg-3 grid-md-4 grid-12\"><div class=\"gutentor-single-item gutentor-image gutentor-single-item-12\"><div class=\"gutentor-single-item-wrap\"><div class=\"gutentor-single-item-image-box\"><div class=\"gutentor-image-thumb\"><img loading=\"lazy\" decoding=\"async\" class=\"normal-image\" src=\"https:\/\/fundacioncaballitodemar.org.co\/wp-content\/uploads\/2024\/08\/Captura-de-pantalla-2024-08-07-a-las-8.11.41-p.-m.png\" alt=\"\" height=\"487\" width=\"1405\" \/><\/div><\/div><div class=\"gutentor-single-item-content\"><\/div><\/div><\/div><\/div><div class=\"gutentor-grid-column grid-lg-3 grid-md-4 grid-12\"><div class=\"gutentor-single-item gutentor-image gutentor-single-item-13\"><div class=\"gutentor-single-item-wrap\"><div class=\"gutentor-single-item-image-box\"><div class=\"gutentor-image-thumb\"><img loading=\"lazy\" decoding=\"async\" class=\"normal-image\" src=\"https:\/\/fundacioncaballitodemar.org.co\/wp-content\/uploads\/2024\/09\/download.png\" alt=\"\" height=\"192\" width=\"204\" \/><\/div><\/div><div class=\"gutentor-single-item-content\"><\/div><\/div><\/div><\/div><div class=\"gutentor-grid-column grid-lg-3 grid-md-4 grid-12\"><div class=\"gutentor-single-item gutentor-image gutentor-single-item-14\"><div class=\"gutentor-single-item-wrap\"><div class=\"gutentor-single-item-image-box\"><div class=\"gutentor-image-thumb\"><img loading=\"lazy\" decoding=\"async\" class=\"normal-image\" src=\"https:\/\/fundacioncaballitodemar.org.co\/wp-content\/uploads\/2024\/09\/download-1.jpg\" alt=\"\" height=\"183\" width=\"194\" \/><\/div><\/div><div class=\"gutentor-single-item-content\"><\/div><\/div><\/div><\/div><div class=\"gutentor-grid-column grid-lg-3 grid-md-4 grid-12\"><div class=\"gutentor-single-item gutentor-image gutentor-single-item-15\"><div class=\"gutentor-single-item-wrap\"><div class=\"gutentor-single-item-image-box\"><div class=\"gutentor-image-thumb\"><img loading=\"lazy\" decoding=\"async\" class=\"normal-image\" src=\"https:\/\/fundacioncaballitodemar.org.co\/wp-content\/uploads\/2024\/09\/download.jpg\" alt=\"\" height=\"168\" width=\"179\" \/><\/div><\/div><div class=\"gutentor-single-item-content\"><\/div><\/div><\/div><\/div><\/div><\/div><\/section>\n\n\n\n<p>La Fundaci\u00f3n Caballito de Mar depende de una amplia red de socios para hacer posibles estas misiones:<\/p>\n\n\n\n<pre class=\"wp-block-code has-pale-cyan-blue-background-color has-background\"><code><strong>\u2022 Alianzas con Universidades:<\/strong><\/code><\/pre>\n\n\n\n<p>Colaboramos estrechamente con facultades de medicina y universidades para atraer a estudiantes y profesores que est\u00e1n ansiosos por brindar atenci\u00f3n pr\u00e1ctica en condiciones del mundo real.<br><strong>\u2022 En Colaboraci\u00f3n con las Universidades de Medicina y Fundaciones del banco de medicamento de Colombia:<\/strong><br>Las principales universidades de medicina de Medell\u00edn y Barranquilla junto con aliados como: Fundaci\u00f3n Procaps, Fundaci\u00f3n Banco de Medicamentos y Laboratorios ECAR quienes proveen los medicamentos para las brigadas de salud lideradas por la Fundaci\u00f3n Caballito de Mar para cubrir las necesidades patol\u00f3gicas remitidas por los m\u00e9dicos especialistas a los pacientes con el fin de de asegurar a los pacientes reciban el debido derecho al tratamiento. Su contribuci\u00f3n es vital para el \u00e9xito de cada brigada.<br><strong>\u2022 Patrocinadores Corporativos y Filantr\u00f3picos:<\/strong><br>Los aliados como las empresas, ONG y donantes individuales juegan un papel crucial en la financiaci\u00f3n del transporte a\u00e9reo, mar\u00edtimo y terrestre, equipos, insumos y log\u00edstica que hacen posible cada brigada de salud. Estamos agradecidos por su valioso y significativo apoyo continuo hacen que ellos se perciba la transformaci\u00f3n.<\/p>\n\n\n\n<p><strong>Impacto en las Comunidades<\/strong><\/p>\n\n\n\n<p>Cada brigada de salud tiene un efecto transformador en las comunidades que atendemos. Al llevar la soluci\u00f3n en atenci\u00f3n m\u00e9dica especializada a estas \u00e1reas remotas de comunidades en pobreza extrema, la Fundaci\u00f3n Caballito de Mar est\u00e1:<\/p>\n\n\n\n<pre class=\"wp-block-code has-pale-cyan-blue-background-color has-background\" style=\"letter-spacing:-1px\"><code><strong>\u2022 Mejorando el Acceso a la Salud en Atenci\u00f3n M\u00e9dica especializada:<\/strong><\/code><\/pre>\n\n\n\n<p>Los residentes que de otro modo no tendr\u00edan acceso a estos servicios reciben atenci\u00f3n esencial, lo que a menudo conduce a la detecci\u00f3n y tratamiento temprano de enfermedades cr\u00f3nicas.<br><strong>\u2022 Creando Conciencia sobre la Salud:<\/strong><br>A trav\u00e9s de talleres de educaci\u00f3n en salud, h\u00e1bitos de vida saludable empoderamos a las comunidades con el conocimiento que necesitan para mejorar los resultados de salud a largo plazo.<br><strong>\u2022 Fomentando lazos Comunitarios Fuertes:<\/strong><br>La presencia de nuestros voluntarios ayuda a generar confianza y a crear una conexi\u00f3n m\u00e1s profunda entre la comunidad y nuestra organizaci\u00f3n, abriendo puertas para futuras colaboraciones y proyectos de desarrollo.<\/p>\n\n\n\n<p><strong>Programas y Estrategias para un Cambio Duradero<\/strong><\/p>\n\n\n\n<p>La Fundaci\u00f3n Caballito de Mar no se detiene en las brigadas de salud. Estamos comprometidos con la creaci\u00f3n de un cambio sostenible y a largo plazo en estas comunidades a trav\u00e9s de:<\/p>\n\n\n\n<pre class=\"wp-block-code has-pale-cyan-blue-background-color has-background\" style=\"letter-spacing:-1px\"><code><strong>\u2022 Programas de Educaci\u00f3n en Salud:<\/strong><\/code><\/pre>\n\n\n\n<p>Trabajamos con l\u00edderes locales para establecer iniciativas continuas de educaci\u00f3n en salud, proporcionando capacitaci\u00f3n y recursos para que los miembros de la comunidad puedan cuidar de su salud entre las brigadas.<br><strong>\u2022 Proyectos de Empoderamiento Econ\u00f3mico:<\/strong><br>Adem\u00e1s de la atenci\u00f3n m\u00e9dica, estamos involucrados en iniciativas que brindan oportunidades econ\u00f3micas a trav\u00e9s del turismo, la protecci\u00f3n ambiental y el emprendimiento, ayudando a la transformaci\u00f3n de surgir con autogesti\u00f3n a estas comunidades de la pobreza.<br><strong>\u2022 Desarrollo de Infraestructura Sostenible:<\/strong><br>Nuestra misi\u00f3n incluye desarrollar la capacidad local apoyando el desarrollo de infraestructura de salud, como la capacitaci\u00f3n de trabajadores de salud locales y la provisi\u00f3n de equipos esenciales.<\/p>\n\n\n\n<p><strong>C\u00f3mo Puedes Ayudar<\/strong><br>Tu apoyo es crucial para mantener y expandir estos esfuerzos. Las donaciones nos ayudan a cubrir, intervenir y a seguir organizando brigadas de salud, equipando a los voluntarios y asegurando que nuestra misi\u00f3n llegue a m\u00e1s comunidades m\u00e1s necesitadas.<\/p>\n\n\n\n<p><strong>\u00a1Dona Hoy para Marcar la Diferencia!<\/strong><\/p>\n\n\n\n<p>Esta estructura se enfoca en lo que hace la Fundaci\u00f3n Caballito de Mar, c\u00f3mo lo logra, y el tremendo esfuerzo detr\u00e1s de escena para crear un impacto duradero, alentando a los posibles donantes a contribuir.<\/p>\n\n\n\n<div class=\"wp-block-group is-nowrap is-layout-flex wp-container-core-group-is-layout-4 wp-block-group-is-layout-flex\">\n<div class=\"wp-block-columns is-layout-flex wp-container-core-columns-is-layout-1 wp-block-columns-is-layout-flex\">\n<div class=\"wp-block-column is-vertically-aligned-top is-layout-flow wp-block-column-is-layout-flow\" style=\"flex-basis:100%\">\n<div class=\"wp-block-group is-content-justification-center is-layout-flex wp-container-core-group-is-layout-3 wp-block-group-is-layout-flex\">\n<div class=\"wp-block-group is-content-justification-center is-nowrap is-layout-flex wp-container-core-group-is-layout-1 wp-block-group-is-layout-flex\">\n<figure class=\"wp-block-image size-full is-resized\"><img loading=\"lazy\" decoding=\"async\" width=\"263\" height=\"268\" src=\"https:\/\/fundacioncaballitodemar.org.co\/wp-content\/uploads\/2024\/08\/WOMPY-CAMPANA-DONACIONES-Captura-de-pantalla-2024-05-11-a-las-8.49.29-a.-m.png\" alt=\"\" class=\"wp-image-1887\" style=\"aspect-ratio:1;object-fit:contain;width:209px;height:auto\"\/><\/figure>\n\n\n\n<div id=\"section-g-tsbya6x\" class=\"wp-block-gutentor-e1 section-g-tsbya6x gutentor-element gutentor-element-advanced-text text-align-center-desktop\"><div class=\"gutentor-text-wrap\"><p class=\"gutentor-text\"><br><br><br><strong>Donar a la cuenta de ahorros de <\/strong><br><strong>Bancolombia:<br>No 005-793889-60<\/strong> <br><strong>o Dale Click al Bot\u00f3n para <\/strong><br><strong>Donar en Colombia<\/strong><br><br><\/p><\/div><\/div>\n<\/div>\n\n\n\n<div class=\"wp-block-group is-content-justification-center is-nowrap is-layout-flex wp-container-core-group-is-layout-2 wp-block-group-is-layout-flex\">\n<div id=\"section-g-z2w3230\" class=\"wp-block-gutentor-e2 section-g-z2w3230 gutentor-element gutentor-element-button\"><span class=\"gutentor-button-wrap\"><a class=\"gutentor-button gutentor-block-button gutentor-icon-hide\" href=\"https:\/\/checkout.wompi.co\/l\/VYCMrV\" target=\"_blank\" rel=\"noopener noreferrer\"><i class=\"gutentor-button-icon fas fa-book\"><\/i><span><strong>Donaci\u00f3n<\/strong><\/span><\/a><\/span><\/div>\n<\/div>\n<\/div>\n<\/div>\n<\/div>\n<\/div>\n\n\n\n<div id=\"section-g-o616g76\" class=\"wp-block-gutentor-e1 section-g-o616g76 gutentor-element gutentor-element-advanced-text text-align-center-desktop\"><div class=\"gutentor-text-wrap\"><p class=\"gutentor-text\">Tambi\u00e9n aceptamos PayPal y tarjetas de cr\u00e9dito\/d\u00e9bito.<\/p><\/div><\/div>\n\n\n\n<div id=\"section-g-srsy2h2\" class=\"wp-block-gutentor-e6 section-g-srsy2h2 gutentor-element gutentor-element-image gutentor-enabled-width text-align-right-desktop\"><div class=\"gutentor-element-image-box\"><a class=\"gutentor-element-image-link\" href=\"https:\/\/fundacioncaballitodemar.org.co\/?give_forms=donation-form\" target=\"_blank\" rel=\"noopener noreferrer\"><div class=\"gutentor-image-thumb\"><img decoding=\"async\" class=\"normal-image\" src=\"https:\/\/fundacioncaballitodemar.org.co\/wp-content\/uploads\/2019\/12\/credit-card-icons-new.png\" \/><\/div><\/a><\/div><\/div>\n\n\n\n<p><\/p>\n","protected":false},"excerpt":{"rendered":"<p>Nuestro Plan de Atenci\u00f3n Introducci\u00f3n a Nuestras Brigadas de SaludLa Fundaci\u00f3n Caballito de Mar lidera brigadas de salud integrales para atender a las comunidades m\u00e1s vulnerables y en total abandono por el estado, en zonas remotas de Colombia. Estas brigadas brindan atenci\u00f3n m\u00e9dica muy necesaria en \u00e1reas donde el acceso a la salud es limitado. [&hellip;]<\/p>\n","protected":false},"author":1,"featured_media":0,"parent":0,"menu_order":0,"comment_status":"closed","ping_status":"closed","template":"","meta":{"give_campaign_id":0,"footnotes":""},"class_list":["post-960","page","type-page","status-publish","hentry"],"yoast_head":"<!-- This site is optimized with the Yoast SEO plugin v26.4 - https:\/\/yoast.com\/wordpress\/plugins\/seo\/ -->\n<title>Brigadas de Salud - Fundacion Caballito de Mar<\/title>\n<meta name=\"robots\" content=\"index, follow, max-snippet:-1, max-image-preview:large, max-video-preview:-1\" \/>\n<link rel=\"canonical\" href=\"https:\/\/fundacioncaballitodemar.org.co\/?page_id=960\" \/>\n<meta property=\"og:locale\" content=\"es_ES\" \/>\n<meta property=\"og:type\" content=\"article\" \/>\n<meta property=\"og:title\" content=\"Brigadas de Salud - Fundacion Caballito de Mar\" \/>\n<meta property=\"og:description\" content=\"Nuestro Plan de Atenci\u00f3n Introducci\u00f3n a Nuestras Brigadas de SaludLa Fundaci\u00f3n Caballito de Mar lidera brigadas de salud integrales para atender a las comunidades m\u00e1s vulnerables y en total abandono por el estado, en zonas remotas de Colombia. Estas brigadas brindan atenci\u00f3n m\u00e9dica muy necesaria en \u00e1reas donde el acceso a la salud es limitado. [&hellip;]\" \/>\n<meta property=\"og:url\" content=\"https:\/\/fundacioncaballitodemar.org.co\/?page_id=960\" \/>\n<meta property=\"og:site_name\" content=\"Fundacion Caballito de Mar\" \/>\n<meta property=\"article:publisher\" content=\"https:\/\/www.facebook.com\/FundacionCaballitodeMar\" \/>\n<meta property=\"article:modified_time\" content=\"2024-10-03T17:52:03+00:00\" \/>\n<meta property=\"og:image\" content=\"https:\/\/fundacioncaballitodemar.org.co\/wp-content\/uploads\/2024\/08\/Captura-de-pantalla-2024-08-07-a-las-6.22.18-p.-m.png\" \/>\n<meta name=\"twitter:card\" content=\"summary_large_image\" \/>\n<meta name=\"twitter:label1\" content=\"Tiempo de lectura\" \/>\n\t<meta name=\"twitter:data1\" content=\"6 minutos\" \/>\n<script type=\"application\/ld+json\" class=\"yoast-schema-graph\">{\"@context\":\"https:\/\/schema.org\",\"@graph\":[{\"@type\":\"WebPage\",\"@id\":\"https:\/\/fundacioncaballitodemar.org.co\/?page_id=960\",\"url\":\"https:\/\/fundacioncaballitodemar.org.co\/?page_id=960\",\"name\":\"Brigadas de Salud - Fundacion Caballito de Mar\",\"isPartOf\":{\"@id\":\"https:\/\/fundacioncaballitodemar.org.co\/#website\"},\"primaryImageOfPage\":{\"@id\":\"https:\/\/fundacioncaballitodemar.org.co\/?page_id=960#primaryimage\"},\"image\":{\"@id\":\"https:\/\/fundacioncaballitodemar.org.co\/?page_id=960#primaryimage\"},\"thumbnailUrl\":\"https:\/\/fundacioncaballitodemar.org.co\/wp-content\/uploads\/2024\/08\/Captura-de-pantalla-2024-08-07-a-las-6.22.18-p.-m.png\",\"datePublished\":\"2024-07-03T20:31:03+00:00\",\"dateModified\":\"2024-10-03T17:52:03+00:00\",\"breadcrumb\":{\"@id\":\"https:\/\/fundacioncaballitodemar.org.co\/?page_id=960#breadcrumb\"},\"inLanguage\":\"es\",\"potentialAction\":[{\"@type\":\"ReadAction\",\"target\":[\"https:\/\/fundacioncaballitodemar.org.co\/?page_id=960\"]}]},{\"@type\":\"ImageObject\",\"inLanguage\":\"es\",\"@id\":\"https:\/\/fundacioncaballitodemar.org.co\/?page_id=960#primaryimage\",\"url\":\"https:\/\/fundacioncaballitodemar.org.co\/wp-content\/uploads\/2024\/08\/Captura-de-pantalla-2024-08-07-a-las-6.22.18-p.-m.png\",\"contentUrl\":\"https:\/\/fundacioncaballitodemar.org.co\/wp-content\/uploads\/2024\/08\/Captura-de-pantalla-2024-08-07-a-las-6.22.18-p.-m.png\",\"width\":371,\"height\":232},{\"@type\":\"BreadcrumbList\",\"@id\":\"https:\/\/fundacioncaballitodemar.org.co\/?page_id=960#breadcrumb\",\"itemListElement\":[{\"@type\":\"ListItem\",\"position\":1,\"name\":\"Portada\",\"item\":\"https:\/\/fundacioncaballitodemar.org.co\/\"},{\"@type\":\"ListItem\",\"position\":2,\"name\":\"Brigadas de Salud\"}]},{\"@type\":\"WebSite\",\"@id\":\"https:\/\/fundacioncaballitodemar.org.co\/#website\",\"url\":\"https:\/\/fundacioncaballitodemar.org.co\/\",\"name\":\"Fundacion Caballito de Mar\",\"description\":\"Fundacion Sin Animo de Lucro\",\"publisher\":{\"@id\":\"https:\/\/fundacioncaballitodemar.org.co\/#organization\"},\"potentialAction\":[{\"@type\":\"SearchAction\",\"target\":{\"@type\":\"EntryPoint\",\"urlTemplate\":\"https:\/\/fundacioncaballitodemar.org.co\/?s={search_term_string}\"},\"query-input\":{\"@type\":\"PropertyValueSpecification\",\"valueRequired\":true,\"valueName\":\"search_term_string\"}}],\"inLanguage\":\"es\"},{\"@type\":\"Organization\",\"@id\":\"https:\/\/fundacioncaballitodemar.org.co\/#organization\",\"name\":\"Fundacion Caballito de Mar\",\"url\":\"https:\/\/fundacioncaballitodemar.org.co\/\",\"logo\":{\"@type\":\"ImageObject\",\"inLanguage\":\"es\",\"@id\":\"https:\/\/fundacioncaballitodemar.org.co\/#\/schema\/logo\/image\/\",\"url\":\"https:\/\/fundacioncaballitodemar.org.co\/wp-content\/uploads\/2024\/04\/cropped-logo-caballito-sin-fondo-1.png\",\"contentUrl\":\"https:\/\/fundacioncaballitodemar.org.co\/wp-content\/uploads\/2024\/04\/cropped-logo-caballito-sin-fondo-1.png\",\"width\":301,\"height\":462,\"caption\":\"Fundacion Caballito de Mar\"},\"image\":{\"@id\":\"https:\/\/fundacioncaballitodemar.org.co\/#\/schema\/logo\/image\/\"},\"sameAs\":[\"https:\/\/www.facebook.com\/FundacionCaballitodeMar\",\"https:\/\/www.youtube.com\/@fundacioncaballitodemar1051\",\"https:\/\/www.instagram.com\/fundacioncaballitodemar\/\"]}]}<\/script>\n<!-- \/ Yoast SEO plugin. -->","yoast_head_json":{"title":"Brigadas de Salud - Fundacion Caballito de Mar","robots":{"index":"index","follow":"follow","max-snippet":"max-snippet:-1","max-image-preview":"max-image-preview:large","max-video-preview":"max-video-preview:-1"},"canonical":"https:\/\/fundacioncaballitodemar.org.co\/?page_id=960","og_locale":"es_ES","og_type":"article","og_title":"Brigadas de Salud - Fundacion Caballito de Mar","og_description":"Nuestro Plan de Atenci\u00f3n Introducci\u00f3n a Nuestras Brigadas de SaludLa Fundaci\u00f3n Caballito de Mar lidera brigadas de salud integrales para atender a las comunidades m\u00e1s vulnerables y en total abandono por el estado, en zonas remotas de Colombia. Estas brigadas brindan atenci\u00f3n m\u00e9dica muy necesaria en \u00e1reas donde el acceso a la salud es limitado. [&hellip;]","og_url":"https:\/\/fundacioncaballitodemar.org.co\/?page_id=960","og_site_name":"Fundacion Caballito de Mar","article_publisher":"https:\/\/www.facebook.com\/FundacionCaballitodeMar","article_modified_time":"2024-10-03T17:52:03+00:00","og_image":[{"url":"https:\/\/fundacioncaballitodemar.org.co\/wp-content\/uploads\/2024\/08\/Captura-de-pantalla-2024-08-07-a-las-6.22.18-p.-m.png","type":"","width":"","height":""}],"twitter_card":"summary_large_image","twitter_misc":{"Tiempo de lectura":"6 minutos"},"schema":{"@context":"https:\/\/schema.org","@graph":[{"@type":"WebPage","@id":"https:\/\/fundacioncaballitodemar.org.co\/?page_id=960","url":"https:\/\/fundacioncaballitodemar.org.co\/?page_id=960","name":"Brigadas de Salud - Fundacion Caballito de Mar","isPartOf":{"@id":"https:\/\/fundacioncaballitodemar.org.co\/#website"},"primaryImageOfPage":{"@id":"https:\/\/fundacioncaballitodemar.org.co\/?page_id=960#primaryimage"},"image":{"@id":"https:\/\/fundacioncaballitodemar.org.co\/?page_id=960#primaryimage"},"thumbnailUrl":"https:\/\/fundacioncaballitodemar.org.co\/wp-content\/uploads\/2024\/08\/Captura-de-pantalla-2024-08-07-a-las-6.22.18-p.-m.png","datePublished":"2024-07-03T20:31:03+00:00","dateModified":"2024-10-03T17:52:03+00:00","breadcrumb":{"@id":"https:\/\/fundacioncaballitodemar.org.co\/?page_id=960#breadcrumb"},"inLanguage":"es","potentialAction":[{"@type":"ReadAction","target":["https:\/\/fundacioncaballitodemar.org.co\/?page_id=960"]}]},{"@type":"ImageObject","inLanguage":"es","@id":"https:\/\/fundacioncaballitodemar.org.co\/?page_id=960#primaryimage","url":"https:\/\/fundacioncaballitodemar.org.co\/wp-content\/uploads\/2024\/08\/Captura-de-pantalla-2024-08-07-a-las-6.22.18-p.-m.png","contentUrl":"https:\/\/fundacioncaballitodemar.org.co\/wp-content\/uploads\/2024\/08\/Captura-de-pantalla-2024-08-07-a-las-6.22.18-p.-m.png","width":371,"height":232},{"@type":"BreadcrumbList","@id":"https:\/\/fundacioncaballitodemar.org.co\/?page_id=960#breadcrumb","itemListElement":[{"@type":"ListItem","position":1,"name":"Portada","item":"https:\/\/fundacioncaballitodemar.org.co\/"},{"@type":"ListItem","position":2,"name":"Brigadas de Salud"}]},{"@type":"WebSite","@id":"https:\/\/fundacioncaballitodemar.org.co\/#website","url":"https:\/\/fundacioncaballitodemar.org.co\/","name":"Fundacion Caballito de Mar","description":"Fundacion Sin Animo de Lucro","publisher":{"@id":"https:\/\/fundacioncaballitodemar.org.co\/#organization"},"potentialAction":[{"@type":"SearchAction","target":{"@type":"EntryPoint","urlTemplate":"https:\/\/fundacioncaballitodemar.org.co\/?s={search_term_string}"},"query-input":{"@type":"PropertyValueSpecification","valueRequired":true,"valueName":"search_term_string"}}],"inLanguage":"es"},{"@type":"Organization","@id":"https:\/\/fundacioncaballitodemar.org.co\/#organization","name":"Fundacion Caballito de Mar","url":"https:\/\/fundacioncaballitodemar.org.co\/","logo":{"@type":"ImageObject","inLanguage":"es","@id":"https:\/\/fundacioncaballitodemar.org.co\/#\/schema\/logo\/image\/","url":"https:\/\/fundacioncaballitodemar.org.co\/wp-content\/uploads\/2024\/04\/cropped-logo-caballito-sin-fondo-1.png","contentUrl":"https:\/\/fundacioncaballitodemar.org.co\/wp-content\/uploads\/2024\/04\/cropped-logo-caballito-sin-fondo-1.png","width":301,"height":462,"caption":"Fundacion Caballito de Mar"},"image":{"@id":"https:\/\/fundacioncaballitodemar.org.co\/#\/schema\/logo\/image\/"},"sameAs":["https:\/\/www.facebook.com\/FundacionCaballitodeMar","https:\/\/www.youtube.com\/@fundacioncaballitodemar1051","https:\/\/www.instagram.com\/fundacioncaballitodemar\/"]}]}},"campaignId":"","_links":{"self":[{"href":"https:\/\/fundacioncaballitodemar.org.co\/index.php?rest_route=\/wp\/v2\/pages\/960","targetHints":{"allow":["GET"]}}],"collection":[{"href":"https:\/\/fundacioncaballitodemar.org.co\/index.php?rest_route=\/wp\/v2\/pages"}],"about":[{"href":"https:\/\/fundacioncaballitodemar.org.co\/index.php?rest_route=\/wp\/v2\/types\/page"}],"author":[{"embeddable":true,"href":"https:\/\/fundacioncaballitodemar.org.co\/index.php?rest_route=\/wp\/v2\/users\/1"}],"replies":[{"embeddable":true,"href":"https:\/\/fundacioncaballitodemar.org.co\/index.php?rest_route=%2Fwp%2Fv2%2Fcomments&post=960"}],"version-history":[{"count":29,"href":"https:\/\/fundacioncaballitodemar.org.co\/index.php?rest_route=\/wp\/v2\/pages\/960\/revisions"}],"predecessor-version":[{"id":3713,"href":"https:\/\/fundacioncaballitodemar.org.co\/index.php?rest_route=\/wp\/v2\/pages\/960\/revisions\/3713"}],"wp:attachment":[{"href":"https:\/\/fundacioncaballitodemar.org.co\/index.php?rest_route=%2Fwp%2Fv2%2Fmedia&parent=960"}],"curies":[{"name":"wp","href":"https:\/\/api.w.org\/{rel}","templated":true}]}}