{"id":593,"date":"2024-06-26T18:15:00","date_gmt":"2024-06-26T23:15:00","guid":{"rendered":"https:\/\/fundacioncaballitodemar.org.co\/?page_id=593"},"modified":"2026-04-27T17:30:24","modified_gmt":"2026-04-27T22:30:24","slug":"acreditacion-valoracion","status":"publish","type":"page","link":"https:\/\/fundacioncaballitodemar.org.co\/?page_id=593","title":{"rendered":"Acreditaci\u00f3n-Valoraci\u00f3n"},"content":{"rendered":"\n<div class=\"wp-block-columns is-layout-flex wp-container-core-columns-is-layout-1 wp-block-columns-is-layout-flex\">\n<div class=\"wp-block-column is-layout-flow wp-block-column-is-layout-flow\" style=\"flex-basis:50%\">\n<div id=\"section-g-9sz0ozz\" class=\"wp-block-gutentor-e6 section-g-9sz0ozz gutentor-element gutentor-element-image\"><div class=\"gutentor-element-image-box\"><div class=\"gutentor-image-thumb\"><img decoding=\"async\" class=\"normal-image\" src=\"https:\/\/fundacioncaballitodemar.org.co\/wp-content\/uploads\/2025\/03\/Imagen-1-2.png\" \/><\/div><\/div><\/div>\n<\/div>\n\n\n\n<div class=\"wp-block-column is-layout-flow wp-block-column-is-layout-flow\" style=\"flex-basis:50%\">\n<div id=\"section-g-wx7hq77\" class=\"wp-block-gutentor-e6 section-g-wx7hq77 gutentor-element gutentor-element-image\"><div class=\"gutentor-element-image-box\"><div class=\"gutentor-image-thumb\"><img decoding=\"async\" class=\"normal-image\" src=\"https:\/\/fundacioncaballitodemar.org.co\/wp-content\/uploads\/2024\/04\/cropped-logo-caballito-sin-fondo-1-195x300.png\" \/><\/div><\/div><\/div>\n<\/div>\n<\/div>\n\n\n\n<h3 class=\"wp-block-heading has-text-align-center\">Informe de Valoraci\u00f3n y Acreditaci\u00f3n Fundaci\u00f3n Caballito de Mar<\/h3>\n\n\n\n<ol class=\"wp-block-list\">\n<li class=\"has-black-color has-text-color has-link-color wp-elements-debca6122df2ca413e97d63e6155c476\"><strong>Introducci\u00f3n<\/strong><\/li>\n<\/ol>\n\n\n\n<p class=\"has-black-color has-text-color has-link-color wp-elements-706271091a4a7a09960305d962b10cbe\">La Fundaci\u00f3n Caballito de Mar es una organizaci\u00f3n sin \u00e1nimo de lucro que ha trabajado durante m\u00e1s de una d\u00e9cada en la transformaci\u00f3n social de las comunidades insulares del Archipi\u00e9lago de San Bernardo y otras regiones vulnerables de Colombia. Su labor abarca \u00e1reas clave como la salud, educaci\u00f3n, medio ambiente, urbanismo y emprendimiento tur\u00edstico. Este informe detalla la valoraci\u00f3n econ\u00f3mica y el impacto social de la fundaci\u00f3n, resaltando su trayectoria, fortalezas y necesidades de financiamiento.<\/p>\n\n\n\n<ol start=\"2\" class=\"wp-block-list\">\n<li class=\"has-black-color has-text-color has-link-color wp-elements-183df640a4a2595d66494eb45e2a543c\"><strong>Rese\u00f1a Hist\u00f3rica<\/strong><\/li>\n<\/ol>\n\n\n\n<p class=\"has-black-color has-text-color has-link-color wp-elements-33943c474f3c3d5a5b5272f1d115aa69\">La fundaci\u00f3n tiene sus ra\u00edces en iniciativas de apoyo social que comenzaron hace m\u00e1s de 40 a\u00f1os con la conexi\u00f3n entre turistas y comunidades locales. En el a\u00f1o 2000 se constituy\u00f3 la Corporaci\u00f3n Aislados, \u201cAmigos del Archipi\u00e9lago de San Bernardo\u201d, presidida por 12 a\u00f1os por el fundador de la actual fundaci\u00f3n. En 2013, naci\u00f3 <strong>la Fundaci\u00f3n Caballito de Mar <\/strong>con el lema <strong>\u201cUnidos por amor a la vida\u201d<\/strong>, enfoc\u00e1ndose en la mejora de la calidad de vida de las comunidades m\u00e1s vulnerables.<\/p>\n\n\n\n<p class=\"has-black-color has-text-color has-link-color wp-elements-f1f0df9cd7e26f36e7f43454f86fe146\">A lo largo de los a\u00f1os, la fundaci\u00f3n ha colaborado con diversas entidades como la Fuerza A\u00e9rea y Naval de Colombia, universidades, hoteles y voluntarios de m\u00faltiples disciplinas para desarrollar proyectos en salud, educaci\u00f3n e infraestructura b\u00e1sica.<\/p>\n\n\n\n<ol start=\"3\" class=\"wp-block-list\">\n<li class=\"has-black-color has-text-color has-link-color wp-elements-9292fe36f71e0ec03fe4c5a764941cac\"><strong>Impacto Social y Alcance<\/strong><\/li>\n<\/ol>\n\n\n\n<p class=\"has-black-color has-text-color has-link-color wp-elements-5d1859ac2f746d8ecec061acb86340e4\">Desde su fundaci\u00f3n, la organizaci\u00f3n ha impactado a m\u00e1s de <strong>100,000 personas,<\/strong> facilitando acceso a servicios de salud y educaci\u00f3n, y promoviendo el desarrollo sostenible en comunidades de dif\u00edcil acceso. Su labor ha incluido:<br>\u2022 <strong>Brigadas de salud:<\/strong> Jornadas m\u00e9dicas especializadas con la participaci\u00f3n de m\u00e9dicos, odont\u00f3logos, cirujanos y pediatras.<br>\u2022 <strong>Acceso al agua potable: <\/strong>Implementaci\u00f3n de sistemas de filtraci\u00f3n y aprovechamiento de aguas lluvias.<br>\u2022 <strong>Educaci\u00f3n y urbanismo: <\/strong>Alianzas con universidades para mejorar la infraestructura y oportunidades educativas.<\/p>\n\n\n\n<p class=\"has-black-color has-text-color has-link-color wp-elements-d85fe9eaac66f466b9eee5440cf917b0\"><strong>Alianzas y Apoyos Institucionales<\/strong><\/p>\n\n\n\n<p class=\"has-black-color has-text-color has-link-color wp-elements-3549061a37b0fa59beaa35b852d8e88d\">La Fundaci\u00f3n Caballito de Mar ha trabajado con una red de organizaciones e instituciones clave, incluyendo:<br>\u2022 <strong>Fuerza A\u00e9rea Colombiana, Armada Nacional de Colombia y SATENA<\/strong>\u2013 Log\u00edstica y transporte para brigadas de salud.<br>\u2022 <strong>Universidades (EAFIT, Pontificia Bolivariana, CES, CINDE, Universidad de Antioquia)<\/strong> \u2013 Proyectos educativos, investigaci\u00f3n y formaci\u00f3n.<br>\u2022 <strong>Empresas privadas y ONGs <\/strong>\u2013 Donaciones de medicamentos, insumos m\u00e9dicos y soporte financiero.<br>\u2022 <strong>Hoteles y clubes tur\u00edsticos<\/strong> \u2013 Apoyo en hospedaje y alimentaci\u00f3n de voluntarios.<\/p>\n\n\n\n<p class=\"has-black-color has-text-color has-link-color wp-elements-1ad800d0481be459aaa3815f2dd23e0f\"><strong>Nuestros Aliados<\/strong>: <\/p>\n\n\n\n<ul class=\"wp-block-list\">\n<li class=\"has-black-color has-text-color has-link-color wp-elements-6e769cb24a981ae3d76ea4205b9acc82\">Laboratorios ECAR, Laboratorios Laproff, Fundaci\u00f3n procaps, Fundaci\u00f3n Banco de Medicamentos, Tecnom\u00e9dica y Aldental.<\/li>\n\n\n\n<li class=\"has-black-color has-text-color has-link-color wp-elements-e19ee617cf3414b013a2acbe873c9783\">Moon flights, Aleluya, Env\u00eda Mensajer\u00eda, Barrera Total, RCN Radio, Postob\u00f3n, Grupo Argos, El Colombiano.<\/li>\n\n\n\n<li class=\"has-black-color has-text-color has-link-color wp-elements-76e5df85789950788ec9d505dcac933d\">Julius, Pac\u00edfica, Fundaci\u00f3n Botellas de Amor, Instituto Norte, Corporaci\u00f3n Ando Endo.<\/li>\n<\/ul>\n\n\n\n<p><\/p>\n\n\n\n<ol start=\"4\" class=\"wp-block-list\">\n<li class=\"has-black-color has-text-color has-link-color wp-elements-c5c4086b95ebda8bcae1c7847336a4dd\"><strong>An\u00e1lisis Financiero y Valoraci\u00f3n<\/strong><\/li>\n<\/ol>\n\n\n\n<p class=\"has-black-color has-text-color has-link-color wp-elements-841405b51f6fcbbf75cc7ae6a533d53f\">La valoraci\u00f3n econ\u00f3mica de la Fundaci\u00f3n Caballito de Mar se basa en la cuantificaci\u00f3n de los servicios prestados y los costos asociados a su operaci\u00f3n. Se estima que, para alcanzar el impacto logrado hasta la fecha, se ha requerido una inversi\u00f3n equivalente a <strong>$26,515,000,000 COP<\/strong>.<\/p>\n\n\n\n<p class=\"has-black-color has-text-color has-link-color wp-elements-4847e3377194c91e16b81f5a89e2112c\"><strong>Distribuci\u00f3n de Recursos<\/strong><\/p>\n\n\n\n<p class=\"has-black-color has-text-color has-link-color wp-elements-70fd74c0399069e6dd10b874bc182dc7\">La valoraci\u00f3n de la fundaci\u00f3n considera diversos factores financieros, incluyendo:<\/p>\n\n\n\n<div id=\"section-g-lx6ev9e\" class=\"wp-block-gutentor-e6 section-g-lx6ev9e gutentor-element gutentor-element-image\"><div class=\"gutentor-element-image-box\"><div class=\"gutentor-image-thumb\"><img decoding=\"async\" class=\"normal-image\" src=\"https:\/\/fundacioncaballitodemar.org.co\/wp-content\/uploads\/2025\/03\/WhatsApp-Image-2025-03-19-at-3.17.49-PM-1024x536.jpeg\" \/><\/div><\/div><\/div>\n\n\n\n<p class=\"has-black-color has-text-color has-link-color wp-elements-51ee4e2ba82b2057283472c1ca1df627\">La tabla refleja la magnitud de los costos operativos y el nivel de recursos gestionados para brindar asistencia a comunidades con acceso limitado a servicios b\u00e1sicos.<\/p>\n\n\n\n<ol start=\"5\" class=\"wp-block-list\">\n<li class=\"has-black-color has-text-color has-link-color wp-elements-a814d527ab8b2c084fac338ef340a36b\"><strong>Fortalezas y Oportunidades<\/strong><\/li>\n<\/ol>\n\n\n\n<p class=\"has-black-color has-text-color has-link-color wp-elements-3b73f6dde94c3caab3b195933226f3c2\"><strong>Principales Fortalezas<\/strong><\/p>\n\n\n\n<p class=\"has-black-color has-text-color has-link-color wp-elements-d31fc287f327951b55df17ea8bda51ab\"><br>\u2022 <strong>Reconocimiento y respaldo institucional<\/strong> de entidades p\u00fablicas y privadas.<br>\u2022 <strong>Trayectoria consolidada<\/strong> con m\u00e1s de 20 a\u00f1os de gesti\u00f3n en comunidades vulnerables.<br>\u2022 <strong>Red de voluntarios y profesionales<\/strong> de la salud y la educaci\u00f3n, con m\u00e1s de 1,200 especialistas participantes.<br>\u2022 <strong>Impacto directo<\/strong> en la calidad de vida de miles de personas a trav\u00e9s de proyectos de salud, educaci\u00f3n y acceso al agua potable.<\/p>\n\n\n\n<p class=\"has-black-color has-text-color has-link-color wp-elements-60dab84ebd4cb77ec6de3ca5d3e030b6\"><strong>Posibles Amenazas y Retos<\/strong><\/p>\n\n\n\n<p class=\"has-black-color has-text-color has-link-color wp-elements-40e4a44d7de886995ad6561db29c861c\"><br>\u2022 D<strong>ependencia de donaciones y voluntariado<\/strong>, lo que hace necesario fortalecer estrategias de financiamiento sostenible.<br>\u2022 <strong>Factores externos como cambios pol\u00edticos e inflaci\u00f3n<\/strong>, que pueden afectar la disponibilidad de recursos.<br>\u2022 <strong>Necesidad de mayor inversi\u00f3n en mercadeo y visibilidad<\/strong> para atraer aliados estrat\u00e9gicos y fondos de cooperaci\u00f3n internacional.<\/p>\n\n\n\n<ol start=\"6\" class=\"wp-block-list\">\n<li class=\"has-black-color has-text-color has-link-color wp-elements-e4b6371d0c8435d34c202838723c5f7f\"><strong>Conclusiones<\/strong><\/li>\n<\/ol>\n\n\n\n<p class=\"has-black-color has-text-color has-link-color wp-elements-b977328a4cd0a45e68a16ca3d20c5458\">La Fundaci\u00f3n Caballito de Mar ha demostrado un impacto significativo en la transformaci\u00f3n de comunidades vulnerables en Colombia. Su modelo de intervenci\u00f3n ha permitido la atenci\u00f3n m\u00e9dica gratuita a miles de personas, la implementaci\u00f3n de proyectos educativos y el acceso a servicios b\u00e1sicos fundamentales.<\/p>\n\n\n\n<p class=\"has-black-color has-text-color has-link-color wp-elements-e1b4f36891a1890ec4e3caee751ca7ae\">Para garantizar la sostenibilidad y crecimiento de la fundaci\u00f3n, es crucial fortalecer las estrategias de financiaci\u00f3n y alianzas estrat\u00e9gicas. La valoraci\u00f3n econ\u00f3mica presentada en este informe resalta la magnitud del esfuerzo invertido y la necesidad de continuar atrayendo recursos para ampliar el alcance de sus programas.<\/p>\n\n\n\n<p class=\"has-black-color has-text-color has-link-color wp-elements-4fd16a4d63db2a595067a63da3e9d5d0\"><strong>Pr\u00f3ximos Pasos<\/strong><\/p>\n\n\n\n<p class=\"has-black-color has-text-color has-link-color wp-elements-634800724d611af940dc49e2b5e2918b\"><br>\u2022 <strong>B\u00fasqueda activa de financiamiento<\/strong> a trav\u00e9s de donaciones nacionales e internacionales.<br>\u2022<strong> Expansi\u00f3n de programas de salud y educaci\u00f3n<\/strong> con la vinculaci\u00f3n de m\u00e1s universidades y empresas privadas.<br>\u2022 <strong>Mayor inversi\u00f3n en estrategias de visibilidad y comunicaci\u00f3n <\/strong>para fortalecer la imagen institucional y atraer m\u00e1s aliados.<\/p>\n\n\n\n<p class=\"has-black-color has-text-color has-link-color wp-elements-736d4ecaf487c72f820baf92b9cce3d4\">Este informe representa una validaci\u00f3n de la labor realizada y sirve como un llamado a la acci\u00f3n para continuar apoyando esta noble causa.<\/p>\n\n\n\n<div class=\"wp-block-file has-white-background-color has-background\"><a id=\"wp-block-file--media-82762aba-1861-4d53-8fe4-ab3bf50ab7d4\" href=\"https:\/\/fundacioncaballitodemar.org.co\/wp-content\/uploads\/2024\/06\/CERTIFICACION-Valoracion-Fundacion-Caballito-de-Mar.pdf\" target=\"_blank\" rel=\"noreferrer noopener\">CERTIFICACION-Valoracion-Fundacion-Caballito-de-Mar<\/a><\/div>\n","protected":false},"excerpt":{"rendered":"<p>Informe de Valoraci\u00f3n y Acreditaci\u00f3n Fundaci\u00f3n Caballito de Mar La Fundaci\u00f3n Caballito de Mar es una organizaci\u00f3n sin \u00e1nimo de lucro que ha trabajado durante m\u00e1s de una d\u00e9cada en la transformaci\u00f3n social de las comunidades insulares del Archipi\u00e9lago de San Bernardo y otras regiones vulnerables de Colombia. Su labor abarca \u00e1reas clave como la [&hellip;]<\/p>\n","protected":false},"author":1,"featured_media":0,"parent":0,"menu_order":0,"comment_status":"closed","ping_status":"closed","template":"","meta":{"give_campaign_id":0,"footnotes":""},"class_list":["post-593","page","type-page","status-publish","hentry"],"yoast_head":"<!-- This site is optimized with the Yoast SEO plugin v26.4 - https:\/\/yoast.com\/wordpress\/plugins\/seo\/ -->\n<title>Acreditaci\u00f3n-Valoraci\u00f3n - Fundacion Caballito de Mar<\/title>\n<meta name=\"robots\" content=\"index, follow, max-snippet:-1, max-image-preview:large, max-video-preview:-1\" \/>\n<link rel=\"canonical\" href=\"https:\/\/fundacioncaballitodemar.org.co\/?page_id=593\" \/>\n<meta property=\"og:locale\" content=\"es_ES\" \/>\n<meta property=\"og:type\" content=\"article\" \/>\n<meta property=\"og:title\" content=\"Acreditaci\u00f3n-Valoraci\u00f3n - Fundacion Caballito de Mar\" \/>\n<meta property=\"og:description\" content=\"Informe de Valoraci\u00f3n y Acreditaci\u00f3n Fundaci\u00f3n Caballito de Mar La Fundaci\u00f3n Caballito de Mar es una organizaci\u00f3n sin \u00e1nimo de lucro que ha trabajado durante m\u00e1s de una d\u00e9cada en la transformaci\u00f3n social de las comunidades insulares del Archipi\u00e9lago de San Bernardo y otras regiones vulnerables de Colombia. Su labor abarca \u00e1reas clave como la [&hellip;]\" \/>\n<meta property=\"og:url\" content=\"https:\/\/fundacioncaballitodemar.org.co\/?page_id=593\" \/>\n<meta property=\"og:site_name\" content=\"Fundacion Caballito de Mar\" \/>\n<meta property=\"article:publisher\" content=\"https:\/\/www.facebook.com\/FundacionCaballitodeMar\" \/>\n<meta property=\"article:modified_time\" content=\"2026-04-27T22:30:24+00:00\" \/>\n<meta property=\"og:image\" content=\"https:\/\/fundacioncaballitodemar.org.co\/wp-content\/uploads\/2025\/03\/Imagen-1-2.png\" \/>\n<meta name=\"twitter:card\" content=\"summary_large_image\" \/>\n<meta name=\"twitter:label1\" content=\"Tiempo de lectura\" \/>\n\t<meta name=\"twitter:data1\" content=\"5 minutos\" \/>\n<script type=\"application\/ld+json\" class=\"yoast-schema-graph\">{\"@context\":\"https:\/\/schema.org\",\"@graph\":[{\"@type\":\"WebPage\",\"@id\":\"https:\/\/fundacioncaballitodemar.org.co\/?page_id=593\",\"url\":\"https:\/\/fundacioncaballitodemar.org.co\/?page_id=593\",\"name\":\"Acreditaci\u00f3n-Valoraci\u00f3n - Fundacion Caballito de Mar\",\"isPartOf\":{\"@id\":\"https:\/\/fundacioncaballitodemar.org.co\/#website\"},\"primaryImageOfPage\":{\"@id\":\"https:\/\/fundacioncaballitodemar.org.co\/?page_id=593#primaryimage\"},\"image\":{\"@id\":\"https:\/\/fundacioncaballitodemar.org.co\/?page_id=593#primaryimage\"},\"thumbnailUrl\":\"https:\/\/fundacioncaballitodemar.org.co\/wp-content\/uploads\/2025\/03\/Imagen-1-2.png\",\"datePublished\":\"2024-06-26T23:15:00+00:00\",\"dateModified\":\"2026-04-27T22:30:24+00:00\",\"breadcrumb\":{\"@id\":\"https:\/\/fundacioncaballitodemar.org.co\/?page_id=593#breadcrumb\"},\"inLanguage\":\"es\",\"potentialAction\":[{\"@type\":\"ReadAction\",\"target\":[\"https:\/\/fundacioncaballitodemar.org.co\/?page_id=593\"]}]},{\"@type\":\"ImageObject\",\"inLanguage\":\"es\",\"@id\":\"https:\/\/fundacioncaballitodemar.org.co\/?page_id=593#primaryimage\",\"url\":\"https:\/\/fundacioncaballitodemar.org.co\/wp-content\/uploads\/2025\/03\/Imagen-1-2.png\",\"contentUrl\":\"https:\/\/fundacioncaballitodemar.org.co\/wp-content\/uploads\/2025\/03\/Imagen-1-2.png\",\"width\":289,\"height\":231},{\"@type\":\"BreadcrumbList\",\"@id\":\"https:\/\/fundacioncaballitodemar.org.co\/?page_id=593#breadcrumb\",\"itemListElement\":[{\"@type\":\"ListItem\",\"position\":1,\"name\":\"Portada\",\"item\":\"https:\/\/fundacioncaballitodemar.org.co\/\"},{\"@type\":\"ListItem\",\"position\":2,\"name\":\"Acreditaci\u00f3n-Valoraci\u00f3n\"}]},{\"@type\":\"WebSite\",\"@id\":\"https:\/\/fundacioncaballitodemar.org.co\/#website\",\"url\":\"https:\/\/fundacioncaballitodemar.org.co\/\",\"name\":\"Fundacion Caballito de Mar\",\"description\":\"Fundacion Sin Animo de Lucro\",\"publisher\":{\"@id\":\"https:\/\/fundacioncaballitodemar.org.co\/#organization\"},\"potentialAction\":[{\"@type\":\"SearchAction\",\"target\":{\"@type\":\"EntryPoint\",\"urlTemplate\":\"https:\/\/fundacioncaballitodemar.org.co\/?s={search_term_string}\"},\"query-input\":{\"@type\":\"PropertyValueSpecification\",\"valueRequired\":true,\"valueName\":\"search_term_string\"}}],\"inLanguage\":\"es\"},{\"@type\":\"Organization\",\"@id\":\"https:\/\/fundacioncaballitodemar.org.co\/#organization\",\"name\":\"Fundacion Caballito de Mar\",\"url\":\"https:\/\/fundacioncaballitodemar.org.co\/\",\"logo\":{\"@type\":\"ImageObject\",\"inLanguage\":\"es\",\"@id\":\"https:\/\/fundacioncaballitodemar.org.co\/#\/schema\/logo\/image\/\",\"url\":\"https:\/\/fundacioncaballitodemar.org.co\/wp-content\/uploads\/2024\/04\/cropped-logo-caballito-sin-fondo-1.png\",\"contentUrl\":\"https:\/\/fundacioncaballitodemar.org.co\/wp-content\/uploads\/2024\/04\/cropped-logo-caballito-sin-fondo-1.png\",\"width\":301,\"height\":462,\"caption\":\"Fundacion Caballito de Mar\"},\"image\":{\"@id\":\"https:\/\/fundacioncaballitodemar.org.co\/#\/schema\/logo\/image\/\"},\"sameAs\":[\"https:\/\/www.facebook.com\/FundacionCaballitodeMar\",\"https:\/\/www.youtube.com\/@fundacioncaballitodemar1051\",\"https:\/\/www.instagram.com\/fundacioncaballitodemar\/\"]}]}<\/script>\n<!-- \/ Yoast SEO plugin. -->","yoast_head_json":{"title":"Acreditaci\u00f3n-Valoraci\u00f3n - Fundacion Caballito de Mar","robots":{"index":"index","follow":"follow","max-snippet":"max-snippet:-1","max-image-preview":"max-image-preview:large","max-video-preview":"max-video-preview:-1"},"canonical":"https:\/\/fundacioncaballitodemar.org.co\/?page_id=593","og_locale":"es_ES","og_type":"article","og_title":"Acreditaci\u00f3n-Valoraci\u00f3n - Fundacion Caballito de Mar","og_description":"Informe de Valoraci\u00f3n y Acreditaci\u00f3n Fundaci\u00f3n Caballito de Mar La Fundaci\u00f3n Caballito de Mar es una organizaci\u00f3n sin \u00e1nimo de lucro que ha trabajado durante m\u00e1s de una d\u00e9cada en la transformaci\u00f3n social de las comunidades insulares del Archipi\u00e9lago de San Bernardo y otras regiones vulnerables de Colombia. Su labor abarca \u00e1reas clave como la [&hellip;]","og_url":"https:\/\/fundacioncaballitodemar.org.co\/?page_id=593","og_site_name":"Fundacion Caballito de Mar","article_publisher":"https:\/\/www.facebook.com\/FundacionCaballitodeMar","article_modified_time":"2026-04-27T22:30:24+00:00","og_image":[{"url":"https:\/\/fundacioncaballitodemar.org.co\/wp-content\/uploads\/2025\/03\/Imagen-1-2.png","type":"","width":"","height":""}],"twitter_card":"summary_large_image","twitter_misc":{"Tiempo de lectura":"5 minutos"},"schema":{"@context":"https:\/\/schema.org","@graph":[{"@type":"WebPage","@id":"https:\/\/fundacioncaballitodemar.org.co\/?page_id=593","url":"https:\/\/fundacioncaballitodemar.org.co\/?page_id=593","name":"Acreditaci\u00f3n-Valoraci\u00f3n - Fundacion Caballito de Mar","isPartOf":{"@id":"https:\/\/fundacioncaballitodemar.org.co\/#website"},"primaryImageOfPage":{"@id":"https:\/\/fundacioncaballitodemar.org.co\/?page_id=593#primaryimage"},"image":{"@id":"https:\/\/fundacioncaballitodemar.org.co\/?page_id=593#primaryimage"},"thumbnailUrl":"https:\/\/fundacioncaballitodemar.org.co\/wp-content\/uploads\/2025\/03\/Imagen-1-2.png","datePublished":"2024-06-26T23:15:00+00:00","dateModified":"2026-04-27T22:30:24+00:00","breadcrumb":{"@id":"https:\/\/fundacioncaballitodemar.org.co\/?page_id=593#breadcrumb"},"inLanguage":"es","potentialAction":[{"@type":"ReadAction","target":["https:\/\/fundacioncaballitodemar.org.co\/?page_id=593"]}]},{"@type":"ImageObject","inLanguage":"es","@id":"https:\/\/fundacioncaballitodemar.org.co\/?page_id=593#primaryimage","url":"https:\/\/fundacioncaballitodemar.org.co\/wp-content\/uploads\/2025\/03\/Imagen-1-2.png","contentUrl":"https:\/\/fundacioncaballitodemar.org.co\/wp-content\/uploads\/2025\/03\/Imagen-1-2.png","width":289,"height":231},{"@type":"BreadcrumbList","@id":"https:\/\/fundacioncaballitodemar.org.co\/?page_id=593#breadcrumb","itemListElement":[{"@type":"ListItem","position":1,"name":"Portada","item":"https:\/\/fundacioncaballitodemar.org.co\/"},{"@type":"ListItem","position":2,"name":"Acreditaci\u00f3n-Valoraci\u00f3n"}]},{"@type":"WebSite","@id":"https:\/\/fundacioncaballitodemar.org.co\/#website","url":"https:\/\/fundacioncaballitodemar.org.co\/","name":"Fundacion Caballito de Mar","description":"Fundacion Sin Animo de Lucro","publisher":{"@id":"https:\/\/fundacioncaballitodemar.org.co\/#organization"},"potentialAction":[{"@type":"SearchAction","target":{"@type":"EntryPoint","urlTemplate":"https:\/\/fundacioncaballitodemar.org.co\/?s={search_term_string}"},"query-input":{"@type":"PropertyValueSpecification","valueRequired":true,"valueName":"search_term_string"}}],"inLanguage":"es"},{"@type":"Organization","@id":"https:\/\/fundacioncaballitodemar.org.co\/#organization","name":"Fundacion Caballito de Mar","url":"https:\/\/fundacioncaballitodemar.org.co\/","logo":{"@type":"ImageObject","inLanguage":"es","@id":"https:\/\/fundacioncaballitodemar.org.co\/#\/schema\/logo\/image\/","url":"https:\/\/fundacioncaballitodemar.org.co\/wp-content\/uploads\/2024\/04\/cropped-logo-caballito-sin-fondo-1.png","contentUrl":"https:\/\/fundacioncaballitodemar.org.co\/wp-content\/uploads\/2024\/04\/cropped-logo-caballito-sin-fondo-1.png","width":301,"height":462,"caption":"Fundacion Caballito de Mar"},"image":{"@id":"https:\/\/fundacioncaballitodemar.org.co\/#\/schema\/logo\/image\/"},"sameAs":["https:\/\/www.facebook.com\/FundacionCaballitodeMar","https:\/\/www.youtube.com\/@fundacioncaballitodemar1051","https:\/\/www.instagram.com\/fundacioncaballitodemar\/"]}]}},"campaignId":"","_links":{"self":[{"href":"https:\/\/fundacioncaballitodemar.org.co\/index.php?rest_route=\/wp\/v2\/pages\/593","targetHints":{"allow":["GET"]}}],"collection":[{"href":"https:\/\/fundacioncaballitodemar.org.co\/index.php?rest_route=\/wp\/v2\/pages"}],"about":[{"href":"https:\/\/fundacioncaballitodemar.org.co\/index.php?rest_route=\/wp\/v2\/types\/page"}],"author":[{"embeddable":true,"href":"https:\/\/fundacioncaballitodemar.org.co\/index.php?rest_route=\/wp\/v2\/users\/1"}],"replies":[{"embeddable":true,"href":"https:\/\/fundacioncaballitodemar.org.co\/index.php?rest_route=%2Fwp%2Fv2%2Fcomments&post=593"}],"version-history":[{"count":18,"href":"https:\/\/fundacioncaballitodemar.org.co\/index.php?rest_route=\/wp\/v2\/pages\/593\/revisions"}],"predecessor-version":[{"id":5251,"href":"https:\/\/fundacioncaballitodemar.org.co\/index.php?rest_route=\/wp\/v2\/pages\/593\/revisions\/5251"}],"wp:attachment":[{"href":"https:\/\/fundacioncaballitodemar.org.co\/index.php?rest_route=%2Fwp%2Fv2%2Fmedia&parent=593"}],"curies":[{"name":"wp","href":"https:\/\/api.w.org\/{rel}","templated":true}]}}