{"id":4178,"date":"2025-03-13T14:45:46","date_gmt":"2025-03-13T19:45:46","guid":{"rendered":"https:\/\/fundacioncaballitodemar.org.co\/?page_id=4178"},"modified":"2025-07-08T00:12:53","modified_gmt":"2025-07-08T05:12:53","slug":"brigadas-de-salud-isla-fuerte","status":"publish","type":"page","link":"https:\/\/fundacioncaballitodemar.org.co\/?page_id=4178","title":{"rendered":"Isla Fuerte , Cartagena, Bol\u00edvar."},"content":{"rendered":"\n<p>Isla Fuerte es una hermosa isla ubicada en el Caribe colombiano, en el golfo de Morrosquillo, que destaca por su rica biodiversidad y su cultura afrocaribe\u00f1a. Sin embargo, enfrenta desaf\u00edos significativos en t\u00e9rminos de salud y condiciones b\u00e1sicas de infraestructura, lo que afecta la calidad de vida de sus habitantes.<\/p>\n\n\n\n<h3 class=\"wp-block-heading has-text-align-left\">Resumen Diagn\u00f3stico Brigada de Salud en Isla Fuerte, Cartagena, Bol\u00edvar, Colombia.<\/h3>\n\n\n\n<p>Para abordar algunas de estas problem\u00e1ticas, la Fundaci\u00f3n Caballito de Mar organiz\u00f3 una <strong>brigada del 5 al 9 de marzo de 2025<\/strong>, donde se llevaron <strong>m\u00e9dicos especialistas <\/strong>para atender a la comunidad y se realiz\u00f3 una <strong>fumigaci\u00f3n<\/strong> en el pueblo, contribuyendo as\u00ed a mejorar la <strong>salud y el bienestar <\/strong>de los isle\u00f1os. \u00a1Juntos, estamos trabajando por un futuro m\u00e1s saludable para Isla Fuerte!<\/p>\n\n\n\n<h3 class=\"wp-block-heading has-x-large-font-size\"><strong>Introducci\u00f3n<\/strong><\/h3>\n\n\n\n<p>La brigada de salud realizada en Isla Fuerte tuvo como objetivo brindar atenci\u00f3n m\u00e9dica integral a la comunidad, priorizando la prevenci\u00f3n y el diagn\u00f3stico temprano de enfermedades. Este informe presenta un an\u00e1lisis detallado de los servicios prestados, la poblaci\u00f3n atendida y los hallazgos m\u00e1s relevantes.<\/p>\n\n\n\n<h4 class=\"wp-block-heading has-large-font-size\">Objetivo general<\/h4>\n\n\n\n<p>Brindar atenci\u00f3n m\u00e9dica integral a la comunidad de Isla Fuerte mediante la implementaci\u00f3n de una brigada de salud, enfocada en la promoci\u00f3n, prevenci\u00f3n, diagn\u00f3stico temprano y tratamiento de las principales patolog\u00edas, con el fin de mejorar la calidad de vida de la poblaci\u00f3n.<br><strong>Objetivos espec\u00edficos de la brigada<\/strong><br>\u25cf Proporcionar servicios de salud primaria a la comunidad.<br>\u25cf Identificar las patolog\u00edas m\u00e1s frecuentes en la poblaci\u00f3n.<br>\u25cf Ofrecer tratamientos y derivaciones seg\u00fan el diagn\u00f3stico m\u00e9dico.<br>\u25cf Promover la educaci\u00f3n en salud y prevenci\u00f3n de enfermedades.<\/p>\n\n\n\n<p><strong>Metodolog\u00eda<\/strong><br>La brigada se llev\u00f3 a cabo en un centro comunitario de salud, donde se atendieron pacientes en diversas especialidades. Se recopilaron datos demogr\u00e1ficos, diagn\u00f3sticos y tratamientos administrados, los cuales fueron analizados para identificar tendencias de salud en la comunidad.<br>Resultados<\/p>\n\n\n\n<ol class=\"wp-block-list\">\n<li><strong>Total de pacientes atendidos<\/strong>:<br>En el territorio de islas fuerte se encuentra una poblaci\u00f3n total de 2.000 personas distribuidas entre hombres, mujeres y ni\u00f1os en diferentes etapas de longevidad. De la poblaci\u00f3n presente en el territorio se logra brindar atenci\u00f3n primaria en salud a un total de 491 personas, lo que traduce a un aproximado de cobertura del 25% de dicha poblaci\u00f3n<\/li>\n\n\n\n<li><strong>Distribuci\u00f3n de atenciones<\/strong>:<br>Del total de pacientes atendidos, el 69% fueron mujeres con un total de 339 atenciones y el 30% restante fueron hombres con un total de 149 atenciones como se muestra en la siguiente tabla:<\/li>\n<\/ol>\n\n\n\n<figure class=\"wp-block-image aligncenter size-full is-resized\"><img loading=\"lazy\" decoding=\"async\" width=\"436\" height=\"239\" src=\"https:\/\/fundacioncaballitodemar.org.co\/wp-content\/uploads\/2025\/06\/image.png\" alt=\"\" class=\"wp-image-4782\" style=\"width:540px;height:auto\" srcset=\"https:\/\/fundacioncaballitodemar.org.co\/wp-content\/uploads\/2025\/06\/image.png 436w, https:\/\/fundacioncaballitodemar.org.co\/wp-content\/uploads\/2025\/06\/image-300x164.png 300w\" sizes=\"auto, (max-width: 436px) 100vw, 436px\" \/><\/figure>\n\n\n\n<p class=\"has-text-align-center\"><strong>Figura 1<\/strong>. Distribuci\u00f3n de personas atendidas por g\u00e9nero.<\/p>\n\n\n\n<p><strong>Nota:Las mujeres representan la mayor\u00eda de las personas atendidas (70%), lo cual puede deberse a una mayor tendencia a asistir a controles m\u00e9dicos o a la necesidad de servicios espec\u00edficos. Es probable que haya subutilizaci\u00f3n de los servicios de salud por parte de la poblaci\u00f3n masculina<br>Datos obtenidos del estudio cuantitativo realizado a la comunidad isla fuerte.<\/strong><\/p>\n\n\n\n<ol start=\"3\" class=\"wp-block-list\">\n<li><strong>Distribuci\u00f3n por edad<\/strong>:<br>Los habitantes de la poblaci\u00f3n intervenida cuentan con una esperanza de vida que va desde los 0 a los 65 a\u00f1os, del total de poblaci\u00f3n atendida se logra realizar una distribuci\u00f3n de:<br><strong>\u25cb 0-12 a\u00f1os: 81 pacientes<br>\u25cb 13-18 a\u00f1os: 68 pacientes<br>\u25cb 19-30 a\u00f1os: 70 pacientes<br>\u25cb 31-50 a\u00f1os: 123 pacientes<br>\u25cb 51+ a\u00f1os: 149 pacientes <\/strong> <\/li>\n<\/ol>\n\n\n\n<figure class=\"wp-block-image aligncenter size-full is-resized\"><img loading=\"lazy\" decoding=\"async\" width=\"448\" height=\"162\" src=\"https:\/\/fundacioncaballitodemar.org.co\/wp-content\/uploads\/2025\/06\/image-2.png\" alt=\"\" class=\"wp-image-4792\" style=\"width:758px;height:auto\" srcset=\"https:\/\/fundacioncaballitodemar.org.co\/wp-content\/uploads\/2025\/06\/image-2.png 448w, https:\/\/fundacioncaballitodemar.org.co\/wp-content\/uploads\/2025\/06\/image-2-300x108.png 300w\" sizes=\"auto, (max-width: 448px) 100vw, 448px\" \/><figcaption class=\"wp-element-caption\"><strong>Tabla 2. Distribuci\u00f3n porcentual de pacientes por edad:<\/strong><\/figcaption><\/figure>\n\n\n\n<p><strong>Nota:<\/strong><\/p>\n\n\n\n<ul class=\"wp-block-list\">\n<li><strong>La mayor\u00eda de los pacientes atendidos tienen m\u00e1s de 51 a\u00f1os (30%), seguidos por el grupo de 31 a 50 a\u00f1os (25%<\/strong>).<\/li>\n\n\n\n<li><strong>Los grupos m\u00e1s j\u00f3venes (0 a 30 a\u00f1os) tienen una menor representaci\u00f3n, cada uno con entre 14% y 16%.<\/strong><\/li>\n\n\n\n<li><strong>Esto sugiere que los servicios de salud est\u00e1n siendo m\u00e1s utilizados por adultos y adultos mayores.<\/strong><\/li>\n<\/ul>\n\n\n\n<p><strong>Datos obtenidos del estudio cuantitativo realizado a la comunidad isla fuerte.<\/strong><\/p>\n\n\n\n<ol start=\"4\" class=\"wp-block-list\">\n<li><strong>Diagn\u00f3sticos m\u00e1s frecuentes:<\/strong><br>De las atenciones realizadas, se logra medir cuantitativamente la frecuencia de los diagn\u00f3sticos realizados a la poblaci\u00f3n intervenida, en la cual prevalece el diagn\u00f3stico CIE-10 I10 (hipertensi\u00f3n esencial primaria) con el mayor porcentaje de incidencia en diagn\u00f3sticos.<br><strong>Listado de diagn\u00f3sticos con mayor incidencia:<\/strong><\/li>\n<\/ol>\n\n\n\n<p><strong>\u25cb B36.0 \u2013 Ti\u00f1a versicolor<br>\u25cb F32.1 \u2013 Episodio depresivo moderado<br>\u25cb F43.2 \u2013 Trastorno de adaptaci\u00f3n<br>\u25cb I10X \u2013 Hipertensi\u00f3n esencial (primaria)<br>\u25cb K02 \u2013 Caries dental<br>\u25cb L70.0 \u2013 Acn\u00e9 vulgar<br>\u25cb L70.9 \u2013 Acn\u00e9, no especificado<br>\u25cb M54.5 \u2013 Lumbago<br>\u25cb S02.5 \u2013 Fractura de diente<br>\u25cb Z00 \u2013 Examen general y de rutina<\/strong><br><\/p>\n\n\n\n<figure class=\"wp-block-image aligncenter size-full is-resized\"><img loading=\"lazy\" decoding=\"async\" width=\"439\" height=\"193\" src=\"https:\/\/fundacioncaballitodemar.org.co\/wp-content\/uploads\/2025\/06\/image-3.png\" alt=\"\" class=\"wp-image-4795\" style=\"width:755px;height:auto\" srcset=\"https:\/\/fundacioncaballitodemar.org.co\/wp-content\/uploads\/2025\/06\/image-3.png 439w, https:\/\/fundacioncaballitodemar.org.co\/wp-content\/uploads\/2025\/06\/image-3-300x132.png 300w\" sizes=\"auto, (max-width: 439px) 100vw, 439px\" \/><figcaption class=\"wp-element-caption\"><strong>Tabla 3. Distribuci\u00f3n de diagn\u00f3sticos m\u00e1s frecuentes en el territorio.<\/strong><\/figcaption><\/figure>\n\n\n\n<p><strong>Nota<\/strong>:<\/p>\n\n\n\n<p><strong>\u25cf El diagn\u00f3stico m\u00e1s com\u00fan es la hipertensi\u00f3n (I10X), con 52 casos.<br>\u25cf Tambi\u00e9n son frecuentes las consultas odontol\u00f3gicas (caries), ex\u00e1menes generales (Z00), y problemas dermatol\u00f3gicos como acn\u00e9.<br>\u25cf Hay una presencia notable de problemas emocionales (F32.1 y F43.2), lo cual indica cierta carga en la salud mental.<\/strong><\/p>\n\n\n\n<p><strong><br>Datos obtenidos del estudio cuantitativo realizado a la comunidad isla fuerte.<\/strong><\/p>\n\n\n\n<ol start=\"5\" class=\"wp-block-list\">\n<li><strong>Tratamientos m\u00e1s recomendados:<\/strong><\/li>\n<\/ol>\n\n\n\n<p><strong>\u25cb Promoci\u00f3n y prevenci\u00f3n (24 casos)<br>\u25cb Remisi\u00f3n a psiquiatr\u00eda (14 casos)<br>\u25cb Uso de retinoides (8 casos)<br>\u25cb Ketoconazol (6 casos)<br>\u25cb Protector solar (6 casos)<\/strong><\/p>\n\n\n\n<p><br><strong>An\u00e1lisis de Factores de Riesgo<\/strong><br>\u25cf Factores ambientales como la calidad del agua y la exposici\u00f3n al sol pueden influir en la prevalencia de enfermedades dermatol\u00f3gicas.<br>\u25cf La falta de acceso a servicios odontol\u00f3gicos regulares est\u00e1 contribuyendo a una alta incidencia de patolog\u00edas de salud oral.<br>\u25cf La carencia de atenci\u00f3n en salud mental est\u00e1 generando un impacto negativo en la calidad de vida de la poblaci\u00f3n, debido al aumento significativo de enfermedades psicopatol\u00f3gicas trastornos mentales, del comportamiento y del desarrollo neurol\u00f3gico<br>\u25cf La falta de inversi\u00f3n y presencia estatal en infraestructura, acceso a servicios m\u00e9dicos, saneamiento y programas de prevenci\u00f3n genera un deterioro en las condiciones de salud de la poblaci\u00f3n.<\/p>\n\n\n\n<p><strong>Problem\u00e1ticas de Salud P\u00fablica Identificadas<\/strong><\/p>\n\n\n\n<p>\u25cf<strong> Alta prevalencia de enfermedades cr\u00f3nicas<\/strong>: La hipertensi\u00f3n arterial (I10X) es una de las patolog\u00edas m\u00e1s diagnosticadas, lo que indica posibles h\u00e1bitos de alimentaci\u00f3n inadecuados, estr\u00e9s y falta de acceso a controles m\u00e9dicos regulares.<br>\u25cf <strong>Altos \u00edndices de enfermedades prevenibles<\/strong>: por falta de vacunaci\u00f3n y control epidemiol\u00f3gico<br>\u25cf <strong>Deficiencias en salud bucal<\/strong>: La alta incidencia de caries dental (K02) sugiere que la comunidad necesita educaci\u00f3n en higiene oral y mejor acceso a servicios odontol\u00f3gicos preventivos.<br>\u25cf<strong> Problemas de salud mental<\/strong>: El n\u00famero significativo de remisiones a psiquiatr\u00eda y psicolog\u00eda evidencia una necesidad urgente de intervenciones en salud mental, posiblemente debido a estr\u00e9s, ansiedad o problemas familiares y sociales.<br>\u25cf <strong>Enfermedades dermatol\u00f3gicas<\/strong>: La presencia de acn\u00e9 (L700) y micosis superficial (B360) puede estar relacionada con condiciones ambientales adversas, h\u00e1bitos de higiene y exposici\u00f3n prolongada al sol.<br>\u25cf <strong>Riesgo de enfermedades infecciosas<\/strong>: Aunque no es el diagn\u00f3stico m\u00e1s com\u00fan, es importante monitorear posibles casos de infecciones respiratorias o gastrointestinales, lo que podr\u00eda indicar problemas en el acceso a agua potable y saneamiento,favoreciendo brotes epid\u00e9micos<br>\u25cf <strong>Acceso limitado a servicios de salud<\/strong>: La cantidad de pacientes con enfermedades prevenibles y la alta tasa de derivaciones m\u00e9dicas reflejan la necesidad de mejorar el acceso a servicios de salud continuos en la comunidad. La falta de hospitales, m\u00e9dicos y medicamentos esenciales aumentan el riesgo de los pacientes.<br>\u25cf <strong>Malnutrici\u00f3n y desnutrici\u00f3n<\/strong>: D\u00e9bil acceso a programas de alimentaci\u00f3n y nutrici\u00f3n.<br>\u25cf <strong>Mortalidad materno-infantil elevada<\/strong>: Por falta de control prenatal y atenci\u00f3n en partos.<\/p>\n\n\n\n<p><strong>Recomendaciones Estrat\u00e9gicas<\/strong><br>\u25cf <strong>Aumentar la frecuencia de brigadas m\u00e9dicas <\/strong>en la regi\u00f3n para dar continuidad a los tratamientos iniciados.<br>\u25cf I<strong>mplementar programas educativos<\/strong> en salud oral, prevenci\u00f3n de hipertensi\u00f3n y promoci\u00f3n de la salud mental.<br>\u25cf <strong>Establecer alianzas con entidades gubernamentales y ONG <\/strong>para mejorar el acceso a medicamentos y tratamientos especializados.<br>\u25cf <strong>Fortalecer campa\u00f1as de saneamiento ambiental y acceso a agua potable<\/strong> para reducir riesgos de enfermedades infecciosas.<br>\u25cf <strong>Desarrollar campa\u00f1as de prevenci\u00f3n y tamizaje <\/strong>para la detecci\u00f3n temprana de enfermedades cr\u00f3nicas.<br>\u25cf <strong>Buscar mayor incidencia del estado <\/strong>con el fin de mejorar la infraestructura en salud<\/p>\n\n\n\n<p><strong>Evaluaci\u00f3n del Impacto de la Brigada<\/strong><br>\u25cf Se identific\u00f3 un aumento en casos de hipertensi\u00f3n, lo que indica la necesidad de controles m\u00e9dicos peri\u00f3dicos.<br>\u25cf Se evidenci\u00f3 una alta cantidad de pacientes que desconoc\u00edan sus patolog\u00edas previas, lo que subraya la importancia de campa\u00f1as de detecci\u00f3n temprana.<br>\u25cf Se identific\u00f3 en la poblaci\u00f3n de isla fuerte que por la falta de acceso a especialistas como dermatolog\u00eda, se evidencia muchas patolog\u00edas relacionadas a dicha enfermedad como escabiosis, acn\u00e9, y micosis superficial, patolog\u00edas relacionadas a las condiciones ambientales y de salud con las que cuentan los isle\u00f1os.<br>\u25cf Se evidenci\u00f3 una alta cantidad de poblaci\u00f3n infantil con necesidades de atenci\u00f3n por psicolog\u00eda,psiquiatr\u00eda y pediatr\u00eda.<br>\u25cf Gracias a la implementaci\u00f3n y desarrollo de la brigada de salud los d\u00edas 07-08-09 de marzo del 2025 en Isla Fuerte Bol\u00edvar por medio de la cual se prestaron servicios de salud a un total de 494 pacientes pertenecientes al 25% de la poblaci\u00f3n. Se logra identificar que las principales causas de los problemas de salud p\u00fablica en el territorio obedecen a condiciones socioecon\u00f3micas precarias como lo son la falta de acceso a servicios p\u00fablicos, la carencia de personal de talento humano en salud con el que se pueda lograr la disminuci\u00f3n en la incidencia y prevalencia de las patolog\u00edas con mayor participaci\u00f3n como lo son las enfermedades cr\u00f3nicas. Es por esto que como resultado de dicha brigada se estructura un plan de acci\u00f3n que acoge a soluciones directas en la promoci\u00f3n y prevenci\u00f3n de las patolog\u00edas; asimismo, se realizan charlas de educaci\u00f3n para la salud con las cuales se incrementa una mayor adherencia al tratamiento y cuidado de las enfermedades por parte de los pacientes.<\/p>\n\n\n\n<p><br><strong>Plan de Acci\u00f3n<\/strong><br><strong>Corto Plazo<\/strong>:<br>\u25cf Aumentar la frecuencia de brigadas de salud.<br>\u25cf Implementar campa\u00f1as de vacunaci\u00f3n y promoci\u00f3n de la salud.<br>\u25cf Distribuir kits de higiene oral y dermatol\u00f3gica a la comunidad.<\/p>\n\n\n\n<p><br><strong>Mediano Plazo:<\/strong><br>\u25cf Fortalecer la infraestructura del centro de salud comunitario.<br>\u25cf Crear programas de educaci\u00f3n en salud en colegios y comunidades.<br>\u25cf Mejorar el acceso a medicamentos esenciales.<\/p>\n\n\n\n<p><br><strong>Largo Plazo:<\/strong><br>\u25cf Construcci\u00f3n o fortalecimiento de centros de salud permanentes.<br>\u25cf Asignaci\u00f3n de m\u00e9dicos residentes en la comunidad.<br>\u25cf Desarrollo de pol\u00edticas p\u00fablicas enfocadas en la prevenci\u00f3n y atenci\u00f3n temprana de enfermedades cr\u00f3nicas.<br>Conclusiones y Recomendaciones<br>\u25cf Se observ\u00f3 una alta prevalencia de enfermedades cr\u00f3nicas como hipertensi\u00f3n y problemas dermatol\u00f3gicos.<br>\u25cf Se recomienda fortalecer la educaci\u00f3n en salud bucal debido al n\u00famero de diagn\u00f3sticos de patolog\u00edas bucales..<br>\u25cf La demanda de atenci\u00f3n psicol\u00f3gica y psiqui\u00e1trica indica la necesidad de programas de salud mental.<br>\u25cf Es importante realizar seguimientos a pacientes con enfermedades detectadas para garantizar un tratamiento adecuado.<br>\u25cf Este informe servir\u00e1 como base para futuras intervenciones en la comunidad, permitiendo optimizar recursos y mejorar la calidad de vida de los habitantes.<\/p>\n\n\n\n<h3 class=\"wp-block-heading\">Conclusiones y Recomendaciones<\/h3>\n\n\n\n<ul class=\"wp-block-list\">\n<li class=\"has-base-color has-text-color has-link-color wp-elements-d8f7e0ff16e1cd6807fe62b11daf9360\">Se observ\u00f3 una alta prevalencia de enfermedades cr\u00f3nicas como hipertensi\u00f3n y problemas dermatol\u00f3gicos.<\/li>\n\n\n\n<li class=\"has-base-color has-text-color has-link-color wp-elements-36e6d4c5e3bcc5c4c119faf20000187e\">Se recomienda fortalecer la educaci\u00f3n en salud bucal debido al n\u00famero de diagn\u00f3sticos de patolog\u00edas bucales..<\/li>\n\n\n\n<li class=\"has-base-color has-text-color has-link-color wp-elements-71c6299214bcfe146b519114a73d7f65\">La demanda de atenci\u00f3n psicol\u00f3gica y psiqui\u00e1trica indica la necesidad de programas de salud mental.<\/li>\n\n\n\n<li class=\"has-base-color has-text-color has-link-color wp-elements-578e72ed084f432eaff82f2019048441\">Es importante realizar seguimientos a pacientes con enfermedades detectadas para garantizar un tratamiento adecuado.<\/li>\n\n\n\n<li class=\"has-base-color has-text-color has-link-color wp-elements-091a6bcbbf83420bc41fe638e35c0613\">Este informe servir\u00e1 como base para futuras intervenciones en la comunidad, permitiendo optimizar recursos y mejorar la calidad de vida de los habitantes.<\/li>\n<\/ul>\n\n\n\n<p><strong>Anexos<\/strong><br><strong>Anexo 1.<\/strong><br><strong>Fotograf\u00edas de evidencia de la intervenci\u00f3n en salud realizada a la comunidad de islas fuerte:<\/strong><\/p>\n\n\n\n<div class=\"wp-block-group is-content-justification-center is-nowrap is-layout-flex wp-container-core-group-is-layout-2 wp-block-group-is-layout-flex\">\n<div class=\"wp-block-group is-content-justification-left is-layout-flex wp-container-core-group-is-layout-1 wp-block-group-is-layout-flex\">\n<figure class=\"wp-block-image alignleft size-full is-resized\"><img loading=\"lazy\" decoding=\"async\" width=\"481\" height=\"556\" src=\"https:\/\/fundacioncaballitodemar.org.co\/wp-content\/uploads\/2025\/06\/image-5.png\" alt=\"\" class=\"wp-image-4811\" style=\"width:629px;height:auto\" srcset=\"https:\/\/fundacioncaballitodemar.org.co\/wp-content\/uploads\/2025\/06\/image-5.png 481w, https:\/\/fundacioncaballitodemar.org.co\/wp-content\/uploads\/2025\/06\/image-5-260x300.png 260w\" sizes=\"auto, (max-width: 481px) 100vw, 481px\" \/><\/figure>\n<\/div>\n\n\n\n<figure class=\"wp-block-image size-full is-resized\"><img loading=\"lazy\" decoding=\"async\" width=\"470\" height=\"685\" src=\"https:\/\/fundacioncaballitodemar.org.co\/wp-content\/uploads\/2025\/06\/image-6.png\" alt=\"\" class=\"wp-image-4820\" style=\"width:484px;height:auto\" srcset=\"https:\/\/fundacioncaballitodemar.org.co\/wp-content\/uploads\/2025\/06\/image-6.png 470w, https:\/\/fundacioncaballitodemar.org.co\/wp-content\/uploads\/2025\/06\/image-6-206x300.png 206w\" sizes=\"auto, (max-width: 470px) 100vw, 470px\" \/><\/figure>\n\n\n\n<div style=\"height:clamp(40px, 5vw, 40px);;width:0px\" aria-hidden=\"true\" class=\"wp-block-spacer wp-container-content-1\"><\/div>\n<\/div>\n\n\n\n<div style=\"height:100px\" aria-hidden=\"true\" class=\"wp-block-spacer\"><\/div>\n\n\n\n<div class=\"wp-block-pdf-viewer-block-standard\" style=\"text-align:left\"><div class=\"uploaded-pdf\"><a href=\"https:\/\/fundacioncaballitodemar.org.co\/wp-content\/uploads\/2025\/02\/Isla-Fuerte-Fundacion-Caballito-de-Mar-1.pdf\" data-width=\"\" data-height=\"\"><\/a><\/div><\/div>\n\n\n\n<div style=\"height:100px\" aria-hidden=\"true\" class=\"wp-block-spacer\"><\/div>\n\n\n\n<figure class=\"wp-block-gallery aligncenter has-nested-images columns-default wp-block-gallery-1 is-layout-flex wp-block-gallery-is-layout-flex\">\n<figure class=\"wp-block-image size-medium\"><img loading=\"lazy\" decoding=\"async\" width=\"199\" height=\"300\" data-id=\"3938\" src=\"https:\/\/fundacioncaballitodemar.org.co\/wp-content\/uploads\/2025\/02\/INGLES-BRIGADA-ISLA-FUERTE-2025-02-03-a-las-2.55.15-p.-m-199x300.png\" alt=\"\" class=\"wp-image-3938\" srcset=\"https:\/\/fundacioncaballitodemar.org.co\/wp-content\/uploads\/2025\/02\/INGLES-BRIGADA-ISLA-FUERTE-2025-02-03-a-las-2.55.15-p.-m-199x300.png 199w, https:\/\/fundacioncaballitodemar.org.co\/wp-content\/uploads\/2025\/02\/INGLES-BRIGADA-ISLA-FUERTE-2025-02-03-a-las-2.55.15-p.-m.png 582w\" sizes=\"auto, (max-width: 199px) 100vw, 199px\" \/><\/figure>\n\n\n\n<figure class=\"wp-block-image size-medium\"><img loading=\"lazy\" decoding=\"async\" width=\"199\" height=\"300\" data-id=\"3936\" src=\"https:\/\/fundacioncaballitodemar.org.co\/wp-content\/uploads\/2025\/02\/ESPANOL-BRIGADA-ISLA-FUERTE-2025-02-03-a-las-3.43.32-p.-m-199x300.png\" alt=\"\" class=\"wp-image-3936\" srcset=\"https:\/\/fundacioncaballitodemar.org.co\/wp-content\/uploads\/2025\/02\/ESPANOL-BRIGADA-ISLA-FUERTE-2025-02-03-a-las-3.43.32-p.-m-199x300.png 199w, https:\/\/fundacioncaballitodemar.org.co\/wp-content\/uploads\/2025\/02\/ESPANOL-BRIGADA-ISLA-FUERTE-2025-02-03-a-las-3.43.32-p.-m.png 582w\" sizes=\"auto, (max-width: 199px) 100vw, 199px\" \/><\/figure>\n<\/figure>\n","protected":false},"excerpt":{"rendered":"<p>Isla Fuerte es una hermosa isla ubicada en el Caribe colombiano, en el golfo de Morrosquillo, que destaca por su rica biodiversidad y su cultura afrocaribe\u00f1a. Sin embargo, enfrenta desaf\u00edos significativos en t\u00e9rminos de salud y condiciones b\u00e1sicas de infraestructura, lo que afecta la calidad de vida de sus habitantes. Resumen Diagn\u00f3stico Brigada de Salud [&hellip;]<\/p>\n","protected":false},"author":1,"featured_media":0,"parent":0,"menu_order":0,"comment_status":"closed","ping_status":"closed","template":"","meta":{"give_campaign_id":0,"footnotes":""},"class_list":["post-4178","page","type-page","status-publish","hentry"],"yoast_head":"<!-- This site is optimized with the Yoast SEO plugin v26.4 - https:\/\/yoast.com\/wordpress\/plugins\/seo\/ -->\n<title>Isla Fuerte , Cartagena, Bol\u00edvar. - Fundacion Caballito de Mar<\/title>\n<meta name=\"robots\" content=\"index, follow, max-snippet:-1, max-image-preview:large, max-video-preview:-1\" \/>\n<link rel=\"canonical\" href=\"https:\/\/fundacioncaballitodemar.org.co\/?page_id=4178\" \/>\n<meta property=\"og:locale\" content=\"es_ES\" \/>\n<meta property=\"og:type\" content=\"article\" \/>\n<meta property=\"og:title\" content=\"Isla Fuerte , Cartagena, Bol\u00edvar. - Fundacion Caballito de Mar\" \/>\n<meta property=\"og:description\" content=\"Isla Fuerte es una hermosa isla ubicada en el Caribe colombiano, en el golfo de Morrosquillo, que destaca por su rica biodiversidad y su cultura afrocaribe\u00f1a. Sin embargo, enfrenta desaf\u00edos significativos en t\u00e9rminos de salud y condiciones b\u00e1sicas de infraestructura, lo que afecta la calidad de vida de sus habitantes. Resumen Diagn\u00f3stico Brigada de Salud [&hellip;]\" \/>\n<meta property=\"og:url\" content=\"https:\/\/fundacioncaballitodemar.org.co\/?page_id=4178\" \/>\n<meta property=\"og:site_name\" content=\"Fundacion Caballito de Mar\" \/>\n<meta property=\"article:publisher\" content=\"https:\/\/www.facebook.com\/FundacionCaballitodeMar\" \/>\n<meta property=\"article:modified_time\" content=\"2025-07-08T05:12:53+00:00\" \/>\n<meta property=\"og:image\" content=\"https:\/\/fundacioncaballitodemar.org.co\/wp-content\/uploads\/2025\/06\/image.png\" \/>\n\t<meta property=\"og:image:width\" content=\"436\" \/>\n\t<meta property=\"og:image:height\" content=\"239\" \/>\n\t<meta property=\"og:image:type\" content=\"image\/png\" \/>\n<meta name=\"twitter:card\" content=\"summary_large_image\" \/>\n<meta name=\"twitter:label1\" content=\"Tiempo de lectura\" \/>\n\t<meta name=\"twitter:data1\" content=\"10 minutos\" \/>\n<script type=\"application\/ld+json\" class=\"yoast-schema-graph\">{\"@context\":\"https:\/\/schema.org\",\"@graph\":[{\"@type\":\"WebPage\",\"@id\":\"https:\/\/fundacioncaballitodemar.org.co\/?page_id=4178\",\"url\":\"https:\/\/fundacioncaballitodemar.org.co\/?page_id=4178\",\"name\":\"Isla Fuerte , Cartagena, Bol\u00edvar. - Fundacion Caballito de Mar\",\"isPartOf\":{\"@id\":\"https:\/\/fundacioncaballitodemar.org.co\/#website\"},\"primaryImageOfPage\":{\"@id\":\"https:\/\/fundacioncaballitodemar.org.co\/?page_id=4178#primaryimage\"},\"image\":{\"@id\":\"https:\/\/fundacioncaballitodemar.org.co\/?page_id=4178#primaryimage\"},\"thumbnailUrl\":\"https:\/\/fundacioncaballitodemar.org.co\/wp-content\/uploads\/2025\/06\/image.png\",\"datePublished\":\"2025-03-13T19:45:46+00:00\",\"dateModified\":\"2025-07-08T05:12:53+00:00\",\"breadcrumb\":{\"@id\":\"https:\/\/fundacioncaballitodemar.org.co\/?page_id=4178#breadcrumb\"},\"inLanguage\":\"es\",\"potentialAction\":[{\"@type\":\"ReadAction\",\"target\":[\"https:\/\/fundacioncaballitodemar.org.co\/?page_id=4178\"]}]},{\"@type\":\"ImageObject\",\"inLanguage\":\"es\",\"@id\":\"https:\/\/fundacioncaballitodemar.org.co\/?page_id=4178#primaryimage\",\"url\":\"https:\/\/fundacioncaballitodemar.org.co\/wp-content\/uploads\/2025\/06\/image.png\",\"contentUrl\":\"https:\/\/fundacioncaballitodemar.org.co\/wp-content\/uploads\/2025\/06\/image.png\",\"width\":436,\"height\":239},{\"@type\":\"BreadcrumbList\",\"@id\":\"https:\/\/fundacioncaballitodemar.org.co\/?page_id=4178#breadcrumb\",\"itemListElement\":[{\"@type\":\"ListItem\",\"position\":1,\"name\":\"Portada\",\"item\":\"https:\/\/fundacioncaballitodemar.org.co\/\"},{\"@type\":\"ListItem\",\"position\":2,\"name\":\"Isla Fuerte , Cartagena, Bol\u00edvar.\"}]},{\"@type\":\"WebSite\",\"@id\":\"https:\/\/fundacioncaballitodemar.org.co\/#website\",\"url\":\"https:\/\/fundacioncaballitodemar.org.co\/\",\"name\":\"Fundacion Caballito de Mar\",\"description\":\"Fundacion Sin Animo de Lucro\",\"publisher\":{\"@id\":\"https:\/\/fundacioncaballitodemar.org.co\/#organization\"},\"potentialAction\":[{\"@type\":\"SearchAction\",\"target\":{\"@type\":\"EntryPoint\",\"urlTemplate\":\"https:\/\/fundacioncaballitodemar.org.co\/?s={search_term_string}\"},\"query-input\":{\"@type\":\"PropertyValueSpecification\",\"valueRequired\":true,\"valueName\":\"search_term_string\"}}],\"inLanguage\":\"es\"},{\"@type\":\"Organization\",\"@id\":\"https:\/\/fundacioncaballitodemar.org.co\/#organization\",\"name\":\"Fundacion Caballito de Mar\",\"url\":\"https:\/\/fundacioncaballitodemar.org.co\/\",\"logo\":{\"@type\":\"ImageObject\",\"inLanguage\":\"es\",\"@id\":\"https:\/\/fundacioncaballitodemar.org.co\/#\/schema\/logo\/image\/\",\"url\":\"https:\/\/fundacioncaballitodemar.org.co\/wp-content\/uploads\/2024\/04\/cropped-logo-caballito-sin-fondo-1.png\",\"contentUrl\":\"https:\/\/fundacioncaballitodemar.org.co\/wp-content\/uploads\/2024\/04\/cropped-logo-caballito-sin-fondo-1.png\",\"width\":301,\"height\":462,\"caption\":\"Fundacion Caballito de Mar\"},\"image\":{\"@id\":\"https:\/\/fundacioncaballitodemar.org.co\/#\/schema\/logo\/image\/\"},\"sameAs\":[\"https:\/\/www.facebook.com\/FundacionCaballitodeMar\",\"https:\/\/www.youtube.com\/@fundacioncaballitodemar1051\",\"https:\/\/www.instagram.com\/fundacioncaballitodemar\/\"]}]}<\/script>\n<!-- \/ Yoast SEO plugin. -->","yoast_head_json":{"title":"Isla Fuerte , Cartagena, Bol\u00edvar. - Fundacion Caballito de Mar","robots":{"index":"index","follow":"follow","max-snippet":"max-snippet:-1","max-image-preview":"max-image-preview:large","max-video-preview":"max-video-preview:-1"},"canonical":"https:\/\/fundacioncaballitodemar.org.co\/?page_id=4178","og_locale":"es_ES","og_type":"article","og_title":"Isla Fuerte , Cartagena, Bol\u00edvar. - Fundacion Caballito de Mar","og_description":"Isla Fuerte es una hermosa isla ubicada en el Caribe colombiano, en el golfo de Morrosquillo, que destaca por su rica biodiversidad y su cultura afrocaribe\u00f1a. Sin embargo, enfrenta desaf\u00edos significativos en t\u00e9rminos de salud y condiciones b\u00e1sicas de infraestructura, lo que afecta la calidad de vida de sus habitantes. Resumen Diagn\u00f3stico Brigada de Salud [&hellip;]","og_url":"https:\/\/fundacioncaballitodemar.org.co\/?page_id=4178","og_site_name":"Fundacion Caballito de Mar","article_publisher":"https:\/\/www.facebook.com\/FundacionCaballitodeMar","article_modified_time":"2025-07-08T05:12:53+00:00","og_image":[{"width":436,"height":239,"url":"https:\/\/fundacioncaballitodemar.org.co\/wp-content\/uploads\/2025\/06\/image.png","type":"image\/png"}],"twitter_card":"summary_large_image","twitter_misc":{"Tiempo de lectura":"10 minutos"},"schema":{"@context":"https:\/\/schema.org","@graph":[{"@type":"WebPage","@id":"https:\/\/fundacioncaballitodemar.org.co\/?page_id=4178","url":"https:\/\/fundacioncaballitodemar.org.co\/?page_id=4178","name":"Isla Fuerte , Cartagena, Bol\u00edvar. - Fundacion Caballito de Mar","isPartOf":{"@id":"https:\/\/fundacioncaballitodemar.org.co\/#website"},"primaryImageOfPage":{"@id":"https:\/\/fundacioncaballitodemar.org.co\/?page_id=4178#primaryimage"},"image":{"@id":"https:\/\/fundacioncaballitodemar.org.co\/?page_id=4178#primaryimage"},"thumbnailUrl":"https:\/\/fundacioncaballitodemar.org.co\/wp-content\/uploads\/2025\/06\/image.png","datePublished":"2025-03-13T19:45:46+00:00","dateModified":"2025-07-08T05:12:53+00:00","breadcrumb":{"@id":"https:\/\/fundacioncaballitodemar.org.co\/?page_id=4178#breadcrumb"},"inLanguage":"es","potentialAction":[{"@type":"ReadAction","target":["https:\/\/fundacioncaballitodemar.org.co\/?page_id=4178"]}]},{"@type":"ImageObject","inLanguage":"es","@id":"https:\/\/fundacioncaballitodemar.org.co\/?page_id=4178#primaryimage","url":"https:\/\/fundacioncaballitodemar.org.co\/wp-content\/uploads\/2025\/06\/image.png","contentUrl":"https:\/\/fundacioncaballitodemar.org.co\/wp-content\/uploads\/2025\/06\/image.png","width":436,"height":239},{"@type":"BreadcrumbList","@id":"https:\/\/fundacioncaballitodemar.org.co\/?page_id=4178#breadcrumb","itemListElement":[{"@type":"ListItem","position":1,"name":"Portada","item":"https:\/\/fundacioncaballitodemar.org.co\/"},{"@type":"ListItem","position":2,"name":"Isla Fuerte , Cartagena, Bol\u00edvar."}]},{"@type":"WebSite","@id":"https:\/\/fundacioncaballitodemar.org.co\/#website","url":"https:\/\/fundacioncaballitodemar.org.co\/","name":"Fundacion Caballito de Mar","description":"Fundacion Sin Animo de Lucro","publisher":{"@id":"https:\/\/fundacioncaballitodemar.org.co\/#organization"},"potentialAction":[{"@type":"SearchAction","target":{"@type":"EntryPoint","urlTemplate":"https:\/\/fundacioncaballitodemar.org.co\/?s={search_term_string}"},"query-input":{"@type":"PropertyValueSpecification","valueRequired":true,"valueName":"search_term_string"}}],"inLanguage":"es"},{"@type":"Organization","@id":"https:\/\/fundacioncaballitodemar.org.co\/#organization","name":"Fundacion Caballito de Mar","url":"https:\/\/fundacioncaballitodemar.org.co\/","logo":{"@type":"ImageObject","inLanguage":"es","@id":"https:\/\/fundacioncaballitodemar.org.co\/#\/schema\/logo\/image\/","url":"https:\/\/fundacioncaballitodemar.org.co\/wp-content\/uploads\/2024\/04\/cropped-logo-caballito-sin-fondo-1.png","contentUrl":"https:\/\/fundacioncaballitodemar.org.co\/wp-content\/uploads\/2024\/04\/cropped-logo-caballito-sin-fondo-1.png","width":301,"height":462,"caption":"Fundacion Caballito de Mar"},"image":{"@id":"https:\/\/fundacioncaballitodemar.org.co\/#\/schema\/logo\/image\/"},"sameAs":["https:\/\/www.facebook.com\/FundacionCaballitodeMar","https:\/\/www.youtube.com\/@fundacioncaballitodemar1051","https:\/\/www.instagram.com\/fundacioncaballitodemar\/"]}]}},"campaignId":"","_links":{"self":[{"href":"https:\/\/fundacioncaballitodemar.org.co\/index.php?rest_route=\/wp\/v2\/pages\/4178","targetHints":{"allow":["GET"]}}],"collection":[{"href":"https:\/\/fundacioncaballitodemar.org.co\/index.php?rest_route=\/wp\/v2\/pages"}],"about":[{"href":"https:\/\/fundacioncaballitodemar.org.co\/index.php?rest_route=\/wp\/v2\/types\/page"}],"author":[{"embeddable":true,"href":"https:\/\/fundacioncaballitodemar.org.co\/index.php?rest_route=\/wp\/v2\/users\/1"}],"replies":[{"embeddable":true,"href":"https:\/\/fundacioncaballitodemar.org.co\/index.php?rest_route=%2Fwp%2Fv2%2Fcomments&post=4178"}],"version-history":[{"count":51,"href":"https:\/\/fundacioncaballitodemar.org.co\/index.php?rest_route=\/wp\/v2\/pages\/4178\/revisions"}],"predecessor-version":[{"id":4851,"href":"https:\/\/fundacioncaballitodemar.org.co\/index.php?rest_route=\/wp\/v2\/pages\/4178\/revisions\/4851"}],"wp:attachment":[{"href":"https:\/\/fundacioncaballitodemar.org.co\/index.php?rest_route=%2Fwp%2Fv2%2Fmedia&parent=4178"}],"curies":[{"name":"wp","href":"https:\/\/api.w.org\/{rel}","templated":true}]}}