{"id":202,"date":"2024-07-03T09:44:20","date_gmt":"2024-07-03T14:44:20","guid":{"rendered":"https:\/\/www.demo.cosmoswp.com\/demo-15\/?page_id=317"},"modified":"2025-06-13T17:18:10","modified_gmt":"2025-06-13T22:18:10","slug":"about","status":"publish","type":"page","link":"https:\/\/fundacioncaballitodemar.org.co\/?page_id=202","title":{"rendered":"Nosotros"},"content":{"rendered":"\n<section id=\"gm0cfaa34\" class=\"wp-block-gutentor-m2 section-gm0cfaa34 gutentor-module gutentor-dynamic-columns\"><div class=\"grid-container\"><div class=\"grid-row\">\n<div id=\"col-gme33495\" class=\"wp-block-gutentor-m2-col col-gme33495 gutentor-module gutentor-dynamic-single-column grid-lg-6 grid-md-6 grid-12\"><div id=\"section-gme33495\" class=\"section-gme33495 gutentor-single-col\">\n<figure class=\"wp-block-gallery has-nested-images columns-default is-cropped wp-block-gallery-1 is-layout-flex wp-block-gallery-is-layout-flex\">\n<figure class=\"wp-block-image size-large is-style-rounded\"><img loading=\"lazy\" decoding=\"async\" width=\"826\" height=\"1024\" src=\"https:\/\/fundacioncaballitodemar.org.co\/wp-content\/uploads\/2024\/07\/fcb99c26-f6b6-46ad-9ff6-02cd3e82f837-826x1024.jpeg\" alt=\"\" class=\"wp-image-1237\" srcset=\"https:\/\/fundacioncaballitodemar.org.co\/wp-content\/uploads\/2024\/07\/fcb99c26-f6b6-46ad-9ff6-02cd3e82f837-826x1024.jpeg 826w, https:\/\/fundacioncaballitodemar.org.co\/wp-content\/uploads\/2024\/07\/fcb99c26-f6b6-46ad-9ff6-02cd3e82f837-242x300.jpeg 242w, https:\/\/fundacioncaballitodemar.org.co\/wp-content\/uploads\/2024\/07\/fcb99c26-f6b6-46ad-9ff6-02cd3e82f837-768x953.jpeg 768w, https:\/\/fundacioncaballitodemar.org.co\/wp-content\/uploads\/2024\/07\/fcb99c26-f6b6-46ad-9ff6-02cd3e82f837.jpeg 1161w\" sizes=\"auto, (max-width: 826px) 100vw, 826px\" \/><figcaption class=\"wp-element-caption\"><strong>Alejandro Echavarria <br>Web <\/strong><\/figcaption><\/figure>\n\n\n\n<figure class=\"wp-block-image size-large is-style-rounded\"><img loading=\"lazy\" decoding=\"async\" width=\"768\" height=\"1024\" src=\"https:\/\/fundacioncaballitodemar.org.co\/wp-content\/uploads\/2024\/07\/b893f20f-61d2-4cef-97cf-31949408f6f1-768x1024.jpeg\" alt=\"\" class=\"wp-image-1236\" srcset=\"https:\/\/fundacioncaballitodemar.org.co\/wp-content\/uploads\/2024\/07\/b893f20f-61d2-4cef-97cf-31949408f6f1-768x1024.jpeg 768w, https:\/\/fundacioncaballitodemar.org.co\/wp-content\/uploads\/2024\/07\/b893f20f-61d2-4cef-97cf-31949408f6f1-225x300.jpeg 225w, https:\/\/fundacioncaballitodemar.org.co\/wp-content\/uploads\/2024\/07\/b893f20f-61d2-4cef-97cf-31949408f6f1-1152x1536.jpeg 1152w, https:\/\/fundacioncaballitodemar.org.co\/wp-content\/uploads\/2024\/07\/b893f20f-61d2-4cef-97cf-31949408f6f1.jpeg 1200w\" sizes=\"auto, (max-width: 768px) 100vw, 768px\" \/><figcaption class=\"wp-element-caption\"><strong>Maria Antonia Echavarria Vicepresidencia<\/strong><\/figcaption><\/figure>\n\n\n\n<figure class=\"wp-block-image size-large is-style-rounded\"><img loading=\"lazy\" decoding=\"async\" width=\"768\" height=\"1024\" src=\"https:\/\/fundacioncaballitodemar.org.co\/wp-content\/uploads\/2024\/07\/4ff22a94-86c0-44e2-a981-f35f8ec112b2-768x1024.jpeg\" alt=\"\" class=\"wp-image-1238\" srcset=\"https:\/\/fundacioncaballitodemar.org.co\/wp-content\/uploads\/2024\/07\/4ff22a94-86c0-44e2-a981-f35f8ec112b2-768x1024.jpeg 768w, https:\/\/fundacioncaballitodemar.org.co\/wp-content\/uploads\/2024\/07\/4ff22a94-86c0-44e2-a981-f35f8ec112b2-225x300.jpeg 225w, https:\/\/fundacioncaballitodemar.org.co\/wp-content\/uploads\/2024\/07\/4ff22a94-86c0-44e2-a981-f35f8ec112b2-1152x1536.jpeg 1152w, https:\/\/fundacioncaballitodemar.org.co\/wp-content\/uploads\/2024\/07\/4ff22a94-86c0-44e2-a981-f35f8ec112b2.jpeg 1200w\" sizes=\"auto, (max-width: 768px) 100vw, 768px\" \/><figcaption class=\"wp-element-caption\"><strong>Susana Echavarria Secretaria<\/strong><\/figcaption><\/figure>\n\n\n\n<figure class=\"wp-block-image size-large is-style-rounded\"><img loading=\"lazy\" decoding=\"async\" width=\"772\" height=\"1024\" src=\"https:\/\/fundacioncaballitodemar.org.co\/wp-content\/uploads\/2025\/03\/WhatsApp-Image-2025-03-28-at-4.24.35-PM-772x1024.jpeg\" alt=\"\" class=\"wp-image-4484\" srcset=\"https:\/\/fundacioncaballitodemar.org.co\/wp-content\/uploads\/2025\/03\/WhatsApp-Image-2025-03-28-at-4.24.35-PM-772x1024.jpeg 772w, https:\/\/fundacioncaballitodemar.org.co\/wp-content\/uploads\/2025\/03\/WhatsApp-Image-2025-03-28-at-4.24.35-PM-226x300.jpeg 226w, https:\/\/fundacioncaballitodemar.org.co\/wp-content\/uploads\/2025\/03\/WhatsApp-Image-2025-03-28-at-4.24.35-PM-768x1019.jpeg 768w, https:\/\/fundacioncaballitodemar.org.co\/wp-content\/uploads\/2025\/03\/WhatsApp-Image-2025-03-28-at-4.24.35-PM-1158x1536.jpeg 1158w, https:\/\/fundacioncaballitodemar.org.co\/wp-content\/uploads\/2025\/03\/WhatsApp-Image-2025-03-28-at-4.24.35-PM.jpeg 1206w\" sizes=\"auto, (max-width: 772px) 100vw, 772px\" \/><figcaption class=\"wp-element-caption\"><strong>Astrid Rivera Abogada<\/strong><\/figcaption><\/figure>\n\n\n\n<figure class=\"wp-block-image size-large is-style-rounded\"><img loading=\"lazy\" decoding=\"async\" width=\"768\" height=\"1024\" src=\"https:\/\/fundacioncaballitodemar.org.co\/wp-content\/uploads\/2024\/07\/69fe0e54-73b2-483c-bacf-6c73d1402854-768x1024.jpeg\" alt=\"\" class=\"wp-image-1270\" srcset=\"https:\/\/fundacioncaballitodemar.org.co\/wp-content\/uploads\/2024\/07\/69fe0e54-73b2-483c-bacf-6c73d1402854-768x1024.jpeg 768w, https:\/\/fundacioncaballitodemar.org.co\/wp-content\/uploads\/2024\/07\/69fe0e54-73b2-483c-bacf-6c73d1402854-225x300.jpeg 225w, https:\/\/fundacioncaballitodemar.org.co\/wp-content\/uploads\/2024\/07\/69fe0e54-73b2-483c-bacf-6c73d1402854.jpeg 867w\" sizes=\"auto, (max-width: 768px) 100vw, 768px\" \/><figcaption class=\"wp-element-caption\"><strong>Jose Estrada Contador<\/strong><\/figcaption><\/figure>\n\n\n\n<figure class=\"wp-block-image size-large is-style-rounded\"><img loading=\"lazy\" decoding=\"async\" width=\"768\" height=\"1024\" src=\"https:\/\/fundacioncaballitodemar.org.co\/wp-content\/uploads\/2024\/07\/2e611ac8-01e0-4b6c-9e3f-892dd82e9a5e-768x1024.jpeg\" alt=\"\" class=\"wp-image-1230\" srcset=\"https:\/\/fundacioncaballitodemar.org.co\/wp-content\/uploads\/2024\/07\/2e611ac8-01e0-4b6c-9e3f-892dd82e9a5e-768x1024.jpeg 768w, https:\/\/fundacioncaballitodemar.org.co\/wp-content\/uploads\/2024\/07\/2e611ac8-01e0-4b6c-9e3f-892dd82e9a5e-225x300.jpeg 225w, https:\/\/fundacioncaballitodemar.org.co\/wp-content\/uploads\/2024\/07\/2e611ac8-01e0-4b6c-9e3f-892dd82e9a5e-1152x1536.jpeg 1152w, https:\/\/fundacioncaballitodemar.org.co\/wp-content\/uploads\/2024\/07\/2e611ac8-01e0-4b6c-9e3f-892dd82e9a5e.jpeg 1536w\" sizes=\"auto, (max-width: 768px) 100vw, 768px\" \/><figcaption class=\"wp-element-caption\"><strong>Juan Dario Zea Voluntario<\/strong><\/figcaption><\/figure>\n\n\n\n<figure class=\"wp-block-image size-large is-style-rounded\"><img loading=\"lazy\" decoding=\"async\" width=\"768\" height=\"1024\" src=\"https:\/\/fundacioncaballitodemar.org.co\/wp-content\/uploads\/2024\/07\/31ff66aa-f6e1-4e14-a53d-87f85cfb12e9-1-768x1024.jpeg\" alt=\"\" class=\"wp-image-1228\" srcset=\"https:\/\/fundacioncaballitodemar.org.co\/wp-content\/uploads\/2024\/07\/31ff66aa-f6e1-4e14-a53d-87f85cfb12e9-1-768x1024.jpeg 768w, https:\/\/fundacioncaballitodemar.org.co\/wp-content\/uploads\/2024\/07\/31ff66aa-f6e1-4e14-a53d-87f85cfb12e9-1-225x300.jpeg 225w, https:\/\/fundacioncaballitodemar.org.co\/wp-content\/uploads\/2024\/07\/31ff66aa-f6e1-4e14-a53d-87f85cfb12e9-1.jpeg 960w\" sizes=\"auto, (max-width: 768px) 100vw, 768px\" \/><figcaption class=\"wp-element-caption\"><strong>Ramiro  De Hoyos <\/strong> <strong>Voluntario<\/strong><\/figcaption><\/figure>\n\n\n\n<figure class=\"wp-block-image size-large is-style-rounded\"><img loading=\"lazy\" decoding=\"async\" width=\"768\" height=\"1024\" src=\"https:\/\/fundacioncaballitodemar.org.co\/wp-content\/uploads\/2024\/07\/135716e7-21d6-446a-a272-ddf4d689f662-768x1024.jpeg\" alt=\"\" class=\"wp-image-1209\" srcset=\"https:\/\/fundacioncaballitodemar.org.co\/wp-content\/uploads\/2024\/07\/135716e7-21d6-446a-a272-ddf4d689f662-768x1024.jpeg 768w, https:\/\/fundacioncaballitodemar.org.co\/wp-content\/uploads\/2024\/07\/135716e7-21d6-446a-a272-ddf4d689f662-225x300.jpeg 225w, https:\/\/fundacioncaballitodemar.org.co\/wp-content\/uploads\/2024\/07\/135716e7-21d6-446a-a272-ddf4d689f662.jpeg 960w\" sizes=\"auto, (max-width: 768px) 100vw, 768px\" \/><figcaption class=\"wp-element-caption\"><strong>Valentin De Hoyos <\/strong> <strong>Voluntario<\/strong><\/figcaption><\/figure>\n\n\n\n<figure class=\"wp-block-image size-full is-style-rounded\"><img loading=\"lazy\" decoding=\"async\" width=\"105\" height=\"150\" src=\"https:\/\/fundacioncaballitodemar.org.co\/wp-content\/uploads\/2024\/08\/logo-fundacion-caballito-de-mar-150x150-1.png\" alt=\"\" class=\"wp-image-2967\" \/><\/figure>\n\n\n\n<figure class=\"wp-block-image size-large is-style-rounded\"><img loading=\"lazy\" decoding=\"async\" width=\"1024\" height=\"575\" src=\"https:\/\/fundacioncaballitodemar.org.co\/wp-content\/uploads\/2024\/07\/IMG_1728-1024x575.jpg\" alt=\"Edgar Echavarria\" class=\"wp-image-1234\" srcset=\"https:\/\/fundacioncaballitodemar.org.co\/wp-content\/uploads\/2024\/07\/IMG_1728-1024x575.jpg 1024w, https:\/\/fundacioncaballitodemar.org.co\/wp-content\/uploads\/2024\/07\/IMG_1728-300x169.jpg 300w, https:\/\/fundacioncaballitodemar.org.co\/wp-content\/uploads\/2024\/07\/IMG_1728-768x431.jpg 768w, https:\/\/fundacioncaballitodemar.org.co\/wp-content\/uploads\/2024\/07\/IMG_1728-1536x863.jpg 1536w, https:\/\/fundacioncaballitodemar.org.co\/wp-content\/uploads\/2024\/07\/IMG_1728-2048x1150.jpg 2048w\" sizes=\"auto, (max-width: 1024px) 100vw, 1024px\" \/><figcaption class=\"wp-element-caption\"><strong>Edgar Echavarr\u00cda Presidente &amp; Representante Legal<\/strong><\/figcaption><\/figure>\n<\/figure>\n<\/div><\/div>\n\n\n\n<div id=\"col-gm643fa6\" class=\"wp-block-gutentor-m2-col col-gm643fa6 gutentor-module gutentor-dynamic-single-column grid-lg-6 grid-md-6 grid-12\"><div id=\"section-gm643fa6\" class=\"section-gm643fa6 gutentor-single-col\">\n<div id=\"section-g43e3b7\" class=\"wp-block-gutentor-e0 section-g43e3b7 gutentor-element gutentor-element-advanced-text\"><div class=\"gutentor-text-wrap\"><h3 class=\"gutentor-text\">Fundacion Caballito de Mar Esta Siempre Lista Para una Nueva Mision Humanitaria<\/h3><\/div><\/div>\n\n\n\n<div id=\"section-g5f9a32\" class=\"wp-block-gutentor-e0 section-g5f9a32 gutentor-element gutentor-element-advanced-text\"><div class=\"gutentor-text-wrap\"><p class=\"gutentor-text\">En la Fundaci\u00f3n Caballito de Mar, nos dedicamos a hacer una diferencia real en las comunidades m\u00e1s vulnerables de Colombia. A trav\u00e9s de nuestras brigadas de salud, programas de educaci\u00f3n, iniciativas culturales y deportivas, y proyectos de vivienda, trabajamos para mejorar la calidad de vida y brindar oportunidades a quienes m\u00e1s lo necesitan. Nuestra misi\u00f3n es ser un apoyo constante, impulsando el desarrollo integral y promoviendo la equidad para construir un futuro m\u00e1s justo y esperanzador.<\/p><\/div><\/div>\n\n\n\n<div id=\"section-g8acf16\" class=\"wp-block-gutentor-e0 section-g8acf16 gutentor-element gutentor-element-advanced-text\"><div class=\"gutentor-text-wrap\"><p class=\"gutentor-text\"> Con tu donaci\u00f3n, hacemos posible continuar con esta labor vital, brindando oportunidades y apoyo a quienes m\u00e1s lo necesitan. Tu contribuci\u00f3n es esencial para seguir construyendo un futuro m\u00e1s justo y equitativo.<br><br><strong>Donar a la cuenta de ahorros de<br>Bancolombia:<br>No 005-793889-60<\/strong><\/p><\/div><\/div>\n\n\n\n<section id=\"g-ry1e5a1\" class=\"wp-block-gutentor-m2 section-g-ry1e5a1 gutentor-module gutentor-dynamic-columns\"><div class=\"grid-container\"><div class=\"grid-row\">\n<div id=\"col-g-8uwpws8\" class=\"wp-block-gutentor-m2-col col-g-8uwpws8 gutentor-module gutentor-dynamic-single-column grid-lg-6 grid-md-4 grid-12\"><div id=\"section-g-8uwpws8\" class=\"section-g-8uwpws8 gutentor-single-col\">\n<div id=\"section-g-m1b9bmj\" class=\"wp-block-gutentor-e6 section-g-m1b9bmj gutentor-element gutentor-element-image\"><div class=\"gutentor-element-image-box\"><a class=\"gutentor-element-image-link\" href=\"\/\/checkout.wompi.co\/l\/VYCMrVar a la cuenta de ahorros de\" target=\"_blank\" rel=\" noopener noreferrer\"><div class=\"gutentor-image-thumb\"><img decoding=\"async\" class=\"normal-image\" src=\"https:\/\/fundacioncaballitodemar.org.co\/wp-content\/uploads\/2024\/08\/WOMPY-CAMPANA-DONACIONES-Captura-de-pantalla-2024-05-11-a-las-8.49.29-a.-m.png\" \/><\/div><\/a><\/div><\/div>\n<\/div><\/div>\n\n\n\n<div id=\"col-g-sg9sa25\" class=\"wp-block-gutentor-m2-col col-g-sg9sa25 gutentor-module gutentor-dynamic-single-column grid-lg-6 grid-md-4 grid-12\"><div id=\"section-g-sg9sa25\" class=\"section-g-sg9sa25 gutentor-single-col\">\n<div id=\"section-g-k09sqmv\" class=\"wp-block-gutentor-e2 section-g-k09sqmv gutentor-element gutentor-element-button\"><span class=\"gutentor-button-wrap\"><a class=\"gutentor-button gutentor-block-button gutentor-icon-hide\" href=\"https:\/\/checkout.wompi.co\/l\/VYCMrV\"><i class=\"gutentor-button-icon fas fa-book\"><\/i><span>Donacion<\/span><\/a><\/span><\/div>\n<\/div><\/div>\n<\/div><\/div><\/section>\n\n\n\n<div id=\"section-g-ppb7x7s\" class=\"wp-block-gutentor-e6 section-g-ppb7x7s gutentor-element gutentor-element-image gutentor-enabled-width\"><div class=\"gutentor-element-image-box\"><a class=\"gutentor-element-image-link\" href=\"https:\/\/fundacioncaballitodemar.org.co\/?give_forms=donation-form\"><div class=\"gutentor-image-thumb\"><img decoding=\"async\" class=\"normal-image\" src=\"https:\/\/fundacioncaballitodemar.org.co\/wp-content\/uploads\/2019\/12\/credit-card-icons-new.png\" \/><\/div><\/a><\/div><\/div>\n<\/div><\/div>\n<\/div><\/div><\/section>\n\n\n\n<section id=\"gmf2f3a02\" class=\"wp-block-gutentor-m2 section-gmf2f3a02 gutentor-module gutentor-dynamic-columns\"><div class=\"grid-container\"><div class=\"grid-row\">\n<div id=\"col-gm7762c7\" class=\"wp-block-gutentor-m2-col col-gm7762c7 gutentor-module gutentor-dynamic-single-column grid-lg-4 grid-md-4 grid-12\"><div id=\"section-gm7762c7\" class=\"section-gm7762c7 gutentor-single-col\">\n<div id=\"section-g254a6c\" class=\"wp-block-gutentor-e0 section-g254a6c gutentor-element gutentor-element-advanced-text\"><div class=\"gutentor-text-wrap\"><h4 class=\"gutentor-text\">Por Que Apoyar a  Fundacion Caballito de Mar?<\/h4><\/div><\/div>\n\n\n\n<div id=\"section-g19c746\" class=\"wp-block-gutentor-e0 section-g19c746 gutentor-element gutentor-element-advanced-text\"><div class=\"gutentor-text-wrap\"><p class=\"gutentor-text\">Apoyar a la Fundaci\u00f3n Caballito de Mar es mejorar la vida de comunidades vulnerables en Colombia. A trav\u00e9s de brigadas de salud, programas de educaci\u00f3n, cultura, deporte y vivienda, la Fundaci\u00f3n ofrece servicios esenciales y oportunidades para un futuro mejor. Tu donaci\u00f3n ayuda a crear un impacto positivo y duradero en estas comunidades<\/p><\/div><\/div>\n<\/div><\/div>\n\n\n\n<div id=\"col-gm6f2543\" class=\"wp-block-gutentor-m2-col col-gm6f2543 gutentor-module gutentor-dynamic-single-column grid-lg-4 grid-md-4 grid-12\"><div id=\"section-gm6f2543\" class=\"section-gm6f2543 gutentor-single-col\">\n<div id=\"section-ga6aa7b\" class=\"wp-block-gutentor-e0 section-ga6aa7b gutentor-element gutentor-element-advanced-text\"><div class=\"gutentor-text-wrap\"><h4 class=\"gutentor-text\">Nuestra Mision<\/h4><\/div><\/div>\n\n\n\n<div id=\"section-gb0546a\" class=\"wp-block-gutentor-e0 section-gb0546a gutentor-element gutentor-element-advanced-text\"><div class=\"gutentor-text-wrap\"><p class=\"gutentor-text\"> Nuestra misi\u00f3n en la Fundaci\u00f3n Caballito de Mar es transformar las vidas en las comunidades m\u00e1s vulnerables de Colombia. Brindamos acceso a servicios de salud esenciales, fomentamos la educaci\u00f3n, y promovemos la cultura y el deporte. Adem\u00e1s, trabajamos en proyectos de vivienda y desarrollo comunitario, con el objetivo de crear un entorno m\u00e1s justo y equitativo. Empoderamos a las personas para construir un futuro mejor y sostenible.<\/p><\/div><\/div>\n<\/div><\/div>\n\n\n\n<div id=\"col-gm48bb2a\" class=\"wp-block-gutentor-m2-col col-gm48bb2a gutentor-module gutentor-dynamic-single-column grid-lg-4 grid-md-4 grid-12\"><div id=\"section-gm48bb2a\" class=\"section-gm48bb2a gutentor-single-col\">\n<div id=\"section-gacb483\" class=\"wp-block-gutentor-e0 section-gacb483 gutentor-element gutentor-element-advanced-text\"><div class=\"gutentor-text-wrap\"><h4 class=\"gutentor-text\">Nuestra Vision<\/h4><\/div><\/div>\n\n\n\n<div id=\"section-g65187c\" class=\"wp-block-gutentor-e0 section-g65187c gutentor-element gutentor-element-advanced-text\"><div class=\"gutentor-text-wrap\"><p class=\"gutentor-text\">Nuestra visi\u00f3n en la Fundaci\u00f3n Caballito de Mar es un futuro donde todas las comunidades de Colombia tengan acceso a servicios de salud, educaci\u00f3n y vivienda de calidad. Aspiramos a una sociedad inclusiva y sostenible, con igualdad de oportunidades para todos. Queremos ser un referente en el apoyo y empoderamiento de las comunidades vulnerables, promoviendo la cultura, el deporte y el emprendimiento como motores de cambio positivo.<\/p><\/div><\/div>\n<\/div><\/div>\n<\/div><\/div><\/section>\n\n\n\n<section id=\"gm6e80e97\" class=\"wp-block-gutentor-m2 section-gm6e80e97 gutentor-module gutentor-dynamic-columns has-image-bg has-custom-bg has-gutentor-overlay\"><div class=\"grid-container\"><div class=\"grid-row\">\n<div id=\"col-gm9ad00e\" class=\"wp-block-gutentor-m2-col col-gm9ad00e gutentor-module gutentor-dynamic-single-column grid-lg-6 grid-md-6 grid-12\"><div id=\"section-gm9ad00e\" class=\"section-gm9ad00e gutentor-single-col\">\n<div id=\"section-gb5f3bb\" class=\"wp-block-gutentor-e0 section-gb5f3bb gutentor-element gutentor-element-advanced-text\"><div class=\"gutentor-text-wrap\"><h3 class=\"gutentor-text\">Nuestras Brigadas De Salud Cuentan Con 26 A\u00f1os de Experiencia<\/h3><\/div><\/div>\n\n\n\n<div id=\"section-gbe02d0\" class=\"wp-block-gutentor-e0 section-gbe02d0 gutentor-element gutentor-element-advanced-text\"><div class=\"gutentor-text-wrap\"><p class=\"gutentor-text\">Con 26 a\u00f1os de experiencia, nuestras brigadas de salud han brindado atenci\u00f3n m\u00e9dica esencial a comunidades vulnerables en Colombia. Nuestro equipo de profesionales y voluntarios se dedica a ofrecer servicios de calidad, mejorando la salud y el bienestar de quienes m\u00e1s lo necesitan. La experiencia y compromiso de nuestras brigadas reflejan el impacto positivo que buscamos generar en cada intervenci\u00f3n.  <\/p><\/div><\/div>\n\n\n\n<div id=\"section-gd8bc43\" class=\"wp-block-gutentor-e2 section-gd8bc43 gutentor-element gutentor-element-button\"><span class=\"gutentor-button-wrap\"><a class=\"gutentor-button gutentor-block-button gutentor-icon-hide\" href=\"#\"><i class=\"gutentor-button-icon fas fa-book\"><\/i><span>Read More<\/span><\/a><\/span><\/div>\n<\/div><\/div>\n\n\n\n<div id=\"col-gmed34fb\" class=\"wp-block-gutentor-m2-col col-gmed34fb gutentor-module gutentor-dynamic-single-column grid-lg-6 grid-md-6 grid-12\"><div id=\"section-gmed34fb\" class=\"section-gmed34fb gutentor-single-col\">\n<section id=\"gmf4326c9\" class=\"wp-block-gutentor-m2 section-gmf4326c9 gutentor-module gutentor-dynamic-columns\"><div class=\"grid-container gutentor-rm-ct-space\"><div class=\"grid-row\">\n<div id=\"col-gm4e3d4b\" class=\"wp-block-gutentor-m2-col col-gm4e3d4b gutentor-module gutentor-dynamic-single-column grid-lg-6 grid-md-6 grid-12\"><div id=\"section-gm4e3d4b\" class=\"section-gm4e3d4b gutentor-single-col has-color-bg has-custom-bg\">\n<div id=\"section-g88ffde\" class=\"wp-block-gutentor-e5 section-g88ffde gutentor-element gutentor-element-icon gutentor-icon-default text-align-center-mobile\"><div class=\"gutentor-element-icon-box\"><i class=\"fas fa-hourglass-half\"><\/i><\/div><\/div>\n\n\n\n<div id=\"section-g6a8b3b\" class=\"wp-block-gutentor-e3 section-g6a8b3b gutentor-element gutentor-element-counter text-align-center-mobile\"><div class=\"gutentor-element-counter-box\"><span class=\"gutentor-counter-number\"><span class=\"gutentor-counter-number-prefix\"><\/span><span class=\"gutentor-counter-number-main\" data-start=\"0\" data-end=\"26\">26<\/span><span class=\"gutentor-counter-number-postfix\"><\/span><\/span><\/div><\/div>\n\n\n\n<div id=\"section-g5c5217\" class=\"wp-block-gutentor-e0 section-g5c5217 gutentor-element gutentor-element-advanced-text text-align-center-mobile\"><div class=\"gutentor-text-wrap\"><p class=\"gutentor-text\">a\u00f1os de experiencia<\/p><\/div><\/div>\n<\/div><\/div>\n\n\n\n<div id=\"col-gm039209\" class=\"wp-block-gutentor-m2-col col-gm039209 gutentor-module gutentor-dynamic-single-column grid-lg-6 grid-md-6 grid-12\"><div id=\"section-gm039209\" class=\"section-gm039209 gutentor-single-col has-color-bg has-custom-bg\">\n<div id=\"section-g83f52e\" class=\"wp-block-gutentor-e5 section-g83f52e gutentor-element gutentor-element-icon gutentor-icon-default text-align-center-mobile\"><div class=\"gutentor-element-icon-box\"><i class=\"fas fa-briefcase\"><\/i><\/div><\/div>\n\n\n\n<div id=\"section-gefb2b4\" class=\"wp-block-gutentor-e3 section-gefb2b4 gutentor-element gutentor-element-counter text-align-center-mobile\"><div class=\"gutentor-element-counter-box\"><span class=\"gutentor-counter-number\"><span class=\"gutentor-counter-number-prefix\"><\/span><span class=\"gutentor-counter-number-main\" data-start=\"0\" data-end=\"57\">57<\/span><span class=\"gutentor-counter-number-postfix\"><\/span><\/span><\/div><\/div>\n\n\n\n<div id=\"section-gfcec7e\" class=\"wp-block-gutentor-e0 section-gfcec7e gutentor-element gutentor-element-advanced-text text-align-center-mobile\"><div class=\"gutentor-text-wrap\"><p class=\"gutentor-text\">brigadas de salud <\/p><\/div><\/div>\n<\/div><\/div>\n\n\n\n<div id=\"col-gmb68952\" class=\"wp-block-gutentor-m2-col col-gmb68952 gutentor-module gutentor-dynamic-single-column grid-lg-6 grid-md-6 grid-12\"><div id=\"section-gmb68952\" class=\"section-gmb68952 gutentor-single-col has-color-bg has-custom-bg\">\n<div id=\"section-g733662\" class=\"wp-block-gutentor-e5 section-g733662 gutentor-element gutentor-element-icon gutentor-icon-default text-align-center-mobile\"><div class=\"gutentor-element-icon-box\"><i class=\"fas fa-stethoscope\"><\/i><\/div><\/div>\n\n\n\n<div id=\"section-g2548a4\" class=\"wp-block-gutentor-e3 section-g2548a4 gutentor-element gutentor-element-counter text-align-center-mobile\"><div class=\"gutentor-element-counter-box\"><span class=\"gutentor-counter-number\"><span class=\"gutentor-counter-number-prefix\"><\/span><span class=\"gutentor-counter-number-main\" data-start=\"0\" data-end=\"1342\">1342<\/span><span class=\"gutentor-counter-number-postfix\"><\/span><\/span><\/div><\/div>\n\n\n\n<div id=\"section-gb54679\" class=\"wp-block-gutentor-e0 section-gb54679 gutentor-element gutentor-element-advanced-text text-align-center-mobile\"><div class=\"gutentor-text-wrap\"><p class=\"gutentor-text\">  Voluntarios<\/p><\/div><\/div>\n<\/div><\/div>\n\n\n\n<div id=\"col-gm823a22\" class=\"wp-block-gutentor-m2-col col-gm823a22 gutentor-module gutentor-dynamic-single-column grid-lg-6 grid-md-6 grid-12\"><div id=\"section-gm823a22\" class=\"section-gm823a22 gutentor-single-col has-color-bg has-custom-bg\">\n<div id=\"section-g7f2091\" class=\"wp-block-gutentor-e5 section-g7f2091 gutentor-element gutentor-element-icon gutentor-icon-default text-align-center-mobile\"><div class=\"gutentor-element-icon-box\"><i class=\"far fa-smile\"><\/i><\/div><\/div>\n\n\n\n<div id=\"section-ga174f4\" class=\"wp-block-gutentor-e3 section-ga174f4 gutentor-element gutentor-element-counter text-align-center-mobile\"><div class=\"gutentor-element-counter-box\"><span class=\"gutentor-counter-number\"><span class=\"gutentor-counter-number-prefix\"><\/span><span class=\"gutentor-counter-number-main\" data-start=\"0\" data-end=\"95763\">95763<\/span><span class=\"gutentor-counter-number-postfix\"><\/span><\/span><\/div><\/div>\n\n\n\n<div id=\"section-gf4d164\" class=\"wp-block-gutentor-e0 section-gf4d164 gutentor-element gutentor-element-advanced-text text-align-center-mobile\"><div class=\"gutentor-text-wrap\"><p class=\"gutentor-text\">habitantes atendidos<\/p><\/div><\/div>\n<\/div><\/div>\n<\/div><\/div><\/section>\n<\/div><\/div>\n<\/div><\/div><\/section>\n\n\n\n<section id=\"section-c4c89ef3-b389-4960-8e2a-9a1dc3af51fe\" class=\"wp-block-gutentor-testimonial gutentor-section gutentor-testimonial testimonial-template3 has-color-bg has-custom-bg\"><div class=\"grid-container\"><div class=\"grid-row gutentor-grid-item-wrap\"><div class=\"gutentor-grid-column grid-lg-12 grid-md-12 grid-12\"><div class=\"gutentor-single-item gutentor-single-item-0\"><div class=\"gutentor-single-item-content\"><div class=\"gutentor-single-item-image-box\"><div class=\"gutentor-image-thumb\"><img loading=\"lazy\" decoding=\"async\" class=\"normal-image\" src=\"https:\/\/fundacioncaballitodemar.org.co\/wp-content\/uploads\/2024\/08\/cropped_image.png\" alt=\"\" height=\"195\" width=\"195\" \/><\/div><\/div><div class=\"gutentor-testimonial-content\"><div class=\"gutentor-testimonial-author\"><h4 class=\"gutentor-single-item-title\"> Alejandro Echavarria<\/h4><p class=\"gutentor-single-item-designation\">Web Designer<\/p><\/div><p class=\"gutentor-single-item-desc\">  Alejandro Echavarr\u00eda es el Web Designer de la Fundaci\u00f3n Caballito de Mar, apasionado por la tecnologia y las causas humanitarias, esta comprometido a mejorar las condiciones de muchas comunidades en estado de abandono y pobreza, aportando su granito de arena a la Fundacion caballito de Mar. Graduado de la   Universidad del Estado de California-Long Beach (CSULB), Alejandro se dedica a mejorar la presencia en l\u00ednea de la Fundaci\u00f3n mientras se involucra activamente en sus causas y actividades como voluntario.<\/p><\/div><\/div><\/div><\/div><\/div><\/div><\/section>\n\n\n\n<section id=\"gm84a8a3b\" class=\"wp-block-gutentor-m3 section-gm84a8a3b gutentor-module gutentor-container-cover\"><div class=\"grid-container\">\n<div id=\"section-g9bccdf\" class=\"wp-block-gutentor-e0 section-g9bccdf gutentor-element gutentor-element-advanced-text text-align-center-mobile\"><div class=\"gutentor-text-wrap\"><p class=\"gutentor-text\"> News feeds<\/p><\/div><\/div>\n\n\n\n<div id=\"section-g3ba9fd\" class=\"wp-block-gutentor-e1 section-g3ba9fd gutentor-element gutentor-element-advanced-text gutentor-adv-text-enabled-width text-align-center-mobile adv-text-c-mobile\"><div class=\"gutentor-text-wrap\"><p class=\"gutentor-text\">\u00daltimas Noticias<\/p><\/div><\/div>\n\n\n\n<div id=\"section-g467f4d\" class=\"wp-block-gutentor-e1 section-g467f4d gutentor-element gutentor-element-advanced-text gutentor-adv-text-enabled-width text-align-center-mobile adv-text-c-mobile\"><div class=\"gutentor-text-wrap\"><p class=\"gutentor-text\">En esta secci\u00f3n, te mantenemos al tanto de las \u00faltimas noticias y actualizaciones sobre nuestras actividades y proyectos en la Fundaci\u00f3n Caballito de Mar. Desde nuestras brigadas de salud y programas educativos hasta iniciativas de medio ambiente y desarrollo comunitario, aqu\u00ed encontrar\u00e1s informaci\u00f3n actualizada sobre nuestro trabajo y el impacto que estamos teniendo en las comunidades m\u00e1s vulnerables de Colombia. \u00a1Descubre nuestras historias m\u00e1s recientes y acomp\u00e1\u00f1anos en nuestro camino hacia un futuro mejor!<\/p><\/div><\/div>\n<\/div><\/section>\n\n\n<section class=\"gutentor-section gutentor-blog-post-wrapper blog-template1 wp-block-gutentor-blog-post\" id=\"section-f1e661dc-dbe7-43f0-b59e-921e4d150762\">\n<div class='grid-container'><div class=\"gutentor-block-header\"><\/div><div class='gutentor-grid-item-wrap '><div class='grid-row '><article class='gutentor-post-has-thumb  grid-md-4 grid-sm-4 grid-xs-12 blog-grid'><div class=\"gutentor-single-item\"><div class=\"gutentor-single-item-image-box\"><div class=\"gutentor-image-thumb\"><img loading=\"lazy\" decoding=\"async\" width=\"478\" height=\"655\" src=\"https:\/\/fundacioncaballitodemar.org.co\/wp-content\/uploads\/2025\/06\/Captura-de-pantalla-2025-06-13-a-las-5.47.47-p.-m.png\" class=\"attachment- size- wp-post-image\" alt=\"\" \/><\/div><\/div><div class=\"gutentor-post-content\"><h3 class=\"gutentor-single-item-title\"><a href=\"https:\/\/fundacioncaballitodemar.org.co\/?p=4710\" rel=\"bookmark\">4ta. Brigada de Salud Termales-Nuqu\u00ed Departamento del Choc\u00f3<\/a><\/h3><div class=\"entry-meta\"><div class=\"posted-on\"><i class=\"far fa-calendar-alt\"><\/i><a href=\"https:\/\/fundacioncaballitodemar.org.co\/?p=4710\" rel=\"bookmark\">junio 13, 2025<\/a><\/div><div class=\"author vcard\"><i class=\"far fa-user\"><\/i><a href=\"https:\/\/fundacioncaballitodemar.org.co\/?p=4710\" rel=\"bookmark\">host<\/a><\/div><\/div><div class=\"gutentor-post-excerpt gutentor-single-item-desc\"><p class='gutentor-single-item-desc'>\u00a1La 4.\u00aa Brigada de Salud en Termales, Nuqu\u00ed (Choc\u00f3) fue todo un \u00e9xito!\n\n\n\nLa Fundaci\u00f3n Caballito de &hellip;<\/p><\/div><a class=\"gutentor-button gutentor-single-item-button gutentor-icon-after\" href=\"https:\/\/fundacioncaballitodemar.org.co\/?p=4710\"><i class=\"gutentor-button-icon fas fa-long-arrow-alt-right\"><\/i><span>Leer m\u00e1s<\/span><\/a><\/div><\/div><\/article><article class='gutentor-post-has-thumb  grid-md-4 grid-sm-4 grid-xs-12 blog-grid'><div class=\"gutentor-single-item\"><div class=\"gutentor-single-item-image-box\"><div class=\"gutentor-image-thumb\"><img loading=\"lazy\" decoding=\"async\" width=\"582\" height=\"876\" src=\"https:\/\/fundacioncaballitodemar.org.co\/wp-content\/uploads\/2025\/02\/ESPANOL-BRIGADA-ISLA-FUERTE-2025-02-03-a-las-3.43.32-p.-m.png\" class=\"attachment- size- wp-post-image\" alt=\"\" \/><\/div><\/div><div class=\"gutentor-post-content\"><h3 class=\"gutentor-single-item-title\"><a href=\"https:\/\/fundacioncaballitodemar.org.co\/?p=4210\" rel=\"bookmark\">Brigada Isla Fuerte, Cartagena,Bolivar<\/a><\/h3><div class=\"entry-meta\"><div class=\"posted-on\"><i class=\"far fa-calendar-alt\"><\/i><a href=\"https:\/\/fundacioncaballitodemar.org.co\/?p=4210\" rel=\"bookmark\">marzo 14, 2025<\/a><\/div><div class=\"author vcard\"><i class=\"far fa-user\"><\/i><a href=\"https:\/\/fundacioncaballitodemar.org.co\/?p=4210\" rel=\"bookmark\">host<\/a><\/div><\/div><div class=\"gutentor-post-excerpt gutentor-single-item-desc\"><p class='gutentor-single-item-desc'>Isla Fuerte es una hermosa isla ubicada en el Caribe colombiano, en el golfo de Morrosquillo, que de&hellip;<\/p><\/div><a class=\"gutentor-button gutentor-single-item-button gutentor-icon-after\" href=\"https:\/\/fundacioncaballitodemar.org.co\/?p=4210\"><i class=\"gutentor-button-icon fas fa-long-arrow-alt-right\"><\/i><span>Leer m\u00e1s<\/span><\/a><\/div><\/div><\/article><article class='gutentor-post-has-thumb  grid-md-4 grid-sm-4 grid-xs-12 blog-grid'><div class=\"gutentor-single-item\"><div class=\"gutentor-single-item-image-box\"><div class=\"gutentor-image-thumb\"><img loading=\"lazy\" decoding=\"async\" width=\"668\" height=\"873\" src=\"https:\/\/fundacioncaballitodemar.org.co\/wp-content\/uploads\/2024\/09\/charity-fundraising-1-newest-updated-november.png\" class=\"attachment- size- wp-post-image\" alt=\"\" \/><\/div><\/div><div class=\"gutentor-post-content\"><h3 class=\"gutentor-single-item-title\"><a href=\"https:\/\/fundacioncaballitodemar.org.co\/?p=3431\" rel=\"bookmark\">3ra. Brigada Termales, Nuqu\u00ed, Choc\u00f3<\/a><\/h3><div class=\"entry-meta\"><div class=\"posted-on\"><i class=\"far fa-calendar-alt\"><\/i><a href=\"https:\/\/fundacioncaballitodemar.org.co\/?p=3431\" rel=\"bookmark\">septiembre 19, 2024<\/a><\/div><div class=\"author vcard\"><i class=\"far fa-user\"><\/i><a href=\"https:\/\/fundacioncaballitodemar.org.co\/?p=3431\" rel=\"bookmark\">host<\/a><\/div><\/div><div class=\"gutentor-post-excerpt gutentor-single-item-desc\"><p class='gutentor-single-item-desc'>Nos complace anunciar que nuestra brigada de salud, liderada y realizada por la Fundaci\u00f3n Caballito &hellip;<\/p><\/div><a class=\"gutentor-button gutentor-single-item-button gutentor-icon-after\" href=\"https:\/\/fundacioncaballitodemar.org.co\/?p=3431\"><i class=\"gutentor-button-icon fas fa-long-arrow-alt-right\"><\/i><span>Leer m\u00e1s<\/span><\/a><\/div><\/div><\/article><article class='gutentor-post-has-thumb  grid-md-4 grid-sm-4 grid-xs-12 blog-grid'><div class=\"gutentor-single-item\"><div class=\"gutentor-single-item-image-box\"><div class=\"gutentor-image-thumb\"><img loading=\"lazy\" decoding=\"async\" width=\"900\" height=\"900\" src=\"https:\/\/fundacioncaballitodemar.org.co\/wp-content\/uploads\/2024\/08\/WhatsApp-Image-2024-09-20-at-2.38.55-PM-e1727831922314.jpeg\" class=\"attachment- size- wp-post-image\" alt=\"\" \/><\/div><\/div><div class=\"gutentor-post-content\"><h3 class=\"gutentor-single-item-title\"><a href=\"https:\/\/fundacioncaballitodemar.org.co\/?p=2836\" rel=\"bookmark\">Brigada de Salud Rincon del Mar<\/a><\/h3><div class=\"entry-meta\"><div class=\"posted-on\"><i class=\"far fa-calendar-alt\"><\/i><a href=\"https:\/\/fundacioncaballitodemar.org.co\/?p=2836\" rel=\"bookmark\">agosto 15, 2024<\/a><\/div><div class=\"author vcard\"><i class=\"far fa-user\"><\/i><a href=\"https:\/\/fundacioncaballitodemar.org.co\/?p=2836\" rel=\"bookmark\">host<\/a><\/div><\/div><div class=\"gutentor-post-excerpt gutentor-single-item-desc\"><p class='gutentor-single-item-desc'>Nos complace anunciar que nuestra brigada de salud, liderada y realizada por la Fundaci\u00f3n Caballito &hellip;<\/p><\/div><a class=\"gutentor-button gutentor-single-item-button gutentor-icon-after\" href=\"https:\/\/fundacioncaballitodemar.org.co\/?p=2836\"><i class=\"gutentor-button-icon fas fa-long-arrow-alt-right\"><\/i><span>Leer m\u00e1s<\/span><\/a><\/div><\/div><\/article><article class='gutentor-post-has-thumb  grid-md-4 grid-sm-4 grid-xs-12 blog-grid'><div class=\"gutentor-single-item\"><div class=\"gutentor-single-item-image-box\"><div class=\"gutentor-image-thumb\"><img loading=\"lazy\" decoding=\"async\" width=\"1600\" height=\"1066\" src=\"https:\/\/fundacioncaballitodemar.org.co\/wp-content\/uploads\/2024\/04\/brigada-nuqui-3.jpg\" class=\"attachment- size- wp-post-image\" alt=\"\" \/><\/div><\/div><div class=\"gutentor-post-content\"><h3 class=\"gutentor-single-item-title\"><a href=\"https:\/\/fundacioncaballitodemar.org.co\/?p=188\" rel=\"bookmark\">2da.Brigada Termales, Nuqui, Choco.<\/a><\/h3><div class=\"entry-meta\"><div class=\"posted-on\"><i class=\"far fa-calendar-alt\"><\/i><a href=\"https:\/\/fundacioncaballitodemar.org.co\/?p=188\" rel=\"bookmark\">abril 1, 2024<\/a><\/div><div class=\"author vcard\"><i class=\"far fa-user\"><\/i><a href=\"https:\/\/fundacioncaballitodemar.org.co\/?p=188\" rel=\"bookmark\">host<\/a><\/div><\/div><div class=\"gutentor-post-excerpt gutentor-single-item-desc\"><p class='gutentor-single-item-desc'>https:\/\/youtu.be\/CjGkh_eoK5k\n\n\n\n\nInforme Brigada Termales-Nuqu\u00ed-Choc\u00f3 Marzo 14 al 17 de 2024\n\n\n\nPROY&hellip;<\/p><\/div><a class=\"gutentor-button gutentor-single-item-button gutentor-icon-after\" href=\"https:\/\/fundacioncaballitodemar.org.co\/?p=188\"><i class=\"gutentor-button-icon fas fa-long-arrow-alt-right\"><\/i><span>Leer m\u00e1s<\/span><\/a><\/div><\/div><\/article><article class='gutentor-post-has-thumb  grid-md-4 grid-sm-4 grid-xs-12 blog-grid'><div class=\"gutentor-single-item\"><div class=\"gutentor-single-item-image-box\"><div class=\"gutentor-image-thumb\"><img loading=\"lazy\" decoding=\"async\" width=\"1536\" height=\"1024\" src=\"https:\/\/fundacioncaballitodemar.org.co\/wp-content\/uploads\/2024\/04\/CRW_6066.jpg\" class=\"attachment- size- wp-post-image\" alt=\"\" \/><\/div><\/div><div class=\"gutentor-post-content\"><h3 class=\"gutentor-single-item-title\"><a href=\"https:\/\/fundacioncaballitodemar.org.co\/?p=192\" rel=\"bookmark\">Brigada de Salud Islas San Bernardo<\/a><\/h3><div class=\"entry-meta\"><div class=\"posted-on\"><i class=\"far fa-calendar-alt\"><\/i><a href=\"https:\/\/fundacioncaballitodemar.org.co\/?p=192\" rel=\"bookmark\">noviembre 1, 2023<\/a><\/div><div class=\"author vcard\"><i class=\"far fa-user\"><\/i><a href=\"https:\/\/fundacioncaballitodemar.org.co\/?p=192\" rel=\"bookmark\">host<\/a><\/div><\/div><div class=\"gutentor-post-excerpt gutentor-single-item-desc\"><p class='gutentor-single-item-desc'>https:\/\/www.youtube.com\/watch?v=ujNsqygr2IE&amp;t=4s\n\n\n\n\n\n\n\n\nMedell\u00edn, octubre 4 de 2023Se\u00f1orANDR\u00c9S &hellip;<\/p><\/div><a class=\"gutentor-button gutentor-single-item-button gutentor-icon-after\" href=\"https:\/\/fundacioncaballitodemar.org.co\/?p=192\"><i class=\"gutentor-button-icon fas fa-long-arrow-alt-right\"><\/i><span>Leer m\u00e1s<\/span><\/a><\/div><\/div><\/article><\/div><\/div><\/div><\/section>","protected":false},"excerpt":{"rendered":"","protected":false},"author":1,"featured_media":0,"parent":0,"menu_order":0,"comment_status":"closed","ping_status":"closed","template":"template-gutentor-full-width.php","meta":{"give_campaign_id":0,"footnotes":""},"class_list":["post-202","page","type-page","status-publish","hentry"],"yoast_head":"<!-- This site is optimized with the Yoast SEO plugin v26.4 - https:\/\/yoast.com\/wordpress\/plugins\/seo\/ -->\n<title>Nosotros - Fundacion Caballito de Mar<\/title>\n<meta name=\"robots\" content=\"index, follow, max-snippet:-1, max-image-preview:large, max-video-preview:-1\" \/>\n<link rel=\"canonical\" href=\"https:\/\/fundacioncaballitodemar.org.co\/?page_id=202\" \/>\n<meta property=\"og:locale\" content=\"es_ES\" \/>\n<meta property=\"og:type\" content=\"article\" \/>\n<meta property=\"og:title\" content=\"Nosotros - Fundacion Caballito de Mar\" \/>\n<meta property=\"og:url\" content=\"https:\/\/fundacioncaballitodemar.org.co\/?page_id=202\" \/>\n<meta property=\"og:site_name\" content=\"Fundacion Caballito de Mar\" \/>\n<meta property=\"article:publisher\" content=\"https:\/\/www.facebook.com\/FundacionCaballitodeMar\" \/>\n<meta property=\"article:modified_time\" content=\"2025-06-13T22:18:10+00:00\" \/>\n<meta property=\"og:image\" content=\"https:\/\/fundacioncaballitodemar.org.co\/wp-content\/uploads\/2024\/07\/fcb99c26-f6b6-46ad-9ff6-02cd3e82f837-826x1024.jpeg\" \/>\n<meta name=\"twitter:card\" content=\"summary_large_image\" \/>\n<meta name=\"twitter:label1\" content=\"Tiempo de lectura\" \/>\n\t<meta name=\"twitter:data1\" content=\"6 minutos\" \/>\n<script type=\"application\/ld+json\" class=\"yoast-schema-graph\">{\"@context\":\"https:\/\/schema.org\",\"@graph\":[{\"@type\":\"WebPage\",\"@id\":\"https:\/\/fundacioncaballitodemar.org.co\/?page_id=202\",\"url\":\"https:\/\/fundacioncaballitodemar.org.co\/?page_id=202\",\"name\":\"Nosotros - Fundacion Caballito de Mar\",\"isPartOf\":{\"@id\":\"https:\/\/fundacioncaballitodemar.org.co\/#website\"},\"primaryImageOfPage\":{\"@id\":\"https:\/\/fundacioncaballitodemar.org.co\/?page_id=202#primaryimage\"},\"image\":{\"@id\":\"https:\/\/fundacioncaballitodemar.org.co\/?page_id=202#primaryimage\"},\"thumbnailUrl\":\"https:\/\/fundacioncaballitodemar.org.co\/wp-content\/uploads\/2024\/07\/fcb99c26-f6b6-46ad-9ff6-02cd3e82f837-826x1024.jpeg\",\"datePublished\":\"2024-07-03T14:44:20+00:00\",\"dateModified\":\"2025-06-13T22:18:10+00:00\",\"breadcrumb\":{\"@id\":\"https:\/\/fundacioncaballitodemar.org.co\/?page_id=202#breadcrumb\"},\"inLanguage\":\"es\",\"potentialAction\":[{\"@type\":\"ReadAction\",\"target\":[\"https:\/\/fundacioncaballitodemar.org.co\/?page_id=202\"]}]},{\"@type\":\"ImageObject\",\"inLanguage\":\"es\",\"@id\":\"https:\/\/fundacioncaballitodemar.org.co\/?page_id=202#primaryimage\",\"url\":\"https:\/\/fundacioncaballitodemar.org.co\/wp-content\/uploads\/2024\/07\/fcb99c26-f6b6-46ad-9ff6-02cd3e82f837.jpeg\",\"contentUrl\":\"https:\/\/fundacioncaballitodemar.org.co\/wp-content\/uploads\/2024\/07\/fcb99c26-f6b6-46ad-9ff6-02cd3e82f837.jpeg\",\"width\":1161,\"height\":1440},{\"@type\":\"BreadcrumbList\",\"@id\":\"https:\/\/fundacioncaballitodemar.org.co\/?page_id=202#breadcrumb\",\"itemListElement\":[{\"@type\":\"ListItem\",\"position\":1,\"name\":\"Portada\",\"item\":\"https:\/\/fundacioncaballitodemar.org.co\/\"},{\"@type\":\"ListItem\",\"position\":2,\"name\":\"Nosotros\"}]},{\"@type\":\"WebSite\",\"@id\":\"https:\/\/fundacioncaballitodemar.org.co\/#website\",\"url\":\"https:\/\/fundacioncaballitodemar.org.co\/\",\"name\":\"Fundacion Caballito de Mar\",\"description\":\"Fundacion Sin Animo de Lucro\",\"publisher\":{\"@id\":\"https:\/\/fundacioncaballitodemar.org.co\/#organization\"},\"potentialAction\":[{\"@type\":\"SearchAction\",\"target\":{\"@type\":\"EntryPoint\",\"urlTemplate\":\"https:\/\/fundacioncaballitodemar.org.co\/?s={search_term_string}\"},\"query-input\":{\"@type\":\"PropertyValueSpecification\",\"valueRequired\":true,\"valueName\":\"search_term_string\"}}],\"inLanguage\":\"es\"},{\"@type\":\"Organization\",\"@id\":\"https:\/\/fundacioncaballitodemar.org.co\/#organization\",\"name\":\"Fundacion Caballito de Mar\",\"url\":\"https:\/\/fundacioncaballitodemar.org.co\/\",\"logo\":{\"@type\":\"ImageObject\",\"inLanguage\":\"es\",\"@id\":\"https:\/\/fundacioncaballitodemar.org.co\/#\/schema\/logo\/image\/\",\"url\":\"https:\/\/fundacioncaballitodemar.org.co\/wp-content\/uploads\/2024\/04\/cropped-logo-caballito-sin-fondo-1.png\",\"contentUrl\":\"https:\/\/fundacioncaballitodemar.org.co\/wp-content\/uploads\/2024\/04\/cropped-logo-caballito-sin-fondo-1.png\",\"width\":301,\"height\":462,\"caption\":\"Fundacion Caballito de Mar\"},\"image\":{\"@id\":\"https:\/\/fundacioncaballitodemar.org.co\/#\/schema\/logo\/image\/\"},\"sameAs\":[\"https:\/\/www.facebook.com\/FundacionCaballitodeMar\",\"https:\/\/www.youtube.com\/@fundacioncaballitodemar1051\",\"https:\/\/www.instagram.com\/fundacioncaballitodemar\/\"]}]}<\/script>\n<!-- \/ Yoast SEO plugin. -->","yoast_head_json":{"title":"Nosotros - Fundacion Caballito de Mar","robots":{"index":"index","follow":"follow","max-snippet":"max-snippet:-1","max-image-preview":"max-image-preview:large","max-video-preview":"max-video-preview:-1"},"canonical":"https:\/\/fundacioncaballitodemar.org.co\/?page_id=202","og_locale":"es_ES","og_type":"article","og_title":"Nosotros - Fundacion Caballito de Mar","og_url":"https:\/\/fundacioncaballitodemar.org.co\/?page_id=202","og_site_name":"Fundacion Caballito de Mar","article_publisher":"https:\/\/www.facebook.com\/FundacionCaballitodeMar","article_modified_time":"2025-06-13T22:18:10+00:00","og_image":[{"url":"https:\/\/fundacioncaballitodemar.org.co\/wp-content\/uploads\/2024\/07\/fcb99c26-f6b6-46ad-9ff6-02cd3e82f837-826x1024.jpeg","type":"","width":"","height":""}],"twitter_card":"summary_large_image","twitter_misc":{"Tiempo de lectura":"6 minutos"},"schema":{"@context":"https:\/\/schema.org","@graph":[{"@type":"WebPage","@id":"https:\/\/fundacioncaballitodemar.org.co\/?page_id=202","url":"https:\/\/fundacioncaballitodemar.org.co\/?page_id=202","name":"Nosotros - Fundacion Caballito de Mar","isPartOf":{"@id":"https:\/\/fundacioncaballitodemar.org.co\/#website"},"primaryImageOfPage":{"@id":"https:\/\/fundacioncaballitodemar.org.co\/?page_id=202#primaryimage"},"image":{"@id":"https:\/\/fundacioncaballitodemar.org.co\/?page_id=202#primaryimage"},"thumbnailUrl":"https:\/\/fundacioncaballitodemar.org.co\/wp-content\/uploads\/2024\/07\/fcb99c26-f6b6-46ad-9ff6-02cd3e82f837-826x1024.jpeg","datePublished":"2024-07-03T14:44:20+00:00","dateModified":"2025-06-13T22:18:10+00:00","breadcrumb":{"@id":"https:\/\/fundacioncaballitodemar.org.co\/?page_id=202#breadcrumb"},"inLanguage":"es","potentialAction":[{"@type":"ReadAction","target":["https:\/\/fundacioncaballitodemar.org.co\/?page_id=202"]}]},{"@type":"ImageObject","inLanguage":"es","@id":"https:\/\/fundacioncaballitodemar.org.co\/?page_id=202#primaryimage","url":"https:\/\/fundacioncaballitodemar.org.co\/wp-content\/uploads\/2024\/07\/fcb99c26-f6b6-46ad-9ff6-02cd3e82f837.jpeg","contentUrl":"https:\/\/fundacioncaballitodemar.org.co\/wp-content\/uploads\/2024\/07\/fcb99c26-f6b6-46ad-9ff6-02cd3e82f837.jpeg","width":1161,"height":1440},{"@type":"BreadcrumbList","@id":"https:\/\/fundacioncaballitodemar.org.co\/?page_id=202#breadcrumb","itemListElement":[{"@type":"ListItem","position":1,"name":"Portada","item":"https:\/\/fundacioncaballitodemar.org.co\/"},{"@type":"ListItem","position":2,"name":"Nosotros"}]},{"@type":"WebSite","@id":"https:\/\/fundacioncaballitodemar.org.co\/#website","url":"https:\/\/fundacioncaballitodemar.org.co\/","name":"Fundacion Caballito de Mar","description":"Fundacion Sin Animo de Lucro","publisher":{"@id":"https:\/\/fundacioncaballitodemar.org.co\/#organization"},"potentialAction":[{"@type":"SearchAction","target":{"@type":"EntryPoint","urlTemplate":"https:\/\/fundacioncaballitodemar.org.co\/?s={search_term_string}"},"query-input":{"@type":"PropertyValueSpecification","valueRequired":true,"valueName":"search_term_string"}}],"inLanguage":"es"},{"@type":"Organization","@id":"https:\/\/fundacioncaballitodemar.org.co\/#organization","name":"Fundacion Caballito de Mar","url":"https:\/\/fundacioncaballitodemar.org.co\/","logo":{"@type":"ImageObject","inLanguage":"es","@id":"https:\/\/fundacioncaballitodemar.org.co\/#\/schema\/logo\/image\/","url":"https:\/\/fundacioncaballitodemar.org.co\/wp-content\/uploads\/2024\/04\/cropped-logo-caballito-sin-fondo-1.png","contentUrl":"https:\/\/fundacioncaballitodemar.org.co\/wp-content\/uploads\/2024\/04\/cropped-logo-caballito-sin-fondo-1.png","width":301,"height":462,"caption":"Fundacion Caballito de Mar"},"image":{"@id":"https:\/\/fundacioncaballitodemar.org.co\/#\/schema\/logo\/image\/"},"sameAs":["https:\/\/www.facebook.com\/FundacionCaballitodeMar","https:\/\/www.youtube.com\/@fundacioncaballitodemar1051","https:\/\/www.instagram.com\/fundacioncaballitodemar\/"]}]}},"campaignId":"","_links":{"self":[{"href":"https:\/\/fundacioncaballitodemar.org.co\/index.php?rest_route=\/wp\/v2\/pages\/202","targetHints":{"allow":["GET"]}}],"collection":[{"href":"https:\/\/fundacioncaballitodemar.org.co\/index.php?rest_route=\/wp\/v2\/pages"}],"about":[{"href":"https:\/\/fundacioncaballitodemar.org.co\/index.php?rest_route=\/wp\/v2\/types\/page"}],"author":[{"embeddable":true,"href":"https:\/\/fundacioncaballitodemar.org.co\/index.php?rest_route=\/wp\/v2\/users\/1"}],"replies":[{"embeddable":true,"href":"https:\/\/fundacioncaballitodemar.org.co\/index.php?rest_route=%2Fwp%2Fv2%2Fcomments&post=202"}],"version-history":[{"count":13,"href":"https:\/\/fundacioncaballitodemar.org.co\/index.php?rest_route=\/wp\/v2\/pages\/202\/revisions"}],"predecessor-version":[{"id":4706,"href":"https:\/\/fundacioncaballitodemar.org.co\/index.php?rest_route=\/wp\/v2\/pages\/202\/revisions\/4706"}],"wp:attachment":[{"href":"https:\/\/fundacioncaballitodemar.org.co\/index.php?rest_route=%2Fwp%2Fv2%2Fmedia&parent=202"}],"curies":[{"name":"wp","href":"https:\/\/api.w.org\/{rel}","templated":true}]}}